{"id":1027,"date":"2023-03-09T16:53:54","date_gmt":"2023-03-09T15:53:54","guid":{"rendered":"https:\/\/www.test.suenhcosmetics.fr\/?post_type=product&#038;p=1027"},"modified":"2025-12-19T15:03:18","modified_gmt":"2025-12-19T14:03:18","slug":"lotion-botanique-apaisante-calendula-50-ml","status":"publish","type":"product","link":"https:\/\/suenhcosmetics.fr\/index.php\/produit\/lotion-botanique-apaisante-calendula-50-ml\/","title":{"rendered":"Lotion Botanique | Calendula"},"content":{"rendered":"\t\t<div data-elementor-type=\"wp-post\" data-elementor-id=\"1027\" class=\"elementor elementor-1027\">\n\t\t\t\t<div class=\"elementor-element elementor-element-205b4fd e-flex e-con-boxed wpr-particle-no wpr-jarallax-no wpr-parallax-no wpr-sticky-section-no wpr-equal-height-no e-con e-parent\" data-id=\"205b4fd\" data-element_type=\"container\" data-e-type=\"container\">\n\t\t\t\t\t<div class=\"e-con-inner\">\n\t\t<div class=\"elementor-element elementor-element-ffe9354 e-con-full e-flex wpr-particle-no wpr-jarallax-no wpr-parallax-no wpr-sticky-section-no wpr-equal-height-no e-con e-child\" data-id=\"ffe9354\" data-element_type=\"container\" data-e-type=\"container\">\n\t\t\t\t<div class=\"elementor-element elementor-element-6c7979b elementor-widget__width-initial elementor-widget-mobile__width-initial elementor-widget elementor-widget-eael-adv-accordion\" data-id=\"6c7979b\" data-element_type=\"widget\" data-e-type=\"widget\" data-widget_type=\"eael-adv-accordion.default\">\n\t\t\t\t<div class=\"elementor-widget-container\">\n\t\t\t\t\t            <div class=\"eael-adv-accordion\" id=\"eael-adv-accordion-6c7979b\" data-scroll-on-click=\"no\" data-scroll-speed=\"300\" data-accordion-id=\"6c7979b\" data-accordion-type=\"accordion\" data-toogle-speed=\"300\">\n            <div class=\"eael-accordion-list\">\n\t\t\t\t\t<div id=\"le-calendula-lalli-des-peaux-fragiles\" class=\"elementor-tab-title eael-accordion-header\" tabindex=\"0\" data-tab=\"1\" aria-controls=\"elementor-tab-content-1131\"><span class=\"eael-advanced-accordion-icon-closed\"><svg aria-hidden=\"true\" class=\"fa-accordion-icon e-font-icon-svg e-fas-plus\" viewBox=\"0 0 448 512\" xmlns=\"http:\/\/www.w3.org\/2000\/svg\"><path d=\"M416 208H272V64c0-17.67-14.33-32-32-32h-32c-17.67 0-32 14.33-32 32v144H32c-17.67 0-32 14.33-32 32v32c0 17.67 14.33 32 32 32h144v144c0 17.67 14.33 32 32 32h32c17.67 0 32-14.33 32-32V304h144c17.67 0 32-14.33 32-32v-32c0-17.67-14.33-32-32-32z\"><\/path><\/svg><\/span><span class=\"eael-advanced-accordion-icon-opened\"><svg aria-hidden=\"true\" class=\"fa-accordion-icon e-font-icon-svg e-fas-minus\" viewBox=\"0 0 448 512\" xmlns=\"http:\/\/www.w3.org\/2000\/svg\"><path d=\"M416 208H32c-17.67 0-32 14.33-32 32v32c0 17.67 14.33 32 32 32h384c17.67 0 32-14.33 32-32v-32c0-17.67-14.33-32-32-32z\"><\/path><\/svg><\/span><span class=\"eael-accordion-tab-title\">Le Calendula, l\u2019alli\u00e9 des peaux fragiles<\/span><svg aria-hidden=\"true\" class=\"fa-toggle e-font-icon-svg e-fas-angle-right\" viewBox=\"0 0 256 512\" xmlns=\"http:\/\/www.w3.org\/2000\/svg\"><path d=\"M224.3 273l-136 136c-9.4 9.4-24.6 9.4-33.9 0l-22.6-22.6c-9.4-9.4-9.4-24.6 0-33.9l96.4-96.4-96.4-96.4c-9.4-9.4-9.4-24.6 0-33.9L54.3 103c9.4-9.4 24.6-9.4 33.9 0l136 136c9.5 9.4 9.5 24.6.1 34z\"><\/path><\/svg><\/div><div id=\"elementor-tab-content-1131\" class=\"eael-accordion-content clearfix\" data-tab=\"1\" aria-labelledby=\"le-calendula-lalli-des-peaux-fragiles\"><p>Plante m\u00e9dicinale incontournable, le <strong>Calendula officinalis<\/strong> est reconnu depuis des si\u00e8cles pour ses vertus calmantes, r\u00e9paratrices et purifiantes.<\/p><ul><li>Il apaise les peaux \u00e9chauff\u00e9es ou irrit\u00e9es<\/li><li>Il soutient la cicatrisation des imperfections<\/li><li>Il calme les peaux sujettes aux boutons ou inflammations<\/li><li>Il adoucit la peau et lui redonne confort et souplesse<\/li><\/ul><\/div>\n\t\t\t\t\t<\/div><div class=\"eael-accordion-list\">\n\t\t\t\t\t<div id=\"pourquoi-cette-lotion-est-unique-\" class=\"elementor-tab-title eael-accordion-header\" tabindex=\"0\" data-tab=\"2\" aria-controls=\"elementor-tab-content-1132\"><span class=\"eael-advanced-accordion-icon-closed\"><svg aria-hidden=\"true\" class=\"fa-accordion-icon e-font-icon-svg e-fas-plus\" viewBox=\"0 0 448 512\" xmlns=\"http:\/\/www.w3.org\/2000\/svg\"><path d=\"M416 208H272V64c0-17.67-14.33-32-32-32h-32c-17.67 0-32 14.33-32 32v144H32c-17.67 0-32 14.33-32 32v32c0 17.67 14.33 32 32 32h144v144c0 17.67 14.33 32 32 32h32c17.67 0 32-14.33 32-32V304h144c17.67 0 32-14.33 32-32v-32c0-17.67-14.33-32-32-32z\"><\/path><\/svg><\/span><span class=\"eael-advanced-accordion-icon-opened\"><svg aria-hidden=\"true\" class=\"fa-accordion-icon e-font-icon-svg e-fas-minus\" viewBox=\"0 0 448 512\" xmlns=\"http:\/\/www.w3.org\/2000\/svg\"><path d=\"M416 208H32c-17.67 0-32 14.33-32 32v32c0 17.67 14.33 32 32 32h384c17.67 0 32-14.33 32-32v-32c0-17.67-14.33-32-32-32z\"><\/path><\/svg><\/span><span class=\"eael-accordion-tab-title\">Pourquoi cette lotion est unique ?<\/span><svg aria-hidden=\"true\" class=\"fa-toggle e-font-icon-svg e-fas-angle-right\" viewBox=\"0 0 256 512\" xmlns=\"http:\/\/www.w3.org\/2000\/svg\"><path d=\"M224.3 273l-136 136c-9.4 9.4-24.6 9.4-33.9 0l-22.6-22.6c-9.4-9.4-9.4-24.6 0-33.9l96.4-96.4-96.4-96.4c-9.4-9.4-9.4-24.6 0-33.9L54.3 103c9.4-9.4 24.6-9.4 33.9 0l136 136c9.5 9.4 9.5 24.6.1 34z\"><\/path><\/svg><\/div><div id=\"elementor-tab-content-1132\" class=\"eael-accordion-content clearfix\" data-tab=\"2\" aria-labelledby=\"pourquoi-cette-lotion-est-unique-\"><ul><li>Fleurs de calendula cultiv\u00e9es et cueillies \u00e0 la main dans nos jardins<br \/>\u2022 Distillation artisanale \u00e0 la vapeur d\u2019eau de source dans notre alambic.<br \/>\u2022 Aucun ajout, aucun conservateur, 100% pur hydrolat<br \/>\u2022 Une solution simple et naturelle pour apaiser les peaux les plus d\u00e9licates<\/li><\/ul><\/div>\n\t\t\t\t\t<\/div><div class=\"eael-accordion-list\">\n\t\t\t\t\t<div id=\"conseils-dutilisation\" class=\"elementor-tab-title eael-accordion-header\" tabindex=\"0\" data-tab=\"3\" aria-controls=\"elementor-tab-content-1133\"><span class=\"eael-advanced-accordion-icon-closed\"><svg aria-hidden=\"true\" class=\"fa-accordion-icon e-font-icon-svg e-fas-plus\" viewBox=\"0 0 448 512\" xmlns=\"http:\/\/www.w3.org\/2000\/svg\"><path d=\"M416 208H272V64c0-17.67-14.33-32-32-32h-32c-17.67 0-32 14.33-32 32v144H32c-17.67 0-32 14.33-32 32v32c0 17.67 14.33 32 32 32h144v144c0 17.67 14.33 32 32 32h32c17.67 0 32-14.33 32-32V304h144c17.67 0 32-14.33 32-32v-32c0-17.67-14.33-32-32-32z\"><\/path><\/svg><\/span><span class=\"eael-advanced-accordion-icon-opened\"><svg aria-hidden=\"true\" class=\"fa-accordion-icon e-font-icon-svg e-fas-minus\" viewBox=\"0 0 448 512\" xmlns=\"http:\/\/www.w3.org\/2000\/svg\"><path d=\"M416 208H32c-17.67 0-32 14.33-32 32v32c0 17.67 14.33 32 32 32h384c17.67 0 32-14.33 32-32v-32c0-17.67-14.33-32-32-32z\"><\/path><\/svg><\/span><span class=\"eael-accordion-tab-title\">Conseils d\u2019utilisation<\/span><svg aria-hidden=\"true\" class=\"fa-toggle e-font-icon-svg e-fas-angle-right\" viewBox=\"0 0 256 512\" xmlns=\"http:\/\/www.w3.org\/2000\/svg\"><path d=\"M224.3 273l-136 136c-9.4 9.4-24.6 9.4-33.9 0l-22.6-22.6c-9.4-9.4-9.4-24.6 0-33.9l96.4-96.4-96.4-96.4c-9.4-9.4-9.4-24.6 0-33.9L54.3 103c9.4-9.4 24.6-9.4 33.9 0l136 136c9.5 9.4 9.5 24.6.1 34z\"><\/path><\/svg><\/div><div id=\"elementor-tab-content-1133\" class=\"eael-accordion-content clearfix\" data-tab=\"3\" aria-labelledby=\"conseils-dutilisation\"><ul><li>Vaporisez la Lotion Botanique directement sur le visage nettoy\u00e9, matin et\/ou soir.<br \/>\u2022 Laissez poser quelques instants, puis appliquez votre cr\u00e8me ou s\u00e9rum sur peau encore humide pour en maximiser les bienfaits.<br \/>\u2022 Utilisez en compresse sur les zones sensibles, apr\u00e8s l\u2019\u00e9pilation ou en cas de rougeur localis\u00e9e.<\/li><\/ul><p>\ud83d\udca7 \u00c0 utiliser dans les 3 mois apr\u00e8s ouverture.<br \/>\ud83c\udf3f \u00c0 conserver \u00e0 l\u2019abri de la chaleur et de la lumi\u00e8re.<\/p><\/div>\n\t\t\t\t\t<\/div><\/div>\t\t\t\t<\/div>\n\t\t\t\t<\/div>\n\t\t\t\t<\/div>\n\t\t<div class=\"elementor-element elementor-element-b729249 e-con-full e-flex wpr-particle-no wpr-jarallax-no wpr-parallax-no wpr-sticky-section-no wpr-equal-height-no e-con e-child\" data-id=\"b729249\" data-element_type=\"container\" data-e-type=\"container\">\n\t\t\t\t<div class=\"elementor-element elementor-element-11177c7 elementor-widget__width-initial elementor-widget elementor-widget-image\" data-id=\"11177c7\" data-element_type=\"widget\" data-e-type=\"widget\" data-widget_type=\"image.default\">\n\t\t\t\t<div class=\"elementor-widget-container\">\n\t\t\t\t\t\t\t\t\t\t\t\t\t\t\t<img fetchpriority=\"high\" decoding=\"async\" width=\"1024\" height=\"1024\" src=\"https:\/\/suenhcosmetics.fr\/wp-content\/uploads\/2023\/03\/IMG-20210823-WA0027-1024x1024.jpg\" class=\"attachment-large size-large wp-image-4575\" alt=\"\" srcset=\"https:\/\/suenhcosmetics.fr\/wp-content\/uploads\/2023\/03\/IMG-20210823-WA0027-1024x1024.jpg 1024w, https:\/\/suenhcosmetics.fr\/wp-content\/uploads\/2023\/03\/IMG-20210823-WA0027-300x300.jpg 300w, https:\/\/suenhcosmetics.fr\/wp-content\/uploads\/2023\/03\/IMG-20210823-WA0027-150x150.jpg 150w, https:\/\/suenhcosmetics.fr\/wp-content\/uploads\/2023\/03\/IMG-20210823-WA0027-768x768.jpg 768w, https:\/\/suenhcosmetics.fr\/wp-content\/uploads\/2023\/03\/IMG-20210823-WA0027-1320x1320.jpg 1320w, https:\/\/suenhcosmetics.fr\/wp-content\/uploads\/2023\/03\/IMG-20210823-WA0027-600x600.jpg 600w, https:\/\/suenhcosmetics.fr\/wp-content\/uploads\/2023\/03\/IMG-20210823-WA0027-100x100.jpg 100w, https:\/\/suenhcosmetics.fr\/wp-content\/uploads\/2023\/03\/IMG-20210823-WA0027.jpg 800w\" sizes=\"(max-width: 1024px) 100vw, 1024px\" \/>\t\t\t\t\t\t\t\t\t\t\t\t\t\t\t<\/div>\n\t\t\t\t<\/div>\n\t\t\t\t<\/div>\n\t\t\t\t\t<\/div>\n\t\t\t\t<\/div>\n\t\t\t\t<\/div>\n\t\t","protected":false},"excerpt":{"rendered":"<div class=\"suenh-product-box\">\n<div class=\"suenh-tags\"><span class=\"suenh-tag\">Peaux sensibles, irrit\u00e9es<\/span><br \/>\n<span class=\"suenh-tag\">100% fleurs de calendula<\/span><br \/>\n<span class=\"suenh-tag\">Sans conservateur<\/span><\/div>\n<p class=\"suenh-ml\">50 ml<\/p>\n<h3 class=\"suenh-title\">APAISANTE \u2013 CICATRISANTE \u2013 ADOUCISSANTE<\/h3>\n<p>Ultra-douce, cette lotion botanique au <strong>Calendula officinal<\/strong> calme les peaux fragilis\u00e9es, r\u00e9duit les rougeurs et soutient la r\u00e9g\u00e9n\u00e9ration cutan\u00e9e.<\/p>\n<ul class=\"suenh-list\">\n<li><strong>Apaise<\/strong> les peaux sensibles ou irrit\u00e9es<\/li>\n<li><strong>Adoucit<\/strong> et apporte confort<\/li>\n<li><strong>Favorise la cicatrisation<\/strong> des imperfections<\/li>\n<li><strong>Sans conservateur<\/strong>, ni parfum ajout\u00e9<\/li>\n<\/ul>\n<p>Id\u00e9ale en soin apr\u00e8s l\u2019\u00e9pilation ou en compresse apaisante.<\/p>\n<p class=\"suenh-footnote\"><strong>Distill\u00e9e dans notre alambic \u00e0 partir de fleurs de calendula cultiv\u00e9es \u00e0 la main en Occitanie.<\/strong><\/p>\n<\/div>\n","protected":false},"featured_media":3762,"comment_status":"open","ping_status":"closed","template":"","meta":{"site-sidebar-layout":"no-sidebar","site-content-layout":"","ast-site-content-layout":"normal-width-container","site-content-style":"unboxed","site-sidebar-style":"unboxed","ast-global-header-display":"","ast-banner-title-visibility":"","ast-main-header-display":"","ast-hfb-above-header-display":"","ast-hfb-below-header-display":"","ast-hfb-mobile-header-display":"","site-post-title":"","ast-breadcrumbs-content":"","ast-featured-img":"","footer-sml-layout":"","ast-disable-related-posts":"","theme-transparent-header-meta":"default","adv-header-id-meta":"","stick-header-meta":"","header-above-stick-meta":"","header-main-stick-meta":"","header-below-stick-meta":"","astra-migrate-meta-layouts":"set","ast-page-background-enabled":"default","ast-page-background-meta":{"desktop":{"background-color":"var(--ast-global-color-5)","background-image":"","background-repeat":"repeat","background-position":"center center","background-size":"auto","background-attachment":"scroll","background-type":"","background-media":"","overlay-type":"","overlay-color":"","overlay-opacity":"","overlay-gradient":""},"tablet":{"background-color":"","background-image":"","background-repeat":"repeat","background-position":"center center","background-size":"auto","background-attachment":"scroll","background-type":"","background-media":"","overlay-type":"","overlay-color":"","overlay-opacity":"","overlay-gradient":""},"mobile":{"background-color":"","background-image":"","background-repeat":"repeat","background-position":"center center","background-size":"auto","background-attachment":"scroll","background-type":"","background-media":"","overlay-type":"","overlay-color":"","overlay-opacity":"","overlay-gradient":""}},"ast-content-background-meta":{"desktop":{"background-color":"var(--ast-global-color-4)","background-image":"","background-repeat":"repeat","background-position":"center center","background-size":"auto","background-attachment":"scroll","background-type":"","background-media":"","overlay-type":"","overlay-color":"","overlay-opacity":"","overlay-gradient":""},"tablet":{"background-color":"var(--ast-global-color-4)","background-image":"","background-repeat":"repeat","background-position":"center center","background-size":"auto","background-attachment":"scroll","background-type":"","background-media":"","overlay-type":"","overlay-color":"","overlay-opacity":"","overlay-gradient":""},"mobile":{"background-color":"var(--ast-global-color-4)","background-image":"","background-repeat":"repeat","background-position":"center center","background-size":"auto","background-attachment":"scroll","background-type":"","background-media":"","overlay-type":"","overlay-color":"","overlay-opacity":"","overlay-gradient":""}}},"product_brand":[],"product_cat":[53,47,56,20],"product_tag":[44],"class_list":{"0":"post-1027","1":"product","2":"type-product","3":"status-publish","4":"has-post-thumbnail","6":"product_cat-deshydratation","7":"product_cat-lotions-botaniques","8":"product_cat-peaux-sensibles","9":"product_cat-soins-visages","10":"product_tag-lotion-calendula","11":"desktop-align-left","12":"tablet-align-left","13":"mobile-align-left","15":"first","16":"outofstock","17":"purchasable","18":"product-type-simple"},"yoast_head":"<!-- This site is optimized with the Yoast SEO plugin v27.5 - https:\/\/yoast.com\/product\/yoast-seo-wordpress\/ -->\n<title>Lotion Apaisante Calendula \u2013 Peaux irrit\u00e9es | Suenh Cosmetics<\/title>\n<meta name=\"description\" content=\"Hydrolat naturel de calendula 100% pur, sans conservateur. Apaise les rougeurs et imperfections. Cultiv\u00e9 et distill\u00e9 \u00e0 la ferme.\" \/>\n<meta name=\"robots\" content=\"index, follow, max-snippet:-1, max-image-preview:large, max-video-preview:-1\" \/>\n<link rel=\"canonical\" href=\"https:\/\/suenhcosmetics.fr\/index.php\/produit\/lotion-botanique-apaisante-calendula-50-ml\/\" \/>\n<meta property=\"og:locale\" content=\"fr_FR\" \/>\n<meta property=\"og:type\" content=\"article\" \/>\n<meta property=\"og:title\" content=\"Lotion Apaisante Calendula \u2013 Peaux irrit\u00e9es | Suenh Cosmetics\" \/>\n<meta property=\"og:description\" content=\"Hydrolat naturel de calendula 100% pur, sans conservateur. Apaise les rougeurs et imperfections. Cultiv\u00e9 et distill\u00e9 \u00e0 la ferme.\" \/>\n<meta property=\"og:url\" content=\"https:\/\/suenhcosmetics.fr\/index.php\/produit\/lotion-botanique-apaisante-calendula-50-ml\/\" \/>\n<meta property=\"article:modified_time\" content=\"2025-12-19T14:03:18+00:00\" \/>\n<meta property=\"og:image\" content=\"https:\/\/suenhcosmetics.fr\/wp-content\/uploads\/2025\/04\/18-2.png\" \/>\n\t<meta property=\"og:image:width\" content=\"800\" \/>\n\t<meta property=\"og:image:height\" content=\"800\" \/>\n\t<meta property=\"og:image:type\" content=\"image\/png\" \/>\n<meta name=\"twitter:card\" content=\"summary_large_image\" \/>\n<meta name=\"twitter:label1\" content=\"Dur\u00e9e de lecture estim\u00e9e\" \/>\n\t<meta name=\"twitter:data1\" content=\"2 minutes\" \/>\n<script type=\"application\/ld+json\" class=\"yoast-schema-graph\">{\"@context\":\"https:\\\/\\\/schema.org\",\"@graph\":[{\"@type\":\"WebPage\",\"@id\":\"https:\\\/\\\/suenhcosmetics.fr\\\/index.php\\\/produit\\\/lotion-botanique-apaisante-calendula-50-ml\\\/\",\"url\":\"https:\\\/\\\/suenhcosmetics.fr\\\/index.php\\\/produit\\\/lotion-botanique-apaisante-calendula-50-ml\\\/\",\"name\":\"Lotion Apaisante Calendula \u2013 Peaux irrit\u00e9es | Suenh Cosmetics\",\"isPartOf\":{\"@id\":\"https:\\\/\\\/suenhcosmetics.fr\\\/#website\"},\"primaryImageOfPage\":{\"@id\":\"https:\\\/\\\/suenhcosmetics.fr\\\/index.php\\\/produit\\\/lotion-botanique-apaisante-calendula-50-ml\\\/#primaryimage\"},\"image\":{\"@id\":\"https:\\\/\\\/suenhcosmetics.fr\\\/index.php\\\/produit\\\/lotion-botanique-apaisante-calendula-50-ml\\\/#primaryimage\"},\"thumbnailUrl\":\"https:\\\/\\\/suenhcosmetics.fr\\\/wp-content\\\/uploads\\\/2025\\\/04\\\/18-2.png\",\"datePublished\":\"2023-03-09T15:53:54+00:00\",\"dateModified\":\"2025-12-19T14:03:18+00:00\",\"description\":\"Hydrolat naturel de calendula 100% pur, sans conservateur. Apaise les rougeurs et imperfections. Cultiv\u00e9 et distill\u00e9 \u00e0 la ferme.\",\"breadcrumb\":{\"@id\":\"https:\\\/\\\/suenhcosmetics.fr\\\/index.php\\\/produit\\\/lotion-botanique-apaisante-calendula-50-ml\\\/#breadcrumb\"},\"inLanguage\":\"fr-FR\",\"potentialAction\":[{\"@type\":\"ReadAction\",\"target\":[\"https:\\\/\\\/suenhcosmetics.fr\\\/index.php\\\/produit\\\/lotion-botanique-apaisante-calendula-50-ml\\\/\"]}]},{\"@type\":\"ImageObject\",\"inLanguage\":\"fr-FR\",\"@id\":\"https:\\\/\\\/suenhcosmetics.fr\\\/index.php\\\/produit\\\/lotion-botanique-apaisante-calendula-50-ml\\\/#primaryimage\",\"url\":\"https:\\\/\\\/suenhcosmetics.fr\\\/wp-content\\\/uploads\\\/2025\\\/04\\\/18-2.png\",\"contentUrl\":\"https:\\\/\\\/suenhcosmetics.fr\\\/wp-content\\\/uploads\\\/2025\\\/04\\\/18-2.png\",\"width\":800,\"height\":800},{\"@type\":\"BreadcrumbList\",\"@id\":\"https:\\\/\\\/suenhcosmetics.fr\\\/index.php\\\/produit\\\/lotion-botanique-apaisante-calendula-50-ml\\\/#breadcrumb\",\"itemListElement\":[{\"@type\":\"ListItem\",\"position\":1,\"name\":\"Accueil\",\"item\":\"https:\\\/\\\/suenhcosmetics.fr\\\/\"},{\"@type\":\"ListItem\",\"position\":2,\"name\":\"Produits\",\"item\":\"https:\\\/\\\/suenhcosmetics.fr\\\/index.php\\\/shop\\\/\"},{\"@type\":\"ListItem\",\"position\":3,\"name\":\"Lotion Botanique | Calendula\"}]},{\"@type\":\"WebSite\",\"@id\":\"https:\\\/\\\/suenhcosmetics.fr\\\/#website\",\"url\":\"https:\\\/\\\/suenhcosmetics.fr\\\/\",\"name\":\"\",\"description\":\"\",\"publisher\":{\"@id\":\"https:\\\/\\\/suenhcosmetics.fr\\\/#organization\"},\"potentialAction\":[{\"@type\":\"SearchAction\",\"target\":{\"@type\":\"EntryPoint\",\"urlTemplate\":\"https:\\\/\\\/suenhcosmetics.fr\\\/?s={search_term_string}\"},\"query-input\":{\"@type\":\"PropertyValueSpecification\",\"valueRequired\":true,\"valueName\":\"search_term_string\"}}],\"inLanguage\":\"fr-FR\"},{\"@type\":\"Organization\",\"@id\":\"https:\\\/\\\/suenhcosmetics.fr\\\/#organization\",\"name\":\"SUENH Cosmetics\",\"url\":\"https:\\\/\\\/suenhcosmetics.fr\\\/\",\"logo\":{\"@type\":\"ImageObject\",\"inLanguage\":\"fr-FR\",\"@id\":\"https:\\\/\\\/suenhcosmetics.fr\\\/#\\\/schema\\\/logo\\\/image\\\/\",\"url\":\"https:\\\/\\\/suenhcosmetics.fr\\\/wp-content\\\/uploads\\\/2025\\\/06\\\/cropped-Wispiration-4.png\",\"contentUrl\":\"https:\\\/\\\/suenhcosmetics.fr\\\/wp-content\\\/uploads\\\/2025\\\/06\\\/cropped-Wispiration-4.png\",\"width\":180,\"height\":60,\"caption\":\"SUENH Cosmetics\"},\"image\":{\"@id\":\"https:\\\/\\\/suenhcosmetics.fr\\\/#\\\/schema\\\/logo\\\/image\\\/\"}}]}<\/script>\n<!-- \/ Yoast SEO plugin. -->","yoast_head_json":{"title":"Lotion Apaisante Calendula \u2013 Peaux irrit\u00e9es | Suenh Cosmetics","description":"Hydrolat naturel de calendula 100% pur, sans conservateur. Apaise les rougeurs et imperfections. Cultiv\u00e9 et distill\u00e9 \u00e0 la ferme.","robots":{"index":"index","follow":"follow","max-snippet":"max-snippet:-1","max-image-preview":"max-image-preview:large","max-video-preview":"max-video-preview:-1"},"canonical":"https:\/\/suenhcosmetics.fr\/index.php\/produit\/lotion-botanique-apaisante-calendula-50-ml\/","og_locale":"fr_FR","og_type":"article","og_title":"Lotion Apaisante Calendula \u2013 Peaux irrit\u00e9es | Suenh Cosmetics","og_description":"Hydrolat naturel de calendula 100% pur, sans conservateur. Apaise les rougeurs et imperfections. Cultiv\u00e9 et distill\u00e9 \u00e0 la ferme.","og_url":"https:\/\/suenhcosmetics.fr\/index.php\/produit\/lotion-botanique-apaisante-calendula-50-ml\/","article_modified_time":"2025-12-19T14:03:18+00:00","og_image":[{"width":800,"height":800,"url":"https:\/\/suenhcosmetics.fr\/wp-content\/uploads\/2025\/04\/18-2.png","type":"image\/png"}],"twitter_card":"summary_large_image","twitter_misc":{"Dur\u00e9e de lecture estim\u00e9e":"2 minutes"},"schema":{"@context":"https:\/\/schema.org","@graph":[{"@type":"WebPage","@id":"https:\/\/suenhcosmetics.fr\/index.php\/produit\/lotion-botanique-apaisante-calendula-50-ml\/","url":"https:\/\/suenhcosmetics.fr\/index.php\/produit\/lotion-botanique-apaisante-calendula-50-ml\/","name":"Lotion Apaisante Calendula \u2013 Peaux irrit\u00e9es | Suenh Cosmetics","isPartOf":{"@id":"https:\/\/suenhcosmetics.fr\/#website"},"primaryImageOfPage":{"@id":"https:\/\/suenhcosmetics.fr\/index.php\/produit\/lotion-botanique-apaisante-calendula-50-ml\/#primaryimage"},"image":{"@id":"https:\/\/suenhcosmetics.fr\/index.php\/produit\/lotion-botanique-apaisante-calendula-50-ml\/#primaryimage"},"thumbnailUrl":"https:\/\/suenhcosmetics.fr\/wp-content\/uploads\/2025\/04\/18-2.png","datePublished":"2023-03-09T15:53:54+00:00","dateModified":"2025-12-19T14:03:18+00:00","description":"Hydrolat naturel de calendula 100% pur, sans conservateur. Apaise les rougeurs et imperfections. Cultiv\u00e9 et distill\u00e9 \u00e0 la ferme.","breadcrumb":{"@id":"https:\/\/suenhcosmetics.fr\/index.php\/produit\/lotion-botanique-apaisante-calendula-50-ml\/#breadcrumb"},"inLanguage":"fr-FR","potentialAction":[{"@type":"ReadAction","target":["https:\/\/suenhcosmetics.fr\/index.php\/produit\/lotion-botanique-apaisante-calendula-50-ml\/"]}]},{"@type":"ImageObject","inLanguage":"fr-FR","@id":"https:\/\/suenhcosmetics.fr\/index.php\/produit\/lotion-botanique-apaisante-calendula-50-ml\/#primaryimage","url":"https:\/\/suenhcosmetics.fr\/wp-content\/uploads\/2025\/04\/18-2.png","contentUrl":"https:\/\/suenhcosmetics.fr\/wp-content\/uploads\/2025\/04\/18-2.png","width":800,"height":800},{"@type":"BreadcrumbList","@id":"https:\/\/suenhcosmetics.fr\/index.php\/produit\/lotion-botanique-apaisante-calendula-50-ml\/#breadcrumb","itemListElement":[{"@type":"ListItem","position":1,"name":"Accueil","item":"https:\/\/suenhcosmetics.fr\/"},{"@type":"ListItem","position":2,"name":"Produits","item":"https:\/\/suenhcosmetics.fr\/index.php\/shop\/"},{"@type":"ListItem","position":3,"name":"Lotion Botanique | Calendula"}]},{"@type":"WebSite","@id":"https:\/\/suenhcosmetics.fr\/#website","url":"https:\/\/suenhcosmetics.fr\/","name":"","description":"","publisher":{"@id":"https:\/\/suenhcosmetics.fr\/#organization"},"potentialAction":[{"@type":"SearchAction","target":{"@type":"EntryPoint","urlTemplate":"https:\/\/suenhcosmetics.fr\/?s={search_term_string}"},"query-input":{"@type":"PropertyValueSpecification","valueRequired":true,"valueName":"search_term_string"}}],"inLanguage":"fr-FR"},{"@type":"Organization","@id":"https:\/\/suenhcosmetics.fr\/#organization","name":"SUENH Cosmetics","url":"https:\/\/suenhcosmetics.fr\/","logo":{"@type":"ImageObject","inLanguage":"fr-FR","@id":"https:\/\/suenhcosmetics.fr\/#\/schema\/logo\/image\/","url":"https:\/\/suenhcosmetics.fr\/wp-content\/uploads\/2025\/06\/cropped-Wispiration-4.png","contentUrl":"https:\/\/suenhcosmetics.fr\/wp-content\/uploads\/2025\/06\/cropped-Wispiration-4.png","width":180,"height":60,"caption":"SUENH Cosmetics"},"image":{"@id":"https:\/\/suenhcosmetics.fr\/#\/schema\/logo\/image\/"}}]}},"_links":{"self":[{"href":"https:\/\/suenhcosmetics.fr\/index.php\/wp-json\/wp\/v2\/product\/1027","targetHints":{"allow":["GET"]}}],"collection":[{"href":"https:\/\/suenhcosmetics.fr\/index.php\/wp-json\/wp\/v2\/product"}],"about":[{"href":"https:\/\/suenhcosmetics.fr\/index.php\/wp-json\/wp\/v2\/types\/product"}],"replies":[{"embeddable":true,"href":"https:\/\/suenhcosmetics.fr\/index.php\/wp-json\/wp\/v2\/comments?post=1027"}],"version-history":[{"count":6,"href":"https:\/\/suenhcosmetics.fr\/index.php\/wp-json\/wp\/v2\/product\/1027\/revisions"}],"predecessor-version":[{"id":4581,"href":"https:\/\/suenhcosmetics.fr\/index.php\/wp-json\/wp\/v2\/product\/1027\/revisions\/4581"}],"wp:featuredmedia":[{"embeddable":true,"href":"https:\/\/suenhcosmetics.fr\/index.php\/wp-json\/wp\/v2\/media\/3762"}],"wp:attachment":[{"href":"https:\/\/suenhcosmetics.fr\/index.php\/wp-json\/wp\/v2\/media?parent=1027"}],"wp:term":[{"taxonomy":"product_brand","embeddable":true,"href":"https:\/\/suenhcosmetics.fr\/index.php\/wp-json\/wp\/v2\/product_brand?post=1027"},{"taxonomy":"product_cat","embeddable":true,"href":"https:\/\/suenhcosmetics.fr\/index.php\/wp-json\/wp\/v2\/product_cat?post=1027"},{"taxonomy":"product_tag","embeddable":true,"href":"https:\/\/suenhcosmetics.fr\/index.php\/wp-json\/wp\/v2\/product_tag?post=1027"}],"curies":[{"name":"wp","href":"https:\/\/api.w.org\/{rel}","templated":true}]}}