{"id":1210,"date":"2023-07-12T15:31:12","date_gmt":"2023-07-12T13:31:12","guid":{"rendered":"https:\/\/www.test.suenhcosmetics.fr\/?post_type=product&#038;p=1210"},"modified":"2026-03-01T11:05:01","modified_gmt":"2026-03-01T10:05:01","slug":"savon-visage-extraits-botaniques-de-calendula","status":"publish","type":"product","link":"https:\/\/suenhcosmetics.fr\/index.php\/produit\/savon-visage-extraits-botaniques-de-calendula\/","title":{"rendered":"Savon Visage | Calendula"},"content":{"rendered":"\t\t<div data-elementor-type=\"wp-post\" data-elementor-id=\"1210\" class=\"elementor elementor-1210\">\n\t\t\t\t<div class=\"elementor-element elementor-element-974e474 e-flex e-con-boxed wpr-particle-no wpr-jarallax-no wpr-parallax-no wpr-sticky-section-no wpr-equal-height-no e-con e-parent\" data-id=\"974e474\" data-element_type=\"container\" data-e-type=\"container\">\n\t\t\t\t\t<div class=\"e-con-inner\">\n\t\t<div class=\"elementor-element elementor-element-097f9ab e-con-full e-flex wpr-particle-no wpr-jarallax-no wpr-parallax-no wpr-sticky-section-no wpr-equal-height-no e-con e-child\" data-id=\"097f9ab\" data-element_type=\"container\" data-e-type=\"container\">\n\t\t\t\t<div class=\"elementor-element elementor-element-52dec82 elementor-widget__width-initial elementor-widget-mobile__width-initial elementor-widget elementor-widget-eael-adv-accordion\" data-id=\"52dec82\" data-element_type=\"widget\" data-e-type=\"widget\" data-widget_type=\"eael-adv-accordion.default\">\n\t\t\t\t<div class=\"elementor-widget-container\">\n\t\t\t\t\t            <div class=\"eael-adv-accordion\" id=\"eael-adv-accordion-52dec82\" data-scroll-on-click=\"no\" data-scroll-speed=\"300\" data-accordion-id=\"52dec82\" data-accordion-type=\"accordion\" data-toogle-speed=\"300\">\n            <div class=\"eael-accordion-list\">\n\t\t\t\t\t<div id=\"le-calendula-un-concentr-de-douceur-pour-votre-peau\" class=\"elementor-tab-title eael-accordion-header\" tabindex=\"0\" data-tab=\"1\" aria-controls=\"elementor-tab-content-8681\"><span class=\"eael-advanced-accordion-icon-closed\"><svg aria-hidden=\"true\" class=\"fa-accordion-icon e-font-icon-svg e-fas-plus\" viewBox=\"0 0 448 512\" xmlns=\"http:\/\/www.w3.org\/2000\/svg\"><path d=\"M416 208H272V64c0-17.67-14.33-32-32-32h-32c-17.67 0-32 14.33-32 32v144H32c-17.67 0-32 14.33-32 32v32c0 17.67 14.33 32 32 32h144v144c0 17.67 14.33 32 32 32h32c17.67 0 32-14.33 32-32V304h144c17.67 0 32-14.33 32-32v-32c0-17.67-14.33-32-32-32z\"><\/path><\/svg><\/span><span class=\"eael-advanced-accordion-icon-opened\"><svg aria-hidden=\"true\" class=\"fa-accordion-icon e-font-icon-svg e-fas-minus\" viewBox=\"0 0 448 512\" xmlns=\"http:\/\/www.w3.org\/2000\/svg\"><path d=\"M416 208H32c-17.67 0-32 14.33-32 32v32c0 17.67 14.33 32 32 32h384c17.67 0 32-14.33 32-32v-32c0-17.67-14.33-32-32-32z\"><\/path><\/svg><\/span><span class=\"eael-accordion-tab-title\">Le Calendula : un concentr\u00e9 de douceur pour votre peau<\/span><svg aria-hidden=\"true\" class=\"fa-toggle e-font-icon-svg e-fas-angle-right\" viewBox=\"0 0 256 512\" xmlns=\"http:\/\/www.w3.org\/2000\/svg\"><path d=\"M224.3 273l-136 136c-9.4 9.4-24.6 9.4-33.9 0l-22.6-22.6c-9.4-9.4-9.4-24.6 0-33.9l96.4-96.4-96.4-96.4c-9.4-9.4-9.4-24.6 0-33.9L54.3 103c9.4-9.4 24.6-9.4 33.9 0l136 136c9.5 9.4 9.5 24.6.1 34z\"><\/path><\/svg><\/div><div id=\"elementor-tab-content-8681\" class=\"eael-accordion-content clearfix\" data-tab=\"1\" aria-labelledby=\"le-calendula-un-concentr-de-douceur-pour-votre-peau\"><p>Le <strong>calendula<\/strong>, ou <strong>souci des jardins<\/strong>, est une plante que nous cultivons avec soin dans nos jardins. Il est riche en <strong>\u03b2-carot\u00e8ne<\/strong>, pr\u00e9curseur de la vitamine A, et poss\u00e8de de nombreuses vertus pour la peau.<br \/>Gr\u00e2ce \u00e0 ses propri\u00e9t\u00e9s <strong>cicatrisantes<\/strong>, <strong>anti-inflammatoires<\/strong>, et <strong>adoucissantes<\/strong>, il aide \u00e0 :<br \/>\u2022 Apaiser les peaux irrit\u00e9es ou sensibles<br \/>\u2022 Favoriser la r\u00e9g\u00e9n\u00e9ration cellulaire<br \/>\u2022 R\u00e9duire les rougeurs et inflammations l\u00e9g\u00e8res<br \/>\u2022 Prot\u00e9ger la peau des agressions ext\u00e9rieures<\/p><p>Nous infusons nos fleurs de calendula fra\u00eechement cueillies dans des huiles v\u00e9g\u00e9tales biologiques de qualit\u00e9 avant de les transformer en savon, selon le proc\u00e9d\u00e9 artisanal de <strong>saponification \u00e0 froid<\/strong>, qui pr\u00e9serve tous les bienfaits de la plante et de l\u2019huile.<\/p><\/div>\n\t\t\t\t\t<\/div><div class=\"eael-accordion-list\">\n\t\t\t\t\t<div id=\"conseils-dutilisation\" class=\"elementor-tab-title eael-accordion-header\" tabindex=\"0\" data-tab=\"2\" aria-controls=\"elementor-tab-content-8682\"><span class=\"eael-advanced-accordion-icon-closed\"><svg aria-hidden=\"true\" class=\"fa-accordion-icon e-font-icon-svg e-fas-plus\" viewBox=\"0 0 448 512\" xmlns=\"http:\/\/www.w3.org\/2000\/svg\"><path d=\"M416 208H272V64c0-17.67-14.33-32-32-32h-32c-17.67 0-32 14.33-32 32v144H32c-17.67 0-32 14.33-32 32v32c0 17.67 14.33 32 32 32h144v144c0 17.67 14.33 32 32 32h32c17.67 0 32-14.33 32-32V304h144c17.67 0 32-14.33 32-32v-32c0-17.67-14.33-32-32-32z\"><\/path><\/svg><\/span><span class=\"eael-advanced-accordion-icon-opened\"><svg aria-hidden=\"true\" class=\"fa-accordion-icon e-font-icon-svg e-fas-minus\" viewBox=\"0 0 448 512\" xmlns=\"http:\/\/www.w3.org\/2000\/svg\"><path d=\"M416 208H32c-17.67 0-32 14.33-32 32v32c0 17.67 14.33 32 32 32h384c17.67 0 32-14.33 32-32v-32c0-17.67-14.33-32-32-32z\"><\/path><\/svg><\/span><span class=\"eael-accordion-tab-title\">Conseils d\u2019utilisation<\/span><svg aria-hidden=\"true\" class=\"fa-toggle e-font-icon-svg e-fas-angle-right\" viewBox=\"0 0 256 512\" xmlns=\"http:\/\/www.w3.org\/2000\/svg\"><path d=\"M224.3 273l-136 136c-9.4 9.4-24.6 9.4-33.9 0l-22.6-22.6c-9.4-9.4-9.4-24.6 0-33.9l96.4-96.4-96.4-96.4c-9.4-9.4-9.4-24.6 0-33.9L54.3 103c9.4-9.4 24.6-9.4 33.9 0l136 136c9.5 9.4 9.5 24.6.1 34z\"><\/path><\/svg><\/div><div id=\"elementor-tab-content-8682\" class=\"eael-accordion-content clearfix\" data-tab=\"2\" aria-labelledby=\"conseils-dutilisation\"><p>Faites mousser le savon entre vos mains humides.<br \/>Appliquez la mousse sur votre visage en massant d\u00e9licatement (en \u00e9vitant le contour des yeux).<br \/>Rincez \u00e0 l\u2019eau claire et s\u00e9chez avec une serviette douce.<\/p><p><strong>Pr\u00e9caution<\/strong> : usage externe uniquement \u2013 en cas de contact avec les yeux, rincez abondamment \u00e0 l\u2019eau claire. Ne pas ing\u00e9rer<\/p><\/div>\n\t\t\t\t\t<\/div><div class=\"eael-accordion-list\">\n\t\t\t\t\t<div id=\"engagements-de-la-marque\" class=\"elementor-tab-title eael-accordion-header\" tabindex=\"0\" data-tab=\"3\" aria-controls=\"elementor-tab-content-8683\"><span class=\"eael-advanced-accordion-icon-closed\"><svg aria-hidden=\"true\" class=\"fa-accordion-icon e-font-icon-svg e-fas-plus\" viewBox=\"0 0 448 512\" xmlns=\"http:\/\/www.w3.org\/2000\/svg\"><path d=\"M416 208H272V64c0-17.67-14.33-32-32-32h-32c-17.67 0-32 14.33-32 32v144H32c-17.67 0-32 14.33-32 32v32c0 17.67 14.33 32 32 32h144v144c0 17.67 14.33 32 32 32h32c17.67 0 32-14.33 32-32V304h144c17.67 0 32-14.33 32-32v-32c0-17.67-14.33-32-32-32z\"><\/path><\/svg><\/span><span class=\"eael-advanced-accordion-icon-opened\"><svg aria-hidden=\"true\" class=\"fa-accordion-icon e-font-icon-svg e-fas-minus\" viewBox=\"0 0 448 512\" xmlns=\"http:\/\/www.w3.org\/2000\/svg\"><path d=\"M416 208H32c-17.67 0-32 14.33-32 32v32c0 17.67 14.33 32 32 32h384c17.67 0 32-14.33 32-32v-32c0-17.67-14.33-32-32-32z\"><\/path><\/svg><\/span><span class=\"eael-accordion-tab-title\">Engagements de la marque<\/span><svg aria-hidden=\"true\" class=\"fa-toggle e-font-icon-svg e-fas-angle-right\" viewBox=\"0 0 256 512\" xmlns=\"http:\/\/www.w3.org\/2000\/svg\"><path d=\"M224.3 273l-136 136c-9.4 9.4-24.6 9.4-33.9 0l-22.6-22.6c-9.4-9.4-9.4-24.6 0-33.9l96.4-96.4-96.4-96.4c-9.4-9.4-9.4-24.6 0-33.9L54.3 103c9.4-9.4 24.6-9.4 33.9 0l136 136c9.5 9.4 9.5 24.6.1 34z\"><\/path><\/svg><\/div><div id=\"elementor-tab-content-8683\" class=\"eael-accordion-content clearfix\" data-tab=\"3\" aria-labelledby=\"engagements-de-la-marque\"><ul><li><strong>Plantes cultiv\u00e9es en bio et cueillies \u00e0 la main dans nos jardins<\/strong><br \/>\u2022 <strong>Saponification \u00e0 froid<\/strong> pour un savon doux et respectueux de la peau<br \/>\u2022 <strong>Formule vegan<\/strong> \u2013 100% naturelle<br \/>\u2022 <strong>Z\u00e9ro superflu, 100 % efficacit\u00e9<\/strong> \u2013 packaging minimaliste et recyclable<\/li><\/ul><\/div>\n\t\t\t\t\t<\/div><\/div>\t\t\t\t<\/div>\n\t\t\t\t<\/div>\n\t\t\t\t<\/div>\n\t\t<div class=\"elementor-element elementor-element-3787869 e-con-full e-flex wpr-particle-no wpr-jarallax-no wpr-parallax-no wpr-sticky-section-no wpr-equal-height-no e-con e-child\" data-id=\"3787869\" data-element_type=\"container\" data-e-type=\"container\">\n\t\t\t\t<div class=\"elementor-element elementor-element-96c7126 elementor-widget__width-initial elementor-widget elementor-widget-image\" data-id=\"96c7126\" data-element_type=\"widget\" data-e-type=\"widget\" data-widget_type=\"image.default\">\n\t\t\t\t<div class=\"elementor-widget-container\">\n\t\t\t\t\t\t\t\t\t\t\t\t\t\t\t<img fetchpriority=\"high\" decoding=\"async\" width=\"800\" height=\"800\" src=\"https:\/\/suenhcosmetics.fr\/wp-content\/uploads\/2023\/07\/IMG_7138.jpg\" class=\"attachment-large size-large wp-image-1865\" alt=\"\" srcset=\"https:\/\/suenhcosmetics.fr\/wp-content\/uploads\/2023\/07\/IMG_7138.jpg 800w, https:\/\/suenhcosmetics.fr\/wp-content\/uploads\/2023\/07\/IMG_7138-300x300.jpg 300w, https:\/\/suenhcosmetics.fr\/wp-content\/uploads\/2023\/07\/IMG_7138-150x150.jpg 150w, https:\/\/suenhcosmetics.fr\/wp-content\/uploads\/2023\/07\/IMG_7138-768x768.jpg 768w, https:\/\/suenhcosmetics.fr\/wp-content\/uploads\/2023\/07\/IMG_7138-600x600.jpg 600w, https:\/\/suenhcosmetics.fr\/wp-content\/uploads\/2023\/07\/IMG_7138-100x100.jpg 100w\" sizes=\"(max-width: 800px) 100vw, 800px\" \/>\t\t\t\t\t\t\t\t\t\t\t\t\t\t\t<\/div>\n\t\t\t\t<\/div>\n\t\t\t\t<\/div>\n\t\t\t\t\t<\/div>\n\t\t\t\t<\/div>\n\t\t\t\t<\/div>\n\t\t","protected":false},"excerpt":{"rendered":"<div class=\"suenh-product-box\">\n<div class=\"suenh-tags\"><span class=\"suenh-tag\">100% v\u00e9g\u00e9tal | Saponifi\u00e9 \u00e0 froid | Peaux sensibles<\/span><\/div>\n<p class=\"suenh-ml\">50g<\/p>\n<h3 class=\"suenh-title\">APAISE \u2013 CICATRISANT \u2013 ADOUCIT<\/h3>\n<p>Un savon d\u00e9licat, formul\u00e9 avec des beurres et huiles v\u00e9g\u00e9tales bio, infus\u00e9s avec des fleurs fra\u00eeches de calendula cultiv\u00e9es sur nos terres.<br \/>\nCe savon est l\u2019alli\u00e9 parfait pour apaiser et r\u00e9parer les peaux sensibles ou irrit\u00e9es.<\/p>\n<ul class=\"suenh-list\">\n<li><strong>R\u00e9duit les irritations<\/strong> et apaise les rougeurs<\/li>\n<li><strong>Favorise la cicatrisation<\/strong> naturelle<\/li>\n<li><strong>Adoucit<\/strong> la peau en douceur<\/li>\n<li><strong>Sans parfum<\/strong>, id\u00e9al pour les peaux r\u00e9actives<\/li>\n<\/ul>\n<p>Une mousse v\u00e9gan d\u00e9licate qui respecte l\u2019\u00e9quilibre cutan\u00e9.<\/p>\n<p class=\"suenh-footnote\"><strong>Fabriqu\u00e9 artisanalement avec nos fleurs cultiv\u00e9es localement et transform\u00e9es en Occitanie.<\/strong><\/p>\n<\/div>\n","protected":false},"featured_media":3744,"comment_status":"open","ping_status":"closed","template":"","meta":{"site-sidebar-layout":"no-sidebar","site-content-layout":"","ast-site-content-layout":"normal-width-container","site-content-style":"unboxed","site-sidebar-style":"unboxed","ast-global-header-display":"","ast-banner-title-visibility":"","ast-main-header-display":"","ast-hfb-above-header-display":"","ast-hfb-below-header-display":"","ast-hfb-mobile-header-display":"","site-post-title":"","ast-breadcrumbs-content":"","ast-featured-img":"","footer-sml-layout":"","ast-disable-related-posts":"","theme-transparent-header-meta":"default","adv-header-id-meta":"","stick-header-meta":"","header-above-stick-meta":"","header-main-stick-meta":"","header-below-stick-meta":"","astra-migrate-meta-layouts":"set","ast-page-background-enabled":"default","ast-page-background-meta":{"desktop":{"background-color":"var(--ast-global-color-5)","background-image":"","background-repeat":"repeat","background-position":"center center","background-size":"auto","background-attachment":"scroll","background-type":"","background-media":"","overlay-type":"","overlay-color":"","overlay-opacity":"","overlay-gradient":""},"tablet":{"background-color":"","background-image":"","background-repeat":"repeat","background-position":"center center","background-size":"auto","background-attachment":"scroll","background-type":"","background-media":"","overlay-type":"","overlay-color":"","overlay-opacity":"","overlay-gradient":""},"mobile":{"background-color":"","background-image":"","background-repeat":"repeat","background-position":"center center","background-size":"auto","background-attachment":"scroll","background-type":"","background-media":"","overlay-type":"","overlay-color":"","overlay-opacity":"","overlay-gradient":""}},"ast-content-background-meta":{"desktop":{"background-color":"var(--ast-global-color-4)","background-image":"","background-repeat":"repeat","background-position":"center center","background-size":"auto","background-attachment":"scroll","background-type":"","background-media":"","overlay-type":"","overlay-color":"","overlay-opacity":"","overlay-gradient":""},"tablet":{"background-color":"var(--ast-global-color-4)","background-image":"","background-repeat":"repeat","background-position":"center center","background-size":"auto","background-attachment":"scroll","background-type":"","background-media":"","overlay-type":"","overlay-color":"","overlay-opacity":"","overlay-gradient":""},"mobile":{"background-color":"var(--ast-global-color-4)","background-image":"","background-repeat":"repeat","background-position":"center center","background-size":"auto","background-attachment":"scroll","background-type":"","background-media":"","overlay-type":"","overlay-color":"","overlay-opacity":"","overlay-gradient":""}}},"product_brand":[],"product_cat":[48,56,20],"product_tag":[42],"class_list":{"0":"post-1210","1":"product","2":"type-product","3":"status-publish","4":"has-post-thumbnail","6":"product_cat-nettoyants-visage","7":"product_cat-peaux-sensibles","8":"product_cat-soins-visages","9":"product_tag-savon-vo","10":"desktop-align-left","11":"tablet-align-left","12":"mobile-align-left","14":"first","15":"instock","16":"purchasable","17":"product-type-simple"},"yoast_head":"<!-- This site is optimized with the Yoast SEO plugin v27.5 - https:\/\/yoast.com\/product\/yoast-seo-wordpress\/ -->\n<title>Savon Visage Calendula \u2013 Apaisant | Suenh Cosmetics<\/title>\n<meta name=\"description\" content=\"Savon saponifi\u00e9 \u00e0 froid au calendula. Apaise, r\u00e9pare et adoucit les peaux sensibles. Sans parfum, surgras et 100% naturel.\" \/>\n<meta name=\"robots\" content=\"index, follow, max-snippet:-1, max-image-preview:large, max-video-preview:-1\" \/>\n<link rel=\"canonical\" href=\"https:\/\/suenhcosmetics.fr\/index.php\/produit\/savon-visage-extraits-botaniques-de-calendula\/\" \/>\n<meta property=\"og:locale\" content=\"fr_FR\" \/>\n<meta property=\"og:type\" content=\"article\" \/>\n<meta property=\"og:title\" content=\"Savon Visage Calendula \u2013 Apaisant | Suenh Cosmetics\" \/>\n<meta property=\"og:description\" content=\"Savon saponifi\u00e9 \u00e0 froid au calendula. Apaise, r\u00e9pare et adoucit les peaux sensibles. Sans parfum, surgras et 100% naturel.\" \/>\n<meta property=\"og:url\" content=\"https:\/\/suenhcosmetics.fr\/index.php\/produit\/savon-visage-extraits-botaniques-de-calendula\/\" \/>\n<meta property=\"article:modified_time\" content=\"2026-03-01T10:05:01+00:00\" \/>\n<meta property=\"og:image\" content=\"https:\/\/suenhcosmetics.fr\/wp-content\/uploads\/2025\/04\/3-2.png\" \/>\n\t<meta property=\"og:image:width\" content=\"800\" \/>\n\t<meta property=\"og:image:height\" content=\"800\" \/>\n\t<meta property=\"og:image:type\" content=\"image\/png\" \/>\n<meta name=\"twitter:card\" content=\"summary_large_image\" \/>\n<meta name=\"twitter:label1\" content=\"Dur\u00e9e de lecture estim\u00e9e\" \/>\n\t<meta name=\"twitter:data1\" content=\"2 minutes\" \/>\n<script type=\"application\/ld+json\" class=\"yoast-schema-graph\">{\"@context\":\"https:\\\/\\\/schema.org\",\"@graph\":[{\"@type\":\"WebPage\",\"@id\":\"https:\\\/\\\/suenhcosmetics.fr\\\/index.php\\\/produit\\\/savon-visage-extraits-botaniques-de-calendula\\\/\",\"url\":\"https:\\\/\\\/suenhcosmetics.fr\\\/index.php\\\/produit\\\/savon-visage-extraits-botaniques-de-calendula\\\/\",\"name\":\"Savon Visage Calendula \u2013 Apaisant | Suenh Cosmetics\",\"isPartOf\":{\"@id\":\"https:\\\/\\\/suenhcosmetics.fr\\\/#website\"},\"primaryImageOfPage\":{\"@id\":\"https:\\\/\\\/suenhcosmetics.fr\\\/index.php\\\/produit\\\/savon-visage-extraits-botaniques-de-calendula\\\/#primaryimage\"},\"image\":{\"@id\":\"https:\\\/\\\/suenhcosmetics.fr\\\/index.php\\\/produit\\\/savon-visage-extraits-botaniques-de-calendula\\\/#primaryimage\"},\"thumbnailUrl\":\"https:\\\/\\\/suenhcosmetics.fr\\\/wp-content\\\/uploads\\\/2025\\\/04\\\/3-2.png\",\"datePublished\":\"2023-07-12T13:31:12+00:00\",\"dateModified\":\"2026-03-01T10:05:01+00:00\",\"description\":\"Savon saponifi\u00e9 \u00e0 froid au calendula. Apaise, r\u00e9pare et adoucit les peaux sensibles. Sans parfum, surgras et 100% naturel.\",\"breadcrumb\":{\"@id\":\"https:\\\/\\\/suenhcosmetics.fr\\\/index.php\\\/produit\\\/savon-visage-extraits-botaniques-de-calendula\\\/#breadcrumb\"},\"inLanguage\":\"fr-FR\",\"potentialAction\":[{\"@type\":\"ReadAction\",\"target\":[\"https:\\\/\\\/suenhcosmetics.fr\\\/index.php\\\/produit\\\/savon-visage-extraits-botaniques-de-calendula\\\/\"]}]},{\"@type\":\"ImageObject\",\"inLanguage\":\"fr-FR\",\"@id\":\"https:\\\/\\\/suenhcosmetics.fr\\\/index.php\\\/produit\\\/savon-visage-extraits-botaniques-de-calendula\\\/#primaryimage\",\"url\":\"https:\\\/\\\/suenhcosmetics.fr\\\/wp-content\\\/uploads\\\/2025\\\/04\\\/3-2.png\",\"contentUrl\":\"https:\\\/\\\/suenhcosmetics.fr\\\/wp-content\\\/uploads\\\/2025\\\/04\\\/3-2.png\",\"width\":800,\"height\":800},{\"@type\":\"BreadcrumbList\",\"@id\":\"https:\\\/\\\/suenhcosmetics.fr\\\/index.php\\\/produit\\\/savon-visage-extraits-botaniques-de-calendula\\\/#breadcrumb\",\"itemListElement\":[{\"@type\":\"ListItem\",\"position\":1,\"name\":\"Accueil\",\"item\":\"https:\\\/\\\/suenhcosmetics.fr\\\/\"},{\"@type\":\"ListItem\",\"position\":2,\"name\":\"Produits\",\"item\":\"https:\\\/\\\/suenhcosmetics.fr\\\/index.php\\\/shop\\\/\"},{\"@type\":\"ListItem\",\"position\":3,\"name\":\"Savon Visage | Calendula\"}]},{\"@type\":\"WebSite\",\"@id\":\"https:\\\/\\\/suenhcosmetics.fr\\\/#website\",\"url\":\"https:\\\/\\\/suenhcosmetics.fr\\\/\",\"name\":\"\",\"description\":\"\",\"publisher\":{\"@id\":\"https:\\\/\\\/suenhcosmetics.fr\\\/#organization\"},\"potentialAction\":[{\"@type\":\"SearchAction\",\"target\":{\"@type\":\"EntryPoint\",\"urlTemplate\":\"https:\\\/\\\/suenhcosmetics.fr\\\/?s={search_term_string}\"},\"query-input\":{\"@type\":\"PropertyValueSpecification\",\"valueRequired\":true,\"valueName\":\"search_term_string\"}}],\"inLanguage\":\"fr-FR\"},{\"@type\":\"Organization\",\"@id\":\"https:\\\/\\\/suenhcosmetics.fr\\\/#organization\",\"name\":\"SUENH Cosmetics\",\"url\":\"https:\\\/\\\/suenhcosmetics.fr\\\/\",\"logo\":{\"@type\":\"ImageObject\",\"inLanguage\":\"fr-FR\",\"@id\":\"https:\\\/\\\/suenhcosmetics.fr\\\/#\\\/schema\\\/logo\\\/image\\\/\",\"url\":\"https:\\\/\\\/suenhcosmetics.fr\\\/wp-content\\\/uploads\\\/2025\\\/06\\\/cropped-Wispiration-4.png\",\"contentUrl\":\"https:\\\/\\\/suenhcosmetics.fr\\\/wp-content\\\/uploads\\\/2025\\\/06\\\/cropped-Wispiration-4.png\",\"width\":180,\"height\":60,\"caption\":\"SUENH Cosmetics\"},\"image\":{\"@id\":\"https:\\\/\\\/suenhcosmetics.fr\\\/#\\\/schema\\\/logo\\\/image\\\/\"}}]}<\/script>\n<!-- \/ Yoast SEO plugin. -->","yoast_head_json":{"title":"Savon Visage Calendula \u2013 Apaisant | Suenh Cosmetics","description":"Savon saponifi\u00e9 \u00e0 froid au calendula. Apaise, r\u00e9pare et adoucit les peaux sensibles. Sans parfum, surgras et 100% naturel.","robots":{"index":"index","follow":"follow","max-snippet":"max-snippet:-1","max-image-preview":"max-image-preview:large","max-video-preview":"max-video-preview:-1"},"canonical":"https:\/\/suenhcosmetics.fr\/index.php\/produit\/savon-visage-extraits-botaniques-de-calendula\/","og_locale":"fr_FR","og_type":"article","og_title":"Savon Visage Calendula \u2013 Apaisant | Suenh Cosmetics","og_description":"Savon saponifi\u00e9 \u00e0 froid au calendula. Apaise, r\u00e9pare et adoucit les peaux sensibles. Sans parfum, surgras et 100% naturel.","og_url":"https:\/\/suenhcosmetics.fr\/index.php\/produit\/savon-visage-extraits-botaniques-de-calendula\/","article_modified_time":"2026-03-01T10:05:01+00:00","og_image":[{"width":800,"height":800,"url":"https:\/\/suenhcosmetics.fr\/wp-content\/uploads\/2025\/04\/3-2.png","type":"image\/png"}],"twitter_card":"summary_large_image","twitter_misc":{"Dur\u00e9e de lecture estim\u00e9e":"2 minutes"},"schema":{"@context":"https:\/\/schema.org","@graph":[{"@type":"WebPage","@id":"https:\/\/suenhcosmetics.fr\/index.php\/produit\/savon-visage-extraits-botaniques-de-calendula\/","url":"https:\/\/suenhcosmetics.fr\/index.php\/produit\/savon-visage-extraits-botaniques-de-calendula\/","name":"Savon Visage Calendula \u2013 Apaisant | Suenh Cosmetics","isPartOf":{"@id":"https:\/\/suenhcosmetics.fr\/#website"},"primaryImageOfPage":{"@id":"https:\/\/suenhcosmetics.fr\/index.php\/produit\/savon-visage-extraits-botaniques-de-calendula\/#primaryimage"},"image":{"@id":"https:\/\/suenhcosmetics.fr\/index.php\/produit\/savon-visage-extraits-botaniques-de-calendula\/#primaryimage"},"thumbnailUrl":"https:\/\/suenhcosmetics.fr\/wp-content\/uploads\/2025\/04\/3-2.png","datePublished":"2023-07-12T13:31:12+00:00","dateModified":"2026-03-01T10:05:01+00:00","description":"Savon saponifi\u00e9 \u00e0 froid au calendula. Apaise, r\u00e9pare et adoucit les peaux sensibles. Sans parfum, surgras et 100% naturel.","breadcrumb":{"@id":"https:\/\/suenhcosmetics.fr\/index.php\/produit\/savon-visage-extraits-botaniques-de-calendula\/#breadcrumb"},"inLanguage":"fr-FR","potentialAction":[{"@type":"ReadAction","target":["https:\/\/suenhcosmetics.fr\/index.php\/produit\/savon-visage-extraits-botaniques-de-calendula\/"]}]},{"@type":"ImageObject","inLanguage":"fr-FR","@id":"https:\/\/suenhcosmetics.fr\/index.php\/produit\/savon-visage-extraits-botaniques-de-calendula\/#primaryimage","url":"https:\/\/suenhcosmetics.fr\/wp-content\/uploads\/2025\/04\/3-2.png","contentUrl":"https:\/\/suenhcosmetics.fr\/wp-content\/uploads\/2025\/04\/3-2.png","width":800,"height":800},{"@type":"BreadcrumbList","@id":"https:\/\/suenhcosmetics.fr\/index.php\/produit\/savon-visage-extraits-botaniques-de-calendula\/#breadcrumb","itemListElement":[{"@type":"ListItem","position":1,"name":"Accueil","item":"https:\/\/suenhcosmetics.fr\/"},{"@type":"ListItem","position":2,"name":"Produits","item":"https:\/\/suenhcosmetics.fr\/index.php\/shop\/"},{"@type":"ListItem","position":3,"name":"Savon Visage | Calendula"}]},{"@type":"WebSite","@id":"https:\/\/suenhcosmetics.fr\/#website","url":"https:\/\/suenhcosmetics.fr\/","name":"","description":"","publisher":{"@id":"https:\/\/suenhcosmetics.fr\/#organization"},"potentialAction":[{"@type":"SearchAction","target":{"@type":"EntryPoint","urlTemplate":"https:\/\/suenhcosmetics.fr\/?s={search_term_string}"},"query-input":{"@type":"PropertyValueSpecification","valueRequired":true,"valueName":"search_term_string"}}],"inLanguage":"fr-FR"},{"@type":"Organization","@id":"https:\/\/suenhcosmetics.fr\/#organization","name":"SUENH Cosmetics","url":"https:\/\/suenhcosmetics.fr\/","logo":{"@type":"ImageObject","inLanguage":"fr-FR","@id":"https:\/\/suenhcosmetics.fr\/#\/schema\/logo\/image\/","url":"https:\/\/suenhcosmetics.fr\/wp-content\/uploads\/2025\/06\/cropped-Wispiration-4.png","contentUrl":"https:\/\/suenhcosmetics.fr\/wp-content\/uploads\/2025\/06\/cropped-Wispiration-4.png","width":180,"height":60,"caption":"SUENH Cosmetics"},"image":{"@id":"https:\/\/suenhcosmetics.fr\/#\/schema\/logo\/image\/"}}]}},"_links":{"self":[{"href":"https:\/\/suenhcosmetics.fr\/index.php\/wp-json\/wp\/v2\/product\/1210","targetHints":{"allow":["GET"]}}],"collection":[{"href":"https:\/\/suenhcosmetics.fr\/index.php\/wp-json\/wp\/v2\/product"}],"about":[{"href":"https:\/\/suenhcosmetics.fr\/index.php\/wp-json\/wp\/v2\/types\/product"}],"replies":[{"embeddable":true,"href":"https:\/\/suenhcosmetics.fr\/index.php\/wp-json\/wp\/v2\/comments?post=1210"}],"version-history":[{"count":11,"href":"https:\/\/suenhcosmetics.fr\/index.php\/wp-json\/wp\/v2\/product\/1210\/revisions"}],"predecessor-version":[{"id":5231,"href":"https:\/\/suenhcosmetics.fr\/index.php\/wp-json\/wp\/v2\/product\/1210\/revisions\/5231"}],"wp:featuredmedia":[{"embeddable":true,"href":"https:\/\/suenhcosmetics.fr\/index.php\/wp-json\/wp\/v2\/media\/3744"}],"wp:attachment":[{"href":"https:\/\/suenhcosmetics.fr\/index.php\/wp-json\/wp\/v2\/media?parent=1210"}],"wp:term":[{"taxonomy":"product_brand","embeddable":true,"href":"https:\/\/suenhcosmetics.fr\/index.php\/wp-json\/wp\/v2\/product_brand?post=1210"},{"taxonomy":"product_cat","embeddable":true,"href":"https:\/\/suenhcosmetics.fr\/index.php\/wp-json\/wp\/v2\/product_cat?post=1210"},{"taxonomy":"product_tag","embeddable":true,"href":"https:\/\/suenhcosmetics.fr\/index.php\/wp-json\/wp\/v2\/product_tag?post=1210"}],"curies":[{"name":"wp","href":"https:\/\/api.w.org\/{rel}","templated":true}]}}