{"id":1233,"date":"2024-01-31T17:40:17","date_gmt":"2024-01-31T16:40:17","guid":{"rendered":"https:\/\/www.test.suenhcosmetics.fr\/?post_type=product&#038;p=1233"},"modified":"2026-04-25T06:18:09","modified_gmt":"2026-04-25T04:18:09","slug":"gelee-demaquillante-nettoyante-calendula","status":"publish","type":"product","link":"https:\/\/suenhcosmetics.fr\/index.php\/produit\/gelee-demaquillante-nettoyante-calendula\/","title":{"rendered":"Gel\u00e9e D\u00e9maquillante | Calendula"},"content":{"rendered":"\t\t<div data-elementor-type=\"wp-post\" data-elementor-id=\"1233\" class=\"elementor elementor-1233\">\n\t\t\t\t<div class=\"elementor-element elementor-element-b7cb95e e-flex e-con-boxed wpr-particle-no wpr-jarallax-no wpr-parallax-no wpr-sticky-section-no wpr-equal-height-no e-con e-parent\" data-id=\"b7cb95e\" data-element_type=\"container\" data-e-type=\"container\">\n\t\t\t\t\t<div class=\"e-con-inner\">\n\t\t<div class=\"elementor-element elementor-element-b949b41 e-con-full e-flex wpr-particle-no wpr-jarallax-no wpr-parallax-no wpr-sticky-section-no wpr-equal-height-no e-con e-child\" data-id=\"b949b41\" data-element_type=\"container\" data-e-type=\"container\">\n\t\t\t\t<div class=\"elementor-element elementor-element-c157014 elementor-widget__width-initial elementor-widget-mobile__width-initial elementor-widget elementor-widget-eael-adv-accordion\" data-id=\"c157014\" data-element_type=\"widget\" data-e-type=\"widget\" data-widget_type=\"eael-adv-accordion.default\">\n\t\t\t\t<div class=\"elementor-widget-container\">\n\t\t\t\t\t            <div class=\"eael-adv-accordion\" id=\"eael-adv-accordion-c157014\" data-scroll-on-click=\"no\" data-scroll-speed=\"300\" data-accordion-id=\"c157014\" data-accordion-type=\"accordion\" data-toogle-speed=\"300\">\n            <div class=\"eael-accordion-list\">\n\t\t\t\t\t<div id=\"comment-utiliser-la-gele-dmaquillante-\" class=\"elementor-tab-title eael-accordion-header\" tabindex=\"0\" data-tab=\"1\" aria-controls=\"elementor-tab-content-2021\"><span class=\"eael-advanced-accordion-icon-closed\"><svg aria-hidden=\"true\" class=\"fa-accordion-icon e-font-icon-svg e-fas-plus\" viewBox=\"0 0 448 512\" xmlns=\"http:\/\/www.w3.org\/2000\/svg\"><path d=\"M416 208H272V64c0-17.67-14.33-32-32-32h-32c-17.67 0-32 14.33-32 32v144H32c-17.67 0-32 14.33-32 32v32c0 17.67 14.33 32 32 32h144v144c0 17.67 14.33 32 32 32h32c17.67 0 32-14.33 32-32V304h144c17.67 0 32-14.33 32-32v-32c0-17.67-14.33-32-32-32z\"><\/path><\/svg><\/span><span class=\"eael-advanced-accordion-icon-opened\"><svg aria-hidden=\"true\" class=\"fa-accordion-icon e-font-icon-svg e-fas-minus\" viewBox=\"0 0 448 512\" xmlns=\"http:\/\/www.w3.org\/2000\/svg\"><path d=\"M416 208H32c-17.67 0-32 14.33-32 32v32c0 17.67 14.33 32 32 32h384c17.67 0 32-14.33 32-32v-32c0-17.67-14.33-32-32-32z\"><\/path><\/svg><\/span><span class=\"eael-accordion-tab-title\">Comment utiliser la Gel\u00e9e D\u00e9maquillante ?<\/span><svg aria-hidden=\"true\" class=\"fa-toggle e-font-icon-svg e-fas-angle-right\" viewBox=\"0 0 256 512\" xmlns=\"http:\/\/www.w3.org\/2000\/svg\"><path d=\"M224.3 273l-136 136c-9.4 9.4-24.6 9.4-33.9 0l-22.6-22.6c-9.4-9.4-9.4-24.6 0-33.9l96.4-96.4-96.4-96.4c-9.4-9.4-9.4-24.6 0-33.9L54.3 103c9.4-9.4 24.6-9.4 33.9 0l136 136c9.5 9.4 9.5 24.6.1 34z\"><\/path><\/svg><\/div><div id=\"elementor-tab-content-2021\" class=\"eael-accordion-content clearfix\" data-tab=\"1\" aria-labelledby=\"comment-utiliser-la-gele-dmaquillante-\"><ol><li>Pr\u00e9levez une noisette de gel\u00e9e avec les doigts propres et secs<\/li><li>Massez doucement sur peau s\u00e8che (elle dissout le maquillage et le s\u00e9bum)<\/li><li>Ajoutez un peu d\u2019eau pour transformer la gel\u00e9e en lait<\/li><li>Massez de nouveau pour \u00e9liminer toutes les impuret\u00e9s<\/li><li>Rincez \u00e0 l\u2019eau claire et s\u00e9chez d\u00e9licatement<\/li><\/ol><p><strong>Astuce<\/strong> : Id\u00e9ale pour les adeptes du nettoyage doux, en un seul geste. Vous pouvez aussi l\u2019utiliser en premi\u00e8re \u00e9tape d\u2019un double nettoyage.<\/p><\/div>\n\t\t\t\t\t<\/div><div class=\"eael-accordion-list\">\n\t\t\t\t\t<div id=\"pourquoi-cette-gele-est-unique-\" class=\"elementor-tab-title eael-accordion-header\" tabindex=\"0\" data-tab=\"2\" aria-controls=\"elementor-tab-content-2022\"><span class=\"eael-advanced-accordion-icon-closed\"><svg aria-hidden=\"true\" class=\"fa-accordion-icon e-font-icon-svg e-fas-plus\" viewBox=\"0 0 448 512\" xmlns=\"http:\/\/www.w3.org\/2000\/svg\"><path d=\"M416 208H272V64c0-17.67-14.33-32-32-32h-32c-17.67 0-32 14.33-32 32v144H32c-17.67 0-32 14.33-32 32v32c0 17.67 14.33 32 32 32h144v144c0 17.67 14.33 32 32 32h32c17.67 0 32-14.33 32-32V304h144c17.67 0 32-14.33 32-32v-32c0-17.67-14.33-32-32-32z\"><\/path><\/svg><\/span><span class=\"eael-advanced-accordion-icon-opened\"><svg aria-hidden=\"true\" class=\"fa-accordion-icon e-font-icon-svg e-fas-minus\" viewBox=\"0 0 448 512\" xmlns=\"http:\/\/www.w3.org\/2000\/svg\"><path d=\"M416 208H32c-17.67 0-32 14.33-32 32v32c0 17.67 14.33 32 32 32h384c17.67 0 32-14.33 32-32v-32c0-17.67-14.33-32-32-32z\"><\/path><\/svg><\/span><span class=\"eael-accordion-tab-title\">Pourquoi cette gel\u00e9e est unique ?<\/span><svg aria-hidden=\"true\" class=\"fa-toggle e-font-icon-svg e-fas-angle-right\" viewBox=\"0 0 256 512\" xmlns=\"http:\/\/www.w3.org\/2000\/svg\"><path d=\"M224.3 273l-136 136c-9.4 9.4-24.6 9.4-33.9 0l-22.6-22.6c-9.4-9.4-9.4-24.6 0-33.9l96.4-96.4-96.4-96.4c-9.4-9.4-9.4-24.6 0-33.9L54.3 103c9.4-9.4 24.6-9.4 33.9 0l136 136c9.5 9.4 9.5 24.6.1 34z\"><\/path><\/svg><\/div><div id=\"elementor-tab-content-2022\" class=\"eael-accordion-content clearfix\" data-tab=\"2\" aria-labelledby=\"pourquoi-cette-gele-est-unique-\"><p>Chez SU\u00c8NH, simplicit\u00e9 rime avec efficacit\u00e9. Cette gel\u00e9e a \u00e9t\u00e9 pens\u00e9e pour vous offrir un nettoyage respectueux de votre peau, sans compromis.<\/p><ul><li><strong>Mac\u00e9r\u00e2t de calendula dans l\u2019huile de tournesol<\/strong> : Cultiv\u00e9es, r\u00e9colt\u00e9es et transform\u00e9es par nos soins, les fleurs de calendula apaisent et r\u00e9g\u00e9n\u00e8rent la peau. L\u2019huile dissout en douceur le maquillage et le s\u00e9bum.<br \/>\u2022 <strong>Glyc\u00e9rine v\u00e9g\u00e9tale<\/strong> : Naturellement humectante, elle hydrate et prot\u00e8ge la peau du dess\u00e8chement.<br \/>\u2022 <strong>Vitamine E naturelle (tocoph\u00e9rol)<\/strong> : Pour pr\u00e9server la formule et prendre soin de votre peau, naturellement.<\/li><\/ul><p>Sans parfum, sans huiles essentielles, sans conservateurs \u2013 juste l\u2019essentiel pour respecter toutes les peaux, m\u00eame les plus sensibles.<\/p><\/div>\n\t\t\t\t\t<\/div><div class=\"eael-accordion-list\">\n\t\t\t\t\t<div id=\"engagements-de-la-marque\" class=\"elementor-tab-title eael-accordion-header\" tabindex=\"0\" data-tab=\"3\" aria-controls=\"elementor-tab-content-2023\"><span class=\"eael-advanced-accordion-icon-closed\"><svg aria-hidden=\"true\" class=\"fa-accordion-icon e-font-icon-svg e-fas-plus\" viewBox=\"0 0 448 512\" xmlns=\"http:\/\/www.w3.org\/2000\/svg\"><path d=\"M416 208H272V64c0-17.67-14.33-32-32-32h-32c-17.67 0-32 14.33-32 32v144H32c-17.67 0-32 14.33-32 32v32c0 17.67 14.33 32 32 32h144v144c0 17.67 14.33 32 32 32h32c17.67 0 32-14.33 32-32V304h144c17.67 0 32-14.33 32-32v-32c0-17.67-14.33-32-32-32z\"><\/path><\/svg><\/span><span class=\"eael-advanced-accordion-icon-opened\"><svg aria-hidden=\"true\" class=\"fa-accordion-icon e-font-icon-svg e-fas-minus\" viewBox=\"0 0 448 512\" xmlns=\"http:\/\/www.w3.org\/2000\/svg\"><path d=\"M416 208H32c-17.67 0-32 14.33-32 32v32c0 17.67 14.33 32 32 32h384c17.67 0 32-14.33 32-32v-32c0-17.67-14.33-32-32-32z\"><\/path><\/svg><\/span><span class=\"eael-accordion-tab-title\">Engagements de la marque<\/span><svg aria-hidden=\"true\" class=\"fa-toggle e-font-icon-svg e-fas-angle-right\" viewBox=\"0 0 256 512\" xmlns=\"http:\/\/www.w3.org\/2000\/svg\"><path d=\"M224.3 273l-136 136c-9.4 9.4-24.6 9.4-33.9 0l-22.6-22.6c-9.4-9.4-9.4-24.6 0-33.9l96.4-96.4-96.4-96.4c-9.4-9.4-9.4-24.6 0-33.9L54.3 103c9.4-9.4 24.6-9.4 33.9 0l136 136c9.5 9.4 9.5 24.6.1 34z\"><\/path><\/svg><\/div><div id=\"elementor-tab-content-2023\" class=\"eael-accordion-content clearfix\" data-tab=\"3\" aria-labelledby=\"engagements-de-la-marque\"><ul><li><strong>Ingr\u00e9dients locaux et tra\u00e7ables<\/strong> : Mac\u00e9r\u00e2t de fleurs cultiv\u00e9es sur nos terres, dans une huile de qualit\u00e9.<br \/>\u2022 <strong>Formule courte, sans superflu<\/strong> : Pas de parfum, pas d\u2019\u00e9mulsifiants agressifs, pas d\u2019agents moussants.<br \/>\u2022 <strong>Fabrication artisanale<\/strong> : R\u00e9alis\u00e9e en petites s\u00e9ries, \u00e0 la main, dans notre atelier en Occitanie.<br \/>\u2022 <strong>Respect du vivant<\/strong> : Vegan, en pot de verre recyclable.<\/li><\/ul><\/div>\n\t\t\t\t\t<\/div><\/div>\t\t\t\t<\/div>\n\t\t\t\t<\/div>\n\t\t\t\t<\/div>\n\t\t<div class=\"elementor-element elementor-element-ea01f83 e-con-full e-flex wpr-particle-no wpr-jarallax-no wpr-parallax-no wpr-sticky-section-no wpr-equal-height-no e-con e-child\" data-id=\"ea01f83\" data-element_type=\"container\" data-e-type=\"container\">\n\t\t\t\t<div class=\"elementor-element elementor-element-fc6cf98 elementor-widget__width-initial elementor-widget elementor-widget-image\" data-id=\"fc6cf98\" data-element_type=\"widget\" data-e-type=\"widget\" data-widget_type=\"image.default\">\n\t\t\t\t<div class=\"elementor-widget-container\">\n\t\t\t\t\t\t\t\t\t\t\t\t\t\t\t<img fetchpriority=\"high\" decoding=\"async\" width=\"800\" height=\"800\" src=\"https:\/\/suenhcosmetics.fr\/wp-content\/uploads\/2024\/07\/image00004.png\" class=\"attachment-large size-large wp-image-1822\" alt=\"\" srcset=\"https:\/\/suenhcosmetics.fr\/wp-content\/uploads\/2024\/07\/image00004.png 800w, https:\/\/suenhcosmetics.fr\/wp-content\/uploads\/2024\/07\/image00004-300x300.png 300w, https:\/\/suenhcosmetics.fr\/wp-content\/uploads\/2024\/07\/image00004-150x150.png 150w, https:\/\/suenhcosmetics.fr\/wp-content\/uploads\/2024\/07\/image00004-768x768.png 768w, https:\/\/suenhcosmetics.fr\/wp-content\/uploads\/2024\/07\/image00004-600x600.png 600w, https:\/\/suenhcosmetics.fr\/wp-content\/uploads\/2024\/07\/image00004-100x100.png 100w\" sizes=\"(max-width: 800px) 100vw, 800px\" \/>\t\t\t\t\t\t\t\t\t\t\t\t\t\t\t<\/div>\n\t\t\t\t<\/div>\n\t\t\t\t<\/div>\n\t\t\t\t\t<\/div>\n\t\t\t\t<\/div>\n\t\t\t\t<\/div>\n\t\t","protected":false},"excerpt":{"rendered":"<div class=\"suenh-product-box\">\n<div class=\"suenh-tags\"><span class=\"suenh-tag\">Toutes peaux, m\u00eame sensibles<\/span><br \/>\n<span class=\"suenh-tag\">100% d\u2019origine naturelle<\/span><br \/>\n<span class=\"suenh-tag\">Fait main en Occitanie<\/span><\/div>\n<p class=\"suenh-ml\">50g | Jusqu\u2019\u00e0 3 mois d\u2019utilisation<\/p>\n<h3 class=\"suenh-title\">D\u00c9MAQUILLE \u2013 NETTOIE \u2013 HYDRATE<\/h3>\n<p>D\u00e9couvrez une nouvelle gestuelle de nettoyage visage avec cette gel\u00e9e sensorielle, douce et efficace.<br \/>\nElle fond au contact de la peau, se transforme en lait au contact de l\u2019eau et laisse le teint frais, souple et apais\u00e9.<\/p>\n<ul class=\"suenh-list\">\n<li><strong>Dissout maquillage<\/strong>, exc\u00e8s de s\u00e9bum et particules de pollution<\/li>\n<li><strong>Nettoie<\/strong> sans agresser ni dess\u00e9cher<\/li>\n<li><strong>Apaise et prot\u00e8ge<\/strong> les peaux sensibles<\/li>\n<li><strong>Peau propre<\/strong>, douce, sans film gras ni tiraillement<\/li>\n<\/ul>\n<p>Sa couleur orang\u00e9e, sa texture unique huile-en-gel et sa composition ultra-courte font d\u2019elle un soin minimaliste mais redoutablement efficace.<br \/>\nElle remplace \u00e0 elle seule un d\u00e9maquillant, un nettoyant et un soin hydratant l\u00e9ger.<\/p>\n<p><strong>Formule minimaliste &amp; bien pens\u00e9e : 3 ingr\u00e9dients naturels seulement.<\/strong><\/p>\n<\/div>\n","protected":false},"featured_media":5125,"comment_status":"open","ping_status":"closed","template":"","meta":{"site-sidebar-layout":"default","site-content-layout":"","ast-site-content-layout":"normal-width-container","site-content-style":"unboxed","site-sidebar-style":"unboxed","ast-global-header-display":"","ast-banner-title-visibility":"","ast-main-header-display":"","ast-hfb-above-header-display":"","ast-hfb-below-header-display":"","ast-hfb-mobile-header-display":"","site-post-title":"","ast-breadcrumbs-content":"","ast-featured-img":"","footer-sml-layout":"","ast-disable-related-posts":"","theme-transparent-header-meta":"default","adv-header-id-meta":"","stick-header-meta":"","header-above-stick-meta":"","header-main-stick-meta":"","header-below-stick-meta":"","astra-migrate-meta-layouts":"set","ast-page-background-enabled":"default","ast-page-background-meta":{"desktop":{"background-color":"var(--ast-global-color-5)","background-image":"","background-repeat":"repeat","background-position":"center center","background-size":"auto","background-attachment":"scroll","background-type":"","background-media":"","overlay-type":"","overlay-color":"","overlay-opacity":"","overlay-gradient":""},"tablet":{"background-color":"","background-image":"","background-repeat":"repeat","background-position":"center center","background-size":"auto","background-attachment":"scroll","background-type":"","background-media":"","overlay-type":"","overlay-color":"","overlay-opacity":"","overlay-gradient":""},"mobile":{"background-color":"","background-image":"","background-repeat":"repeat","background-position":"center center","background-size":"auto","background-attachment":"scroll","background-type":"","background-media":"","overlay-type":"","overlay-color":"","overlay-opacity":"","overlay-gradient":""}},"ast-content-background-meta":{"desktop":{"background-color":"var(--ast-global-color-4)","background-image":"","background-repeat":"repeat","background-position":"center center","background-size":"auto","background-attachment":"scroll","background-type":"","background-media":"","overlay-type":"","overlay-color":"","overlay-opacity":"","overlay-gradient":""},"tablet":{"background-color":"var(--ast-global-color-4)","background-image":"","background-repeat":"repeat","background-position":"center center","background-size":"auto","background-attachment":"scroll","background-type":"","background-media":"","overlay-type":"","overlay-color":"","overlay-opacity":"","overlay-gradient":""},"mobile":{"background-color":"var(--ast-global-color-4)","background-image":"","background-repeat":"repeat","background-position":"center center","background-size":"auto","background-attachment":"scroll","background-type":"","background-media":"","overlay-type":"","overlay-color":"","overlay-opacity":"","overlay-gradient":""}}},"product_brand":[],"product_cat":[48,56,20,55],"product_tag":[41],"class_list":{"0":"post-1233","1":"product","2":"type-product","3":"status-publish","4":"has-post-thumbnail","6":"product_cat-nettoyants-visage","7":"product_cat-peaux-sensibles","8":"product_cat-soins-visages","9":"product_cat-teint-terne","10":"product_tag-gelee","11":"desktop-align-left","12":"tablet-align-left","13":"mobile-align-left","15":"first","16":"instock","17":"purchasable","18":"product-type-simple"},"yoast_head":"<!-- This site is optimized with the Yoast SEO plugin v27.5 - https:\/\/yoast.com\/product\/yoast-seo-wordpress\/ -->\n<title>Gel\u00e9e D\u00e9maquillante Calendula \u2013 Nettoyant | Suenh Cosmetics<\/title>\n<meta name=\"description\" content=\"Gel\u00e9e d\u00e9maquillante au calendula. Nettoie, hydrate et apaise. Texture huile-en-gel, 100% naturelle, m\u00eame peaux sensibles.\" \/>\n<meta name=\"robots\" content=\"index, follow, max-snippet:-1, max-image-preview:large, max-video-preview:-1\" \/>\n<link rel=\"canonical\" href=\"https:\/\/suenhcosmetics.fr\/index.php\/produit\/gelee-demaquillante-nettoyante-calendula\/\" \/>\n<meta property=\"og:locale\" content=\"fr_FR\" \/>\n<meta property=\"og:type\" content=\"article\" \/>\n<meta property=\"og:title\" content=\"Gel\u00e9e D\u00e9maquillante Calendula \u2013 Nettoyant | Suenh Cosmetics\" \/>\n<meta property=\"og:description\" content=\"Gel\u00e9e d\u00e9maquillante au calendula. Nettoie, hydrate et apaise. Texture huile-en-gel, 100% naturelle, m\u00eame peaux sensibles.\" \/>\n<meta property=\"og:url\" content=\"https:\/\/suenhcosmetics.fr\/index.php\/produit\/gelee-demaquillante-nettoyante-calendula\/\" \/>\n<meta property=\"article:modified_time\" content=\"2026-04-25T04:18:09+00:00\" \/>\n<meta property=\"og:image\" content=\"https:\/\/suenhcosmetics.fr\/wp-content\/uploads\/2024\/01\/gelee-canva-allegee.jpg\" \/>\n\t<meta property=\"og:image:width\" content=\"800\" \/>\n\t<meta property=\"og:image:height\" content=\"800\" \/>\n\t<meta property=\"og:image:type\" content=\"image\/jpeg\" \/>\n<meta name=\"twitter:card\" content=\"summary_large_image\" \/>\n<meta name=\"twitter:label1\" content=\"Dur\u00e9e de lecture estim\u00e9e\" \/>\n\t<meta name=\"twitter:data1\" content=\"2 minutes\" \/>\n<script type=\"application\/ld+json\" class=\"yoast-schema-graph\">{\"@context\":\"https:\\\/\\\/schema.org\",\"@graph\":[{\"@type\":\"WebPage\",\"@id\":\"https:\\\/\\\/suenhcosmetics.fr\\\/index.php\\\/produit\\\/gelee-demaquillante-nettoyante-calendula\\\/\",\"url\":\"https:\\\/\\\/suenhcosmetics.fr\\\/index.php\\\/produit\\\/gelee-demaquillante-nettoyante-calendula\\\/\",\"name\":\"Gel\u00e9e D\u00e9maquillante Calendula \u2013 Nettoyant | Suenh Cosmetics\",\"isPartOf\":{\"@id\":\"https:\\\/\\\/suenhcosmetics.fr\\\/#website\"},\"primaryImageOfPage\":{\"@id\":\"https:\\\/\\\/suenhcosmetics.fr\\\/index.php\\\/produit\\\/gelee-demaquillante-nettoyante-calendula\\\/#primaryimage\"},\"image\":{\"@id\":\"https:\\\/\\\/suenhcosmetics.fr\\\/index.php\\\/produit\\\/gelee-demaquillante-nettoyante-calendula\\\/#primaryimage\"},\"thumbnailUrl\":\"https:\\\/\\\/suenhcosmetics.fr\\\/wp-content\\\/uploads\\\/2024\\\/01\\\/gelee-canva-allegee.jpg\",\"datePublished\":\"2024-01-31T16:40:17+00:00\",\"dateModified\":\"2026-04-25T04:18:09+00:00\",\"description\":\"Gel\u00e9e d\u00e9maquillante au calendula. Nettoie, hydrate et apaise. Texture huile-en-gel, 100% naturelle, m\u00eame peaux sensibles.\",\"breadcrumb\":{\"@id\":\"https:\\\/\\\/suenhcosmetics.fr\\\/index.php\\\/produit\\\/gelee-demaquillante-nettoyante-calendula\\\/#breadcrumb\"},\"inLanguage\":\"fr-FR\",\"potentialAction\":[{\"@type\":\"ReadAction\",\"target\":[\"https:\\\/\\\/suenhcosmetics.fr\\\/index.php\\\/produit\\\/gelee-demaquillante-nettoyante-calendula\\\/\"]}]},{\"@type\":\"ImageObject\",\"inLanguage\":\"fr-FR\",\"@id\":\"https:\\\/\\\/suenhcosmetics.fr\\\/index.php\\\/produit\\\/gelee-demaquillante-nettoyante-calendula\\\/#primaryimage\",\"url\":\"https:\\\/\\\/suenhcosmetics.fr\\\/wp-content\\\/uploads\\\/2024\\\/01\\\/gelee-canva-allegee.jpg\",\"contentUrl\":\"https:\\\/\\\/suenhcosmetics.fr\\\/wp-content\\\/uploads\\\/2024\\\/01\\\/gelee-canva-allegee.jpg\",\"width\":800,\"height\":800},{\"@type\":\"BreadcrumbList\",\"@id\":\"https:\\\/\\\/suenhcosmetics.fr\\\/index.php\\\/produit\\\/gelee-demaquillante-nettoyante-calendula\\\/#breadcrumb\",\"itemListElement\":[{\"@type\":\"ListItem\",\"position\":1,\"name\":\"Accueil\",\"item\":\"https:\\\/\\\/suenhcosmetics.fr\\\/\"},{\"@type\":\"ListItem\",\"position\":2,\"name\":\"Produits\",\"item\":\"https:\\\/\\\/suenhcosmetics.fr\\\/index.php\\\/shop\\\/\"},{\"@type\":\"ListItem\",\"position\":3,\"name\":\"Gel\u00e9e D\u00e9maquillante | Calendula\"}]},{\"@type\":\"WebSite\",\"@id\":\"https:\\\/\\\/suenhcosmetics.fr\\\/#website\",\"url\":\"https:\\\/\\\/suenhcosmetics.fr\\\/\",\"name\":\"\",\"description\":\"\",\"publisher\":{\"@id\":\"https:\\\/\\\/suenhcosmetics.fr\\\/#organization\"},\"potentialAction\":[{\"@type\":\"SearchAction\",\"target\":{\"@type\":\"EntryPoint\",\"urlTemplate\":\"https:\\\/\\\/suenhcosmetics.fr\\\/?s={search_term_string}\"},\"query-input\":{\"@type\":\"PropertyValueSpecification\",\"valueRequired\":true,\"valueName\":\"search_term_string\"}}],\"inLanguage\":\"fr-FR\"},{\"@type\":\"Organization\",\"@id\":\"https:\\\/\\\/suenhcosmetics.fr\\\/#organization\",\"name\":\"SUENH Cosmetics\",\"url\":\"https:\\\/\\\/suenhcosmetics.fr\\\/\",\"logo\":{\"@type\":\"ImageObject\",\"inLanguage\":\"fr-FR\",\"@id\":\"https:\\\/\\\/suenhcosmetics.fr\\\/#\\\/schema\\\/logo\\\/image\\\/\",\"url\":\"https:\\\/\\\/suenhcosmetics.fr\\\/wp-content\\\/uploads\\\/2025\\\/06\\\/cropped-Wispiration-4.png\",\"contentUrl\":\"https:\\\/\\\/suenhcosmetics.fr\\\/wp-content\\\/uploads\\\/2025\\\/06\\\/cropped-Wispiration-4.png\",\"width\":180,\"height\":60,\"caption\":\"SUENH Cosmetics\"},\"image\":{\"@id\":\"https:\\\/\\\/suenhcosmetics.fr\\\/#\\\/schema\\\/logo\\\/image\\\/\"}}]}<\/script>\n<!-- \/ Yoast SEO plugin. -->","yoast_head_json":{"title":"Gel\u00e9e D\u00e9maquillante Calendula \u2013 Nettoyant | Suenh Cosmetics","description":"Gel\u00e9e d\u00e9maquillante au calendula. Nettoie, hydrate et apaise. Texture huile-en-gel, 100% naturelle, m\u00eame peaux sensibles.","robots":{"index":"index","follow":"follow","max-snippet":"max-snippet:-1","max-image-preview":"max-image-preview:large","max-video-preview":"max-video-preview:-1"},"canonical":"https:\/\/suenhcosmetics.fr\/index.php\/produit\/gelee-demaquillante-nettoyante-calendula\/","og_locale":"fr_FR","og_type":"article","og_title":"Gel\u00e9e D\u00e9maquillante Calendula \u2013 Nettoyant | Suenh Cosmetics","og_description":"Gel\u00e9e d\u00e9maquillante au calendula. Nettoie, hydrate et apaise. Texture huile-en-gel, 100% naturelle, m\u00eame peaux sensibles.","og_url":"https:\/\/suenhcosmetics.fr\/index.php\/produit\/gelee-demaquillante-nettoyante-calendula\/","article_modified_time":"2026-04-25T04:18:09+00:00","og_image":[{"width":800,"height":800,"url":"https:\/\/suenhcosmetics.fr\/wp-content\/uploads\/2024\/01\/gelee-canva-allegee.jpg","type":"image\/jpeg"}],"twitter_card":"summary_large_image","twitter_misc":{"Dur\u00e9e de lecture estim\u00e9e":"2 minutes"},"schema":{"@context":"https:\/\/schema.org","@graph":[{"@type":"WebPage","@id":"https:\/\/suenhcosmetics.fr\/index.php\/produit\/gelee-demaquillante-nettoyante-calendula\/","url":"https:\/\/suenhcosmetics.fr\/index.php\/produit\/gelee-demaquillante-nettoyante-calendula\/","name":"Gel\u00e9e D\u00e9maquillante Calendula \u2013 Nettoyant | Suenh Cosmetics","isPartOf":{"@id":"https:\/\/suenhcosmetics.fr\/#website"},"primaryImageOfPage":{"@id":"https:\/\/suenhcosmetics.fr\/index.php\/produit\/gelee-demaquillante-nettoyante-calendula\/#primaryimage"},"image":{"@id":"https:\/\/suenhcosmetics.fr\/index.php\/produit\/gelee-demaquillante-nettoyante-calendula\/#primaryimage"},"thumbnailUrl":"https:\/\/suenhcosmetics.fr\/wp-content\/uploads\/2024\/01\/gelee-canva-allegee.jpg","datePublished":"2024-01-31T16:40:17+00:00","dateModified":"2026-04-25T04:18:09+00:00","description":"Gel\u00e9e d\u00e9maquillante au calendula. Nettoie, hydrate et apaise. Texture huile-en-gel, 100% naturelle, m\u00eame peaux sensibles.","breadcrumb":{"@id":"https:\/\/suenhcosmetics.fr\/index.php\/produit\/gelee-demaquillante-nettoyante-calendula\/#breadcrumb"},"inLanguage":"fr-FR","potentialAction":[{"@type":"ReadAction","target":["https:\/\/suenhcosmetics.fr\/index.php\/produit\/gelee-demaquillante-nettoyante-calendula\/"]}]},{"@type":"ImageObject","inLanguage":"fr-FR","@id":"https:\/\/suenhcosmetics.fr\/index.php\/produit\/gelee-demaquillante-nettoyante-calendula\/#primaryimage","url":"https:\/\/suenhcosmetics.fr\/wp-content\/uploads\/2024\/01\/gelee-canva-allegee.jpg","contentUrl":"https:\/\/suenhcosmetics.fr\/wp-content\/uploads\/2024\/01\/gelee-canva-allegee.jpg","width":800,"height":800},{"@type":"BreadcrumbList","@id":"https:\/\/suenhcosmetics.fr\/index.php\/produit\/gelee-demaquillante-nettoyante-calendula\/#breadcrumb","itemListElement":[{"@type":"ListItem","position":1,"name":"Accueil","item":"https:\/\/suenhcosmetics.fr\/"},{"@type":"ListItem","position":2,"name":"Produits","item":"https:\/\/suenhcosmetics.fr\/index.php\/shop\/"},{"@type":"ListItem","position":3,"name":"Gel\u00e9e D\u00e9maquillante | Calendula"}]},{"@type":"WebSite","@id":"https:\/\/suenhcosmetics.fr\/#website","url":"https:\/\/suenhcosmetics.fr\/","name":"","description":"","publisher":{"@id":"https:\/\/suenhcosmetics.fr\/#organization"},"potentialAction":[{"@type":"SearchAction","target":{"@type":"EntryPoint","urlTemplate":"https:\/\/suenhcosmetics.fr\/?s={search_term_string}"},"query-input":{"@type":"PropertyValueSpecification","valueRequired":true,"valueName":"search_term_string"}}],"inLanguage":"fr-FR"},{"@type":"Organization","@id":"https:\/\/suenhcosmetics.fr\/#organization","name":"SUENH Cosmetics","url":"https:\/\/suenhcosmetics.fr\/","logo":{"@type":"ImageObject","inLanguage":"fr-FR","@id":"https:\/\/suenhcosmetics.fr\/#\/schema\/logo\/image\/","url":"https:\/\/suenhcosmetics.fr\/wp-content\/uploads\/2025\/06\/cropped-Wispiration-4.png","contentUrl":"https:\/\/suenhcosmetics.fr\/wp-content\/uploads\/2025\/06\/cropped-Wispiration-4.png","width":180,"height":60,"caption":"SUENH Cosmetics"},"image":{"@id":"https:\/\/suenhcosmetics.fr\/#\/schema\/logo\/image\/"}}]}},"_links":{"self":[{"href":"https:\/\/suenhcosmetics.fr\/index.php\/wp-json\/wp\/v2\/product\/1233","targetHints":{"allow":["GET"]}}],"collection":[{"href":"https:\/\/suenhcosmetics.fr\/index.php\/wp-json\/wp\/v2\/product"}],"about":[{"href":"https:\/\/suenhcosmetics.fr\/index.php\/wp-json\/wp\/v2\/types\/product"}],"replies":[{"embeddable":true,"href":"https:\/\/suenhcosmetics.fr\/index.php\/wp-json\/wp\/v2\/comments?post=1233"}],"version-history":[{"count":2,"href":"https:\/\/suenhcosmetics.fr\/index.php\/wp-json\/wp\/v2\/product\/1233\/revisions"}],"predecessor-version":[{"id":4947,"href":"https:\/\/suenhcosmetics.fr\/index.php\/wp-json\/wp\/v2\/product\/1233\/revisions\/4947"}],"wp:featuredmedia":[{"embeddable":true,"href":"https:\/\/suenhcosmetics.fr\/index.php\/wp-json\/wp\/v2\/media\/5125"}],"wp:attachment":[{"href":"https:\/\/suenhcosmetics.fr\/index.php\/wp-json\/wp\/v2\/media?parent=1233"}],"wp:term":[{"taxonomy":"product_brand","embeddable":true,"href":"https:\/\/suenhcosmetics.fr\/index.php\/wp-json\/wp\/v2\/product_brand?post=1233"},{"taxonomy":"product_cat","embeddable":true,"href":"https:\/\/suenhcosmetics.fr\/index.php\/wp-json\/wp\/v2\/product_cat?post=1233"},{"taxonomy":"product_tag","embeddable":true,"href":"https:\/\/suenhcosmetics.fr\/index.php\/wp-json\/wp\/v2\/product_tag?post=1233"}],"curies":[{"name":"wp","href":"https:\/\/api.w.org\/{rel}","templated":true}]}}