{"id":1300,"date":"2024-11-26T21:36:15","date_gmt":"2024-11-26T20:36:15","guid":{"rendered":"https:\/\/www.test.suenhcosmetics.fr\/?post_type=product&#038;p=1300"},"modified":"2026-04-25T06:15:12","modified_gmt":"2026-04-25T04:15:12","slug":"serum-eclat","status":"publish","type":"product","link":"https:\/\/suenhcosmetics.fr\/index.php\/produit\/serum-eclat\/","title":{"rendered":"S\u00e9rum \u00c9clat \u2013 L\u2019Or Sauvage"},"content":{"rendered":"\t\t<div data-elementor-type=\"wp-post\" data-elementor-id=\"1300\" class=\"elementor elementor-1300\">\n\t\t\t\t<div class=\"elementor-element elementor-element-d332d52 e-flex e-con-boxed wpr-particle-no wpr-jarallax-no wpr-parallax-no wpr-sticky-section-no wpr-equal-height-no e-con e-parent\" data-id=\"d332d52\" data-element_type=\"container\" data-e-type=\"container\">\n\t\t\t\t\t<div class=\"e-con-inner\">\n\t\t<div class=\"elementor-element elementor-element-9d88618 e-con-full e-flex wpr-particle-no wpr-jarallax-no wpr-parallax-no wpr-sticky-section-no wpr-equal-height-no e-con e-child\" data-id=\"9d88618\" data-element_type=\"container\" data-e-type=\"container\">\n\t\t\t\t<div class=\"elementor-element elementor-element-546b998 elementor-widget__width-initial elementor-widget-mobile__width-initial elementor-widget elementor-widget-eael-adv-accordion\" data-id=\"546b998\" data-element_type=\"widget\" data-e-type=\"widget\" data-widget_type=\"eael-adv-accordion.default\">\n\t\t\t\t<div class=\"elementor-widget-container\">\n\t\t\t\t\t            <div class=\"eael-adv-accordion\" id=\"eael-adv-accordion-546b998\" data-scroll-on-click=\"no\" data-scroll-speed=\"300\" data-accordion-id=\"546b998\" data-accordion-type=\"accordion\" data-toogle-speed=\"300\">\n            <div class=\"eael-accordion-list\">\n\t\t\t\t\t<div id=\"comment-utiliser-notre-srum-eclat-\" class=\"elementor-tab-title eael-accordion-header\" tabindex=\"0\" data-tab=\"1\" aria-controls=\"elementor-tab-content-8851\"><span class=\"eael-advanced-accordion-icon-closed\"><svg aria-hidden=\"true\" class=\"fa-accordion-icon e-font-icon-svg e-fas-plus\" viewBox=\"0 0 448 512\" xmlns=\"http:\/\/www.w3.org\/2000\/svg\"><path d=\"M416 208H272V64c0-17.67-14.33-32-32-32h-32c-17.67 0-32 14.33-32 32v144H32c-17.67 0-32 14.33-32 32v32c0 17.67 14.33 32 32 32h144v144c0 17.67 14.33 32 32 32h32c17.67 0 32-14.33 32-32V304h144c17.67 0 32-14.33 32-32v-32c0-17.67-14.33-32-32-32z\"><\/path><\/svg><\/span><span class=\"eael-advanced-accordion-icon-opened\"><svg aria-hidden=\"true\" class=\"fa-accordion-icon e-font-icon-svg e-fas-minus\" viewBox=\"0 0 448 512\" xmlns=\"http:\/\/www.w3.org\/2000\/svg\"><path d=\"M416 208H32c-17.67 0-32 14.33-32 32v32c0 17.67 14.33 32 32 32h384c17.67 0 32-14.33 32-32v-32c0-17.67-14.33-32-32-32z\"><\/path><\/svg><\/span><span class=\"eael-accordion-tab-title\">Comment utiliser notre s\u00e9rum Eclat ? <\/span><svg aria-hidden=\"true\" class=\"fa-toggle e-font-icon-svg e-fas-angle-right\" viewBox=\"0 0 256 512\" xmlns=\"http:\/\/www.w3.org\/2000\/svg\"><path d=\"M224.3 273l-136 136c-9.4 9.4-24.6 9.4-33.9 0l-22.6-22.6c-9.4-9.4-9.4-24.6 0-33.9l96.4-96.4-96.4-96.4c-9.4-9.4-9.4-24.6 0-33.9L54.3 103c9.4-9.4 24.6-9.4 33.9 0l136 136c9.5 9.4 9.5 24.6.1 34z\"><\/path><\/svg><\/div><div id=\"elementor-tab-content-8851\" class=\"eael-accordion-content clearfix\" data-tab=\"1\" aria-labelledby=\"comment-utiliser-notre-srum-eclat-\"><ul><li>Appliquez matin et\/ou soir sur une peau propre.<\/li><li>D\u00e9posez 2 \u00e0 3 gouttes au creux de vos mains, puis massez d\u00e9licatement sur le visage et le cou.<\/li><li>Pour un boost d\u2019hydratation et multiplier les effets de votre s\u00e9rum, vaporiser l\u2019une de nos Lotions Botaniques sur le visage et appliquer le s\u00e9rum sur votre peau encore humide.<\/li><\/ul><p>Vous pouvez aussi r\u00e9aliser une cr\u00e8me \u00ab\u00a0minute\u00a0\u00bb au creux de votre main, avec 2 ou 3 gouttes de s\u00e9rum et 2 pshitt de la Lotion adapt\u00e9 \u00e0 votre type de peau, m\u00e9langer puis appliquer cette \u00e9mulsion directement sur votre visage.<\/p><p><strong>Astuce beaut\u00e9 :<\/strong> Associez le s\u00e9rum \u00e0 notre Gua Sha en bois pour un rituel raffermissant et relaxant.<\/p><\/div>\n\t\t\t\t\t<\/div><div class=\"eael-accordion-list\">\n\t\t\t\t\t<div id=\"pourquoi-ce-srum-est-unique-\" class=\"elementor-tab-title eael-accordion-header\" tabindex=\"0\" data-tab=\"2\" aria-controls=\"elementor-tab-content-8852\"><span class=\"eael-advanced-accordion-icon-closed\"><svg aria-hidden=\"true\" class=\"fa-accordion-icon e-font-icon-svg e-fas-plus\" viewBox=\"0 0 448 512\" xmlns=\"http:\/\/www.w3.org\/2000\/svg\"><path d=\"M416 208H272V64c0-17.67-14.33-32-32-32h-32c-17.67 0-32 14.33-32 32v144H32c-17.67 0-32 14.33-32 32v32c0 17.67 14.33 32 32 32h144v144c0 17.67 14.33 32 32 32h32c17.67 0 32-14.33 32-32V304h144c17.67 0 32-14.33 32-32v-32c0-17.67-14.33-32-32-32z\"><\/path><\/svg><\/span><span class=\"eael-advanced-accordion-icon-opened\"><svg aria-hidden=\"true\" class=\"fa-accordion-icon e-font-icon-svg e-fas-minus\" viewBox=\"0 0 448 512\" xmlns=\"http:\/\/www.w3.org\/2000\/svg\"><path d=\"M416 208H32c-17.67 0-32 14.33-32 32v32c0 17.67 14.33 32 32 32h384c17.67 0 32-14.33 32-32v-32c0-17.67-14.33-32-32-32z\"><\/path><\/svg><\/span><span class=\"eael-accordion-tab-title\">Pourquoi ce s\u00e9rum est unique ?<\/span><svg aria-hidden=\"true\" class=\"fa-toggle e-font-icon-svg e-fas-angle-right\" viewBox=\"0 0 256 512\" xmlns=\"http:\/\/www.w3.org\/2000\/svg\"><path d=\"M224.3 273l-136 136c-9.4 9.4-24.6 9.4-33.9 0l-22.6-22.6c-9.4-9.4-9.4-24.6 0-33.9l96.4-96.4-96.4-96.4c-9.4-9.4-9.4-24.6 0-33.9L54.3 103c9.4-9.4 24.6-9.4 33.9 0l136 136c9.5 9.4 9.5 24.6.1 34z\"><\/path><\/svg><\/div><div id=\"elementor-tab-content-8852\" class=\"eael-accordion-content clearfix\" data-tab=\"2\" aria-labelledby=\"pourquoi-ce-srum-est-unique-\"><p>Chez SU\u00c8NH, nous croyons que votre peau m\u00e9rite des ingr\u00e9dients purs et authentiques. Ce s\u00e9rum est con\u00e7u \u00e0 partir de :<\/p><ul><li><strong>Huile de faine<\/strong> : Issue des fruits du h\u00eatre de nos montagnes, elle est reconnue pour ses propri\u00e9t\u00e9s nourrissantes et protectrices et anti age..<\/li><li><strong>Huile de sapin des Vosges<\/strong> : Extraite des graines de sapin, elle prot\u00e8ge et tonifie la peau gr\u00e2ce \u00e0 sa richesse en acides gras essentiels.<\/li><li><strong>Mac\u00e9r\u00e2t de p\u00e2querettes<\/strong> : Une infusion de p\u00e2querettes de nos prairies dans de l\u2019huile de chanvre bretonne, pour un effet tonifiant et raffermissant.<\/li><\/ul><p>Chaque goutte est le fruit d\u2019un processus artisanal minutieux, qui respecte \u00e0 la fois la nature et votre peau.<\/p><p>\u00a0<\/p><p>Les bienfaits de nos ingr\u00e9dients sont issus d\u2019\u00e9tudes scientifiques disponibles et de leur usage traditionnel en cosm\u00e9tique, des fiches techniques de nos fournisseurs ainsi que de diverses sources bibliographiques et en ligne.\u00a0<\/p><\/div>\n\t\t\t\t\t<\/div><div class=\"eael-accordion-list\">\n\t\t\t\t\t<div id=\"engagements-de-la-marque\" class=\"elementor-tab-title eael-accordion-header\" tabindex=\"0\" data-tab=\"3\" aria-controls=\"elementor-tab-content-8853\"><span class=\"eael-advanced-accordion-icon-closed\"><svg aria-hidden=\"true\" class=\"fa-accordion-icon e-font-icon-svg e-fas-plus\" viewBox=\"0 0 448 512\" xmlns=\"http:\/\/www.w3.org\/2000\/svg\"><path d=\"M416 208H272V64c0-17.67-14.33-32-32-32h-32c-17.67 0-32 14.33-32 32v144H32c-17.67 0-32 14.33-32 32v32c0 17.67 14.33 32 32 32h144v144c0 17.67 14.33 32 32 32h32c17.67 0 32-14.33 32-32V304h144c17.67 0 32-14.33 32-32v-32c0-17.67-14.33-32-32-32z\"><\/path><\/svg><\/span><span class=\"eael-advanced-accordion-icon-opened\"><svg aria-hidden=\"true\" class=\"fa-accordion-icon e-font-icon-svg e-fas-minus\" viewBox=\"0 0 448 512\" xmlns=\"http:\/\/www.w3.org\/2000\/svg\"><path d=\"M416 208H32c-17.67 0-32 14.33-32 32v32c0 17.67 14.33 32 32 32h384c17.67 0 32-14.33 32-32v-32c0-17.67-14.33-32-32-32z\"><\/path><\/svg><\/span><span class=\"eael-accordion-tab-title\">Engagements de la marque<\/span><svg aria-hidden=\"true\" class=\"fa-toggle e-font-icon-svg e-fas-angle-right\" viewBox=\"0 0 256 512\" xmlns=\"http:\/\/www.w3.org\/2000\/svg\"><path d=\"M224.3 273l-136 136c-9.4 9.4-24.6 9.4-33.9 0l-22.6-22.6c-9.4-9.4-9.4-24.6 0-33.9l96.4-96.4-96.4-96.4c-9.4-9.4-9.4-24.6 0-33.9L54.3 103c9.4-9.4 24.6-9.4 33.9 0l136 136c9.5 9.4 9.5 24.6.1 34z\"><\/path><\/svg><\/div><div id=\"elementor-tab-content-8853\" class=\"eael-accordion-content clearfix\" data-tab=\"3\" aria-labelledby=\"engagements-de-la-marque\"><p><strong>Ingr\u00e9dients fran\u00e7ais, locaux et bio<\/strong> : Toutes nos huiles v\u00e9g\u00e9tales sont press\u00e9es en France. Nos plantes sont cultiv\u00e9es ou cueillies localement, avec soin et sont lab\u00e9lis\u00e9es agriculture biologique.<\/p><p>\u2022 <strong>Formule minimaliste et 100 % v\u00e9g\u00e9tale<\/strong> : Sans conservateurs, sans huiles essentielles, sans additifs.<br \/>\u2022 <strong>Production artisanale<\/strong> : Chaque s\u00e9rum est fabriqu\u00e9 \u00e0 la main, dans notre atelier en Occitanie, en petites s\u00e9ries.<br \/>\u2022 <strong>\u00c9coresponsabilit\u00e9<\/strong> : Flacon en verre recyclable, \u00e9tiquettes imprim\u00e9es localement, z\u00e9ro superflu dans le packaging.<\/p><\/div>\n\t\t\t\t\t<\/div><\/div>\t\t\t\t<\/div>\n\t\t\t\t<\/div>\n\t\t\t\t<\/div>\n\t\t<div class=\"elementor-element elementor-element-ea8968f e-con-full e-flex wpr-particle-no wpr-jarallax-no wpr-parallax-no wpr-sticky-section-no wpr-equal-height-no e-con e-child\" data-id=\"ea8968f\" data-element_type=\"container\" data-e-type=\"container\">\n\t\t\t\t<div class=\"elementor-element elementor-element-b086404 elementor-widget__width-initial elementor-widget elementor-widget-image\" data-id=\"b086404\" data-element_type=\"widget\" data-e-type=\"widget\" data-widget_type=\"image.default\">\n\t\t\t\t<div class=\"elementor-widget-container\">\n\t\t\t\t\t\t\t\t\t\t\t\t\t\t\t<img fetchpriority=\"high\" decoding=\"async\" width=\"800\" height=\"800\" src=\"https:\/\/suenhcosmetics.fr\/wp-content\/uploads\/2025\/01\/image00001.png\" class=\"attachment-large size-large wp-image-1828\" alt=\"\" srcset=\"https:\/\/suenhcosmetics.fr\/wp-content\/uploads\/2025\/01\/image00001.png 800w, https:\/\/suenhcosmetics.fr\/wp-content\/uploads\/2025\/01\/image00001-300x300.png 300w, https:\/\/suenhcosmetics.fr\/wp-content\/uploads\/2025\/01\/image00001-150x150.png 150w, https:\/\/suenhcosmetics.fr\/wp-content\/uploads\/2025\/01\/image00001-768x768.png 768w, https:\/\/suenhcosmetics.fr\/wp-content\/uploads\/2025\/01\/image00001-600x600.png 600w, https:\/\/suenhcosmetics.fr\/wp-content\/uploads\/2025\/01\/image00001-100x100.png 100w\" sizes=\"(max-width: 800px) 100vw, 800px\" \/>\t\t\t\t\t\t\t\t\t\t\t\t\t\t\t<\/div>\n\t\t\t\t<\/div>\n\t\t\t\t<\/div>\n\t\t\t\t\t<\/div>\n\t\t\t\t<\/div>\n\t\t\t\t<\/div>\n\t\t","protected":false},"excerpt":{"rendered":"<div class=\"suenh-product-box\">\n<div class=\"suenh-tags\"><span class=\"suenh-tag\">Tout type de peau<\/span><br \/>\n<span class=\"suenh-tag\">100% d\u2019origine France<\/span><br \/>\n<span class=\"suenh-tag\">100% d\u2019origine v\u00e9g\u00e9tale<\/span><\/div>\n<p class=\"suenh-ml\">15ml | 3 \u00e0 4 mois d\u2019utilisation<\/p>\n<h3 class=\"suenh-title\">NOURRISSANT \u2013 REPULPANT<\/h3>\n<p>Alliance unique d\u2019huiles pr\u00e9cieuses fran\u00e7aises de <strong>faine, de sapin des Vosges<\/strong>, et d\u2019un <strong>mac\u00e9r\u00e2t de p\u00e2querettes dans de l\u2019huile de chanvre<\/strong>, cette synergie pr\u00e9cieuse prot\u00e8ge la peau de la d\u00e9shydratation et des agressions ext\u00e9rieures tout en lui apportant tonicit\u00e9, confort et \u00e9clat.<\/p>\n<ul class=\"suenh-list\">\n<li><strong>Repulpe et r\u00e9g\u00e9n\u00e8re<\/strong> avec l\u2019huile de sapin, riche en acide gras pinol\u00e9nique et antioxydants<\/li>\n<li><strong>Nourrit et prot\u00e8ge<\/strong> gr\u00e2ce \u00e0 l\u2019huile de faine, tr\u00e9sor des montagnes riche en polyph\u00e9nols<\/li>\n<li><strong>Renforce la barri\u00e8re cutan\u00e9e<\/strong> avec l\u2019huile de chanvre, concentr\u00e9e en acides gras essentiels<\/li>\n<li><strong>Tonifie et raffermit<\/strong> avec le mac\u00e9r\u00e2t de p\u00e2querettes, infus\u00e9 dans l\u2019huile de chanvre<\/li>\n<\/ul>\n<p>Sa texture fine et l\u00e9g\u00e8re laisse un toucher sec sur la peau, avec un parfum apaisant qui rappelle une balade en for\u00eat de r\u00e9sineux.<\/p>\n<p class=\"suenh-footnote\"><strong>La totalit\u00e9 de nos huiles v\u00e9g\u00e9tales et plantes sont d\u2019origine fran\u00e7aise et transform\u00e9es dans notre atelier en Occitanie.<\/strong><\/p>\n<\/div>\n","protected":false},"featured_media":3766,"comment_status":"open","ping_status":"closed","template":"","meta":{"site-sidebar-layout":"no-sidebar","site-content-layout":"","ast-site-content-layout":"normal-width-container","site-content-style":"unboxed","site-sidebar-style":"unboxed","ast-global-header-display":"","ast-banner-title-visibility":"","ast-main-header-display":"","ast-hfb-above-header-display":"","ast-hfb-below-header-display":"","ast-hfb-mobile-header-display":"","site-post-title":"disabled","ast-breadcrumbs-content":"","ast-featured-img":"disabled","footer-sml-layout":"","ast-disable-related-posts":"","theme-transparent-header-meta":"default","adv-header-id-meta":"","stick-header-meta":"","header-above-stick-meta":"","header-main-stick-meta":"","header-below-stick-meta":"","astra-migrate-meta-layouts":"set","ast-page-background-enabled":"default","ast-page-background-meta":{"desktop":{"background-color":"var(--ast-global-color-5)","background-image":"","background-repeat":"repeat","background-position":"center center","background-size":"auto","background-attachment":"scroll","background-type":"","background-media":"","overlay-type":"","overlay-color":"","overlay-opacity":"","overlay-gradient":""},"tablet":{"background-color":"","background-image":"","background-repeat":"repeat","background-position":"center center","background-size":"auto","background-attachment":"scroll","background-type":"","background-media":"","overlay-type":"","overlay-color":"","overlay-opacity":"","overlay-gradient":""},"mobile":{"background-color":"","background-image":"","background-repeat":"repeat","background-position":"center center","background-size":"auto","background-attachment":"scroll","background-type":"","background-media":"","overlay-type":"","overlay-color":"","overlay-opacity":"","overlay-gradient":""}},"ast-content-background-meta":{"desktop":{"background-color":"var(--ast-global-color-4)","background-image":"","background-repeat":"repeat","background-position":"center center","background-size":"auto","background-attachment":"scroll","background-type":"","background-media":"","overlay-type":"","overlay-color":"","overlay-opacity":"","overlay-gradient":""},"tablet":{"background-color":"var(--ast-global-color-4)","background-image":"","background-repeat":"repeat","background-position":"center center","background-size":"auto","background-attachment":"scroll","background-type":"","background-media":"","overlay-type":"","overlay-color":"","overlay-opacity":"","overlay-gradient":""},"mobile":{"background-color":"var(--ast-global-color-4)","background-image":"","background-repeat":"repeat","background-position":"center center","background-size":"auto","background-attachment":"scroll","background-type":"","background-media":"","overlay-type":"","overlay-color":"","overlay-opacity":"","overlay-gradient":""}}},"product_brand":[],"product_cat":[54,68,46,20,55],"product_tag":[39],"class_list":{"0":"post-1300","1":"product","2":"type-product","3":"status-publish","4":"has-post-thumbnail","6":"product_cat-imperfections","7":"product_cat-nutrition","8":"product_cat-serums-visage","9":"product_cat-soins-visages","10":"product_cat-teint-terne","11":"product_tag-serum-eclat","12":"desktop-align-left","13":"tablet-align-left","14":"mobile-align-left","16":"first","17":"instock","18":"purchasable","19":"product-type-simple"},"yoast_head":"<!-- This site is optimized with the Yoast SEO plugin v27.5 - https:\/\/yoast.com\/product\/yoast-seo-wordpress\/ -->\n<title>S\u00e9rum \u00c9clat Visage \u2013 Huiles pr\u00e9cieuses | Suenh Cosmetics<\/title>\n<meta name=\"description\" content=\"S\u00e9rum \u00e9clat aux huiles de faine, chanvre &amp; sapin. Nourrit, repulpe et prot\u00e8ge tous types de peaux. Texture s\u00e8che, parfum naturel.\" \/>\n<meta name=\"robots\" content=\"index, follow, max-snippet:-1, max-image-preview:large, max-video-preview:-1\" \/>\n<link rel=\"canonical\" href=\"https:\/\/suenhcosmetics.fr\/index.php\/produit\/serum-eclat\/\" \/>\n<meta property=\"og:locale\" content=\"fr_FR\" \/>\n<meta property=\"og:type\" content=\"article\" \/>\n<meta property=\"og:title\" content=\"S\u00e9rum \u00c9clat Visage \u2013 Huiles pr\u00e9cieuses | Suenh Cosmetics\" \/>\n<meta property=\"og:description\" content=\"S\u00e9rum \u00e9clat aux huiles de faine, chanvre &amp; sapin. Nourrit, repulpe et prot\u00e8ge tous types de peaux. Texture s\u00e8che, parfum naturel.\" \/>\n<meta property=\"og:url\" content=\"https:\/\/suenhcosmetics.fr\/index.php\/produit\/serum-eclat\/\" \/>\n<meta property=\"article:modified_time\" content=\"2026-04-25T04:15:12+00:00\" \/>\n<meta property=\"og:image\" content=\"https:\/\/suenhcosmetics.fr\/wp-content\/uploads\/2025\/04\/26-2.png\" \/>\n\t<meta property=\"og:image:width\" content=\"800\" \/>\n\t<meta property=\"og:image:height\" content=\"800\" \/>\n\t<meta property=\"og:image:type\" content=\"image\/png\" \/>\n<meta name=\"twitter:card\" content=\"summary_large_image\" \/>\n<meta name=\"twitter:label1\" content=\"Dur\u00e9e de lecture estim\u00e9e\" \/>\n\t<meta name=\"twitter:data1\" content=\"3 minutes\" \/>\n<script type=\"application\/ld+json\" class=\"yoast-schema-graph\">{\"@context\":\"https:\\\/\\\/schema.org\",\"@graph\":[{\"@type\":\"WebPage\",\"@id\":\"https:\\\/\\\/suenhcosmetics.fr\\\/index.php\\\/produit\\\/serum-eclat\\\/\",\"url\":\"https:\\\/\\\/suenhcosmetics.fr\\\/index.php\\\/produit\\\/serum-eclat\\\/\",\"name\":\"S\u00e9rum \u00c9clat Visage \u2013 Huiles pr\u00e9cieuses | Suenh Cosmetics\",\"isPartOf\":{\"@id\":\"https:\\\/\\\/suenhcosmetics.fr\\\/#website\"},\"primaryImageOfPage\":{\"@id\":\"https:\\\/\\\/suenhcosmetics.fr\\\/index.php\\\/produit\\\/serum-eclat\\\/#primaryimage\"},\"image\":{\"@id\":\"https:\\\/\\\/suenhcosmetics.fr\\\/index.php\\\/produit\\\/serum-eclat\\\/#primaryimage\"},\"thumbnailUrl\":\"https:\\\/\\\/suenhcosmetics.fr\\\/wp-content\\\/uploads\\\/2025\\\/04\\\/26-2.png\",\"datePublished\":\"2024-11-26T20:36:15+00:00\",\"dateModified\":\"2026-04-25T04:15:12+00:00\",\"description\":\"S\u00e9rum \u00e9clat aux huiles de faine, chanvre & sapin. Nourrit, repulpe et prot\u00e8ge tous types de peaux. Texture s\u00e8che, parfum naturel.\",\"breadcrumb\":{\"@id\":\"https:\\\/\\\/suenhcosmetics.fr\\\/index.php\\\/produit\\\/serum-eclat\\\/#breadcrumb\"},\"inLanguage\":\"fr-FR\",\"potentialAction\":[{\"@type\":\"ReadAction\",\"target\":[\"https:\\\/\\\/suenhcosmetics.fr\\\/index.php\\\/produit\\\/serum-eclat\\\/\"]}]},{\"@type\":\"ImageObject\",\"inLanguage\":\"fr-FR\",\"@id\":\"https:\\\/\\\/suenhcosmetics.fr\\\/index.php\\\/produit\\\/serum-eclat\\\/#primaryimage\",\"url\":\"https:\\\/\\\/suenhcosmetics.fr\\\/wp-content\\\/uploads\\\/2025\\\/04\\\/26-2.png\",\"contentUrl\":\"https:\\\/\\\/suenhcosmetics.fr\\\/wp-content\\\/uploads\\\/2025\\\/04\\\/26-2.png\",\"width\":800,\"height\":800},{\"@type\":\"BreadcrumbList\",\"@id\":\"https:\\\/\\\/suenhcosmetics.fr\\\/index.php\\\/produit\\\/serum-eclat\\\/#breadcrumb\",\"itemListElement\":[{\"@type\":\"ListItem\",\"position\":1,\"name\":\"Accueil\",\"item\":\"https:\\\/\\\/suenhcosmetics.fr\\\/\"},{\"@type\":\"ListItem\",\"position\":2,\"name\":\"Produits\",\"item\":\"https:\\\/\\\/suenhcosmetics.fr\\\/index.php\\\/shop\\\/\"},{\"@type\":\"ListItem\",\"position\":3,\"name\":\"S\u00e9rum \u00c9clat \u2013 L\u2019Or Sauvage\"}]},{\"@type\":\"WebSite\",\"@id\":\"https:\\\/\\\/suenhcosmetics.fr\\\/#website\",\"url\":\"https:\\\/\\\/suenhcosmetics.fr\\\/\",\"name\":\"\",\"description\":\"\",\"publisher\":{\"@id\":\"https:\\\/\\\/suenhcosmetics.fr\\\/#organization\"},\"potentialAction\":[{\"@type\":\"SearchAction\",\"target\":{\"@type\":\"EntryPoint\",\"urlTemplate\":\"https:\\\/\\\/suenhcosmetics.fr\\\/?s={search_term_string}\"},\"query-input\":{\"@type\":\"PropertyValueSpecification\",\"valueRequired\":true,\"valueName\":\"search_term_string\"}}],\"inLanguage\":\"fr-FR\"},{\"@type\":\"Organization\",\"@id\":\"https:\\\/\\\/suenhcosmetics.fr\\\/#organization\",\"name\":\"SUENH Cosmetics\",\"url\":\"https:\\\/\\\/suenhcosmetics.fr\\\/\",\"logo\":{\"@type\":\"ImageObject\",\"inLanguage\":\"fr-FR\",\"@id\":\"https:\\\/\\\/suenhcosmetics.fr\\\/#\\\/schema\\\/logo\\\/image\\\/\",\"url\":\"https:\\\/\\\/suenhcosmetics.fr\\\/wp-content\\\/uploads\\\/2025\\\/06\\\/cropped-Wispiration-4.png\",\"contentUrl\":\"https:\\\/\\\/suenhcosmetics.fr\\\/wp-content\\\/uploads\\\/2025\\\/06\\\/cropped-Wispiration-4.png\",\"width\":180,\"height\":60,\"caption\":\"SUENH Cosmetics\"},\"image\":{\"@id\":\"https:\\\/\\\/suenhcosmetics.fr\\\/#\\\/schema\\\/logo\\\/image\\\/\"}}]}<\/script>\n<!-- \/ Yoast SEO plugin. -->","yoast_head_json":{"title":"S\u00e9rum \u00c9clat Visage \u2013 Huiles pr\u00e9cieuses | Suenh Cosmetics","description":"S\u00e9rum \u00e9clat aux huiles de faine, chanvre & sapin. Nourrit, repulpe et prot\u00e8ge tous types de peaux. Texture s\u00e8che, parfum naturel.","robots":{"index":"index","follow":"follow","max-snippet":"max-snippet:-1","max-image-preview":"max-image-preview:large","max-video-preview":"max-video-preview:-1"},"canonical":"https:\/\/suenhcosmetics.fr\/index.php\/produit\/serum-eclat\/","og_locale":"fr_FR","og_type":"article","og_title":"S\u00e9rum \u00c9clat Visage \u2013 Huiles pr\u00e9cieuses | Suenh Cosmetics","og_description":"S\u00e9rum \u00e9clat aux huiles de faine, chanvre & sapin. Nourrit, repulpe et prot\u00e8ge tous types de peaux. Texture s\u00e8che, parfum naturel.","og_url":"https:\/\/suenhcosmetics.fr\/index.php\/produit\/serum-eclat\/","article_modified_time":"2026-04-25T04:15:12+00:00","og_image":[{"width":800,"height":800,"url":"https:\/\/suenhcosmetics.fr\/wp-content\/uploads\/2025\/04\/26-2.png","type":"image\/png"}],"twitter_card":"summary_large_image","twitter_misc":{"Dur\u00e9e de lecture estim\u00e9e":"3 minutes"},"schema":{"@context":"https:\/\/schema.org","@graph":[{"@type":"WebPage","@id":"https:\/\/suenhcosmetics.fr\/index.php\/produit\/serum-eclat\/","url":"https:\/\/suenhcosmetics.fr\/index.php\/produit\/serum-eclat\/","name":"S\u00e9rum \u00c9clat Visage \u2013 Huiles pr\u00e9cieuses | Suenh Cosmetics","isPartOf":{"@id":"https:\/\/suenhcosmetics.fr\/#website"},"primaryImageOfPage":{"@id":"https:\/\/suenhcosmetics.fr\/index.php\/produit\/serum-eclat\/#primaryimage"},"image":{"@id":"https:\/\/suenhcosmetics.fr\/index.php\/produit\/serum-eclat\/#primaryimage"},"thumbnailUrl":"https:\/\/suenhcosmetics.fr\/wp-content\/uploads\/2025\/04\/26-2.png","datePublished":"2024-11-26T20:36:15+00:00","dateModified":"2026-04-25T04:15:12+00:00","description":"S\u00e9rum \u00e9clat aux huiles de faine, chanvre & sapin. Nourrit, repulpe et prot\u00e8ge tous types de peaux. Texture s\u00e8che, parfum naturel.","breadcrumb":{"@id":"https:\/\/suenhcosmetics.fr\/index.php\/produit\/serum-eclat\/#breadcrumb"},"inLanguage":"fr-FR","potentialAction":[{"@type":"ReadAction","target":["https:\/\/suenhcosmetics.fr\/index.php\/produit\/serum-eclat\/"]}]},{"@type":"ImageObject","inLanguage":"fr-FR","@id":"https:\/\/suenhcosmetics.fr\/index.php\/produit\/serum-eclat\/#primaryimage","url":"https:\/\/suenhcosmetics.fr\/wp-content\/uploads\/2025\/04\/26-2.png","contentUrl":"https:\/\/suenhcosmetics.fr\/wp-content\/uploads\/2025\/04\/26-2.png","width":800,"height":800},{"@type":"BreadcrumbList","@id":"https:\/\/suenhcosmetics.fr\/index.php\/produit\/serum-eclat\/#breadcrumb","itemListElement":[{"@type":"ListItem","position":1,"name":"Accueil","item":"https:\/\/suenhcosmetics.fr\/"},{"@type":"ListItem","position":2,"name":"Produits","item":"https:\/\/suenhcosmetics.fr\/index.php\/shop\/"},{"@type":"ListItem","position":3,"name":"S\u00e9rum \u00c9clat \u2013 L\u2019Or Sauvage"}]},{"@type":"WebSite","@id":"https:\/\/suenhcosmetics.fr\/#website","url":"https:\/\/suenhcosmetics.fr\/","name":"","description":"","publisher":{"@id":"https:\/\/suenhcosmetics.fr\/#organization"},"potentialAction":[{"@type":"SearchAction","target":{"@type":"EntryPoint","urlTemplate":"https:\/\/suenhcosmetics.fr\/?s={search_term_string}"},"query-input":{"@type":"PropertyValueSpecification","valueRequired":true,"valueName":"search_term_string"}}],"inLanguage":"fr-FR"},{"@type":"Organization","@id":"https:\/\/suenhcosmetics.fr\/#organization","name":"SUENH Cosmetics","url":"https:\/\/suenhcosmetics.fr\/","logo":{"@type":"ImageObject","inLanguage":"fr-FR","@id":"https:\/\/suenhcosmetics.fr\/#\/schema\/logo\/image\/","url":"https:\/\/suenhcosmetics.fr\/wp-content\/uploads\/2025\/06\/cropped-Wispiration-4.png","contentUrl":"https:\/\/suenhcosmetics.fr\/wp-content\/uploads\/2025\/06\/cropped-Wispiration-4.png","width":180,"height":60,"caption":"SUENH Cosmetics"},"image":{"@id":"https:\/\/suenhcosmetics.fr\/#\/schema\/logo\/image\/"}}]}},"_links":{"self":[{"href":"https:\/\/suenhcosmetics.fr\/index.php\/wp-json\/wp\/v2\/product\/1300","targetHints":{"allow":["GET"]}}],"collection":[{"href":"https:\/\/suenhcosmetics.fr\/index.php\/wp-json\/wp\/v2\/product"}],"about":[{"href":"https:\/\/suenhcosmetics.fr\/index.php\/wp-json\/wp\/v2\/types\/product"}],"replies":[{"embeddable":true,"href":"https:\/\/suenhcosmetics.fr\/index.php\/wp-json\/wp\/v2\/comments?post=1300"}],"version-history":[{"count":2,"href":"https:\/\/suenhcosmetics.fr\/index.php\/wp-json\/wp\/v2\/product\/1300\/revisions"}],"predecessor-version":[{"id":4561,"href":"https:\/\/suenhcosmetics.fr\/index.php\/wp-json\/wp\/v2\/product\/1300\/revisions\/4561"}],"wp:featuredmedia":[{"embeddable":true,"href":"https:\/\/suenhcosmetics.fr\/index.php\/wp-json\/wp\/v2\/media\/3766"}],"wp:attachment":[{"href":"https:\/\/suenhcosmetics.fr\/index.php\/wp-json\/wp\/v2\/media?parent=1300"}],"wp:term":[{"taxonomy":"product_brand","embeddable":true,"href":"https:\/\/suenhcosmetics.fr\/index.php\/wp-json\/wp\/v2\/product_brand?post=1300"},{"taxonomy":"product_cat","embeddable":true,"href":"https:\/\/suenhcosmetics.fr\/index.php\/wp-json\/wp\/v2\/product_cat?post=1300"},{"taxonomy":"product_tag","embeddable":true,"href":"https:\/\/suenhcosmetics.fr\/index.php\/wp-json\/wp\/v2\/product_tag?post=1300"}],"curies":[{"name":"wp","href":"https:\/\/api.w.org\/{rel}","templated":true}]}}