{"id":1329,"date":"2025-01-21T12:05:06","date_gmt":"2025-01-21T11:05:06","guid":{"rendered":"https:\/\/www.test.suenhcosmetics.fr\/?post_type=product&#038;p=1329"},"modified":"2026-03-23T14:12:51","modified_gmt":"2026-03-23T13:12:51","slug":"serum-riche","status":"publish","type":"product","link":"https:\/\/suenhcosmetics.fr\/index.php\/produit\/serum-riche\/","title":{"rendered":"S\u00e9rum Riche &#8211; Douceur Intense"},"content":{"rendered":"\t\t<div data-elementor-type=\"wp-post\" data-elementor-id=\"1329\" class=\"elementor elementor-1329\">\n\t\t\t\t<div class=\"elementor-element elementor-element-c562b16 e-flex e-con-boxed wpr-particle-no wpr-jarallax-no wpr-parallax-no wpr-sticky-section-no wpr-equal-height-no e-con e-parent\" data-id=\"c562b16\" data-element_type=\"container\" data-e-type=\"container\">\n\t\t\t\t\t<div class=\"e-con-inner\">\n\t\t<div class=\"elementor-element elementor-element-dfc675a e-con-full e-flex wpr-particle-no wpr-jarallax-no wpr-parallax-no wpr-sticky-section-no wpr-equal-height-no e-con e-child\" data-id=\"dfc675a\" data-element_type=\"container\" data-e-type=\"container\">\n\t\t\t\t<div class=\"elementor-element elementor-element-82207a6 elementor-widget__width-initial elementor-widget-mobile__width-initial elementor-widget elementor-widget-eael-adv-accordion\" data-id=\"82207a6\" data-element_type=\"widget\" data-e-type=\"widget\" data-widget_type=\"eael-adv-accordion.default\">\n\t\t\t\t<div class=\"elementor-widget-container\">\n\t\t\t\t\t            <div class=\"eael-adv-accordion\" id=\"eael-adv-accordion-82207a6\" data-scroll-on-click=\"no\" data-scroll-speed=\"300\" data-accordion-id=\"82207a6\" data-accordion-type=\"accordion\" data-toogle-speed=\"300\">\n            <div class=\"eael-accordion-list\">\n\t\t\t\t\t<div id=\"comment-utiliser-votre-srum-riche-\" class=\"elementor-tab-title eael-accordion-header\" tabindex=\"0\" data-tab=\"1\" aria-controls=\"elementor-tab-content-1361\"><span class=\"eael-advanced-accordion-icon-closed\"><svg aria-hidden=\"true\" class=\"fa-accordion-icon e-font-icon-svg e-fas-plus\" viewBox=\"0 0 448 512\" xmlns=\"http:\/\/www.w3.org\/2000\/svg\"><path d=\"M416 208H272V64c0-17.67-14.33-32-32-32h-32c-17.67 0-32 14.33-32 32v144H32c-17.67 0-32 14.33-32 32v32c0 17.67 14.33 32 32 32h144v144c0 17.67 14.33 32 32 32h32c17.67 0 32-14.33 32-32V304h144c17.67 0 32-14.33 32-32v-32c0-17.67-14.33-32-32-32z\"><\/path><\/svg><\/span><span class=\"eael-advanced-accordion-icon-opened\"><svg aria-hidden=\"true\" class=\"fa-accordion-icon e-font-icon-svg e-fas-minus\" viewBox=\"0 0 448 512\" xmlns=\"http:\/\/www.w3.org\/2000\/svg\"><path d=\"M416 208H32c-17.67 0-32 14.33-32 32v32c0 17.67 14.33 32 32 32h384c17.67 0 32-14.33 32-32v-32c0-17.67-14.33-32-32-32z\"><\/path><\/svg><\/span><span class=\"eael-accordion-tab-title\">Comment utiliser votre s\u00e9rum Riche ? <\/span><svg aria-hidden=\"true\" class=\"fa-toggle e-font-icon-svg e-fas-angle-right\" viewBox=\"0 0 256 512\" xmlns=\"http:\/\/www.w3.org\/2000\/svg\"><path d=\"M224.3 273l-136 136c-9.4 9.4-24.6 9.4-33.9 0l-22.6-22.6c-9.4-9.4-9.4-24.6 0-33.9l96.4-96.4-96.4-96.4c-9.4-9.4-9.4-24.6 0-33.9L54.3 103c9.4-9.4 24.6-9.4 33.9 0l136 136c9.5 9.4 9.5 24.6.1 34z\"><\/path><\/svg><\/div><div id=\"elementor-tab-content-1361\" class=\"eael-accordion-content clearfix\" data-tab=\"1\" aria-labelledby=\"comment-utiliser-votre-srum-riche-\"><ul><li>Appliquez matin et\/ou soir sur une peau propre.<\/li><li>D\u00e9posez 2 \u00e0 3 gouttes au creux de vos mains, puis massez d\u00e9licatement sur le visage et le cou.<\/li><li>Pour un boost d\u2019hydratation et multiplier les effets de votre s\u00e9rum, vaporiser l\u2019une de nos Lotions Botaniques sur le visage et appliquer le s\u00e9rum sur votre peau encore humide.<\/li><\/ul><p>Vous pouvez aussi r\u00e9aliser une cr\u00e8me \u00ab minute \u00bb au creux de votre main, avec 2 ou 3 gouttes de s\u00e9rum et 2 pshit de la Lotion adapt\u00e9e \u00e0 votre type de peau, m\u00e9langez puis appliquez cette \u00e9mulsion directement sur votre visage.<\/p><p><strong>Astuce beaut\u00e9 :<\/strong> Associez le s\u00e9rum \u00e0 notre Gua Sha en bois pour un rituel raffermissant et relaxant.<\/p><\/div>\n\t\t\t\t\t<\/div><div class=\"eael-accordion-list\">\n\t\t\t\t\t<div id=\"pourquoi-ce-srum-est-unique-\" class=\"elementor-tab-title eael-accordion-header\" tabindex=\"0\" data-tab=\"2\" aria-controls=\"elementor-tab-content-1362\"><span class=\"eael-advanced-accordion-icon-closed\"><svg aria-hidden=\"true\" class=\"fa-accordion-icon e-font-icon-svg e-fas-plus\" viewBox=\"0 0 448 512\" xmlns=\"http:\/\/www.w3.org\/2000\/svg\"><path d=\"M416 208H272V64c0-17.67-14.33-32-32-32h-32c-17.67 0-32 14.33-32 32v144H32c-17.67 0-32 14.33-32 32v32c0 17.67 14.33 32 32 32h144v144c0 17.67 14.33 32 32 32h32c17.67 0 32-14.33 32-32V304h144c17.67 0 32-14.33 32-32v-32c0-17.67-14.33-32-32-32z\"><\/path><\/svg><\/span><span class=\"eael-advanced-accordion-icon-opened\"><svg aria-hidden=\"true\" class=\"fa-accordion-icon e-font-icon-svg e-fas-minus\" viewBox=\"0 0 448 512\" xmlns=\"http:\/\/www.w3.org\/2000\/svg\"><path d=\"M416 208H32c-17.67 0-32 14.33-32 32v32c0 17.67 14.33 32 32 32h384c17.67 0 32-14.33 32-32v-32c0-17.67-14.33-32-32-32z\"><\/path><\/svg><\/span><span class=\"eael-accordion-tab-title\">Pourquoi ce s\u00e9rum est unique ?<\/span><svg aria-hidden=\"true\" class=\"fa-toggle e-font-icon-svg e-fas-angle-right\" viewBox=\"0 0 256 512\" xmlns=\"http:\/\/www.w3.org\/2000\/svg\"><path d=\"M224.3 273l-136 136c-9.4 9.4-24.6 9.4-33.9 0l-22.6-22.6c-9.4-9.4-9.4-24.6 0-33.9l96.4-96.4-96.4-96.4c-9.4-9.4-9.4-24.6 0-33.9L54.3 103c9.4-9.4 24.6-9.4 33.9 0l136 136c9.5 9.4 9.5 24.6.1 34z\"><\/path><\/svg><\/div><div id=\"elementor-tab-content-1362\" class=\"eael-accordion-content clearfix\" data-tab=\"2\" aria-labelledby=\"pourquoi-ce-srum-est-unique-\"><p>Chez SU\u00c8NH, nous croyons que votre peau m\u00e9rite des ingr\u00e9dients purs et authentiques.<br \/>Ce s\u00e9rum est con\u00e7u \u00e0 partir de :<\/p><ul><li><strong>Mac\u00e9r\u00e2t de calendula dans l\u2019huile de prune<\/strong> : Le calendula, cultiv\u00e9 dans nos jardins et cueilli \u00e0 la main, est reconnu pour ses propri\u00e9t\u00e9s apaisantes et r\u00e9paratrices. Infus\u00e9 lentement dans une huile de prune vierge, press\u00e9e \u00e0 froid en Gascogne, il r\u00e9v\u00e8le une synergie nourrissante, protectrice et assouplissante.<br \/>\u2022 <strong>Huile de chia fran\u00e7aise<\/strong> : Rare et pr\u00e9cieuse, cette huile riche en om\u00e9ga-3 aide \u00e0 restaurer le film hydrolipidique des peaux s\u00e8ches, am\u00e9liore leur \u00e9lasticit\u00e9 et apaise les sensations de tiraillement.<\/li><\/ul><p>Chaque goutte est le fruit d\u2019un processus artisanal minutieux, qui respecte \u00e0 la fois la nature et votre peau.<\/p><p><strong>La totalit\u00e9 des huiles v\u00e9g\u00e9tales et plantes qui compose ce s\u00e9rum sont d\u2019origine fran\u00e7aise et transform\u00e9es dans notre atelier en Occitaniees.<\/strong><\/p><\/div>\n\t\t\t\t\t<\/div><div class=\"eael-accordion-list\">\n\t\t\t\t\t<div id=\"engagements-de-la-marque\" class=\"elementor-tab-title eael-accordion-header\" tabindex=\"0\" data-tab=\"3\" aria-controls=\"elementor-tab-content-1363\"><span class=\"eael-advanced-accordion-icon-closed\"><svg aria-hidden=\"true\" class=\"fa-accordion-icon e-font-icon-svg e-fas-plus\" viewBox=\"0 0 448 512\" xmlns=\"http:\/\/www.w3.org\/2000\/svg\"><path d=\"M416 208H272V64c0-17.67-14.33-32-32-32h-32c-17.67 0-32 14.33-32 32v144H32c-17.67 0-32 14.33-32 32v32c0 17.67 14.33 32 32 32h144v144c0 17.67 14.33 32 32 32h32c17.67 0 32-14.33 32-32V304h144c17.67 0 32-14.33 32-32v-32c0-17.67-14.33-32-32-32z\"><\/path><\/svg><\/span><span class=\"eael-advanced-accordion-icon-opened\"><svg aria-hidden=\"true\" class=\"fa-accordion-icon e-font-icon-svg e-fas-minus\" viewBox=\"0 0 448 512\" xmlns=\"http:\/\/www.w3.org\/2000\/svg\"><path d=\"M416 208H32c-17.67 0-32 14.33-32 32v32c0 17.67 14.33 32 32 32h384c17.67 0 32-14.33 32-32v-32c0-17.67-14.33-32-32-32z\"><\/path><\/svg><\/span><span class=\"eael-accordion-tab-title\">Engagements de la marque<\/span><svg aria-hidden=\"true\" class=\"fa-toggle e-font-icon-svg e-fas-angle-right\" viewBox=\"0 0 256 512\" xmlns=\"http:\/\/www.w3.org\/2000\/svg\"><path d=\"M224.3 273l-136 136c-9.4 9.4-24.6 9.4-33.9 0l-22.6-22.6c-9.4-9.4-9.4-24.6 0-33.9l96.4-96.4-96.4-96.4c-9.4-9.4-9.4-24.6 0-33.9L54.3 103c9.4-9.4 24.6-9.4 33.9 0l136 136c9.5 9.4 9.5 24.6.1 34z\"><\/path><\/svg><\/div><div id=\"elementor-tab-content-1363\" class=\"eael-accordion-content clearfix\" data-tab=\"3\" aria-labelledby=\"engagements-de-la-marque\"><p><strong>Ingr\u00e9dients fran\u00e7ais, locaux et bio<\/strong> : Toutes nos huiles v\u00e9g\u00e9tales sont press\u00e9es en France. Nos plantes sont cultiv\u00e9es ou cueillies localement, avec soin et sont lab\u00e9lis\u00e9es agriculture biologique.<\/p><p>\u2022 <strong>Formule minimaliste et 100 % v\u00e9g\u00e9tale<\/strong> : Sans conservateurs, sans huiles essentielles, sans additifs.<br \/>\u2022 <strong>Production artisanale<\/strong> : Chaque s\u00e9rum est fabriqu\u00e9 \u00e0 la main, dans notre atelier en Occitanie, en petites s\u00e9ries.<br \/>\u2022 <strong>\u00c9coresponsabilit\u00e9<\/strong> : Flacon en verre recyclable, \u00e9tiquettes imprim\u00e9es localement, z\u00e9ro superflu dans le packaging.<\/p><\/div>\n\t\t\t\t\t<\/div><\/div>\t\t\t\t<\/div>\n\t\t\t\t<\/div>\n\t\t\t\t<\/div>\n\t\t<div class=\"elementor-element elementor-element-38888ad e-con-full e-flex wpr-particle-no wpr-jarallax-no wpr-parallax-no wpr-sticky-section-no wpr-equal-height-no e-con e-child\" data-id=\"38888ad\" data-element_type=\"container\" data-e-type=\"container\">\n\t\t\t\t<div class=\"elementor-element elementor-element-cc04cd5 elementor-widget__width-initial elementor-widget elementor-widget-image\" data-id=\"cc04cd5\" data-element_type=\"widget\" data-e-type=\"widget\" data-widget_type=\"image.default\">\n\t\t\t\t<div class=\"elementor-widget-container\">\n\t\t\t\t\t\t\t\t\t\t\t\t\t\t\t<img fetchpriority=\"high\" decoding=\"async\" width=\"1024\" height=\"1024\" src=\"https:\/\/suenhcosmetics.fr\/wp-content\/uploads\/2025\/01\/IMG_6366-carree-eclairee-plus-1024x1024.jpeg\" class=\"attachment-large size-large wp-image-4953\" alt=\"\" srcset=\"https:\/\/suenhcosmetics.fr\/wp-content\/uploads\/2025\/01\/IMG_6366-carree-eclairee-plus-1024x1024.jpeg 1024w, https:\/\/suenhcosmetics.fr\/wp-content\/uploads\/2025\/01\/IMG_6366-carree-eclairee-plus-300x300.jpeg 300w, https:\/\/suenhcosmetics.fr\/wp-content\/uploads\/2025\/01\/IMG_6366-carree-eclairee-plus-150x150.jpeg 150w, https:\/\/suenhcosmetics.fr\/wp-content\/uploads\/2025\/01\/IMG_6366-carree-eclairee-plus-768x768.jpeg 768w, https:\/\/suenhcosmetics.fr\/wp-content\/uploads\/2025\/01\/IMG_6366-carree-eclairee-plus-1536x1536.jpeg 1536w, https:\/\/suenhcosmetics.fr\/wp-content\/uploads\/2025\/01\/IMG_6366-carree-eclairee-plus-2048x2048.jpeg 2048w, https:\/\/suenhcosmetics.fr\/wp-content\/uploads\/2025\/01\/IMG_6366-carree-eclairee-plus-1320x1320.jpeg 1320w, https:\/\/suenhcosmetics.fr\/wp-content\/uploads\/2025\/01\/IMG_6366-carree-eclairee-plus-600x600.jpeg 600w, https:\/\/suenhcosmetics.fr\/wp-content\/uploads\/2025\/01\/IMG_6366-carree-eclairee-plus-100x100.jpeg 100w\" sizes=\"(max-width: 1024px) 100vw, 1024px\" \/>\t\t\t\t\t\t\t\t\t\t\t\t\t\t\t<\/div>\n\t\t\t\t<\/div>\n\t\t\t\t<\/div>\n\t\t\t\t\t<\/div>\n\t\t\t\t<\/div>\n\t\t\t\t<\/div>\n\t\t","protected":false},"excerpt":{"rendered":"<div class=\"suenh-product-box\">\n<div class=\"suenh-tags\"><span class=\"suenh-tag\">Peaux s\u00e8ches et sensibles<\/span><br \/>\n<span class=\"suenh-tag\">100% d\u2019origine France<\/span><br \/>\n<span class=\"suenh-tag\">100% d\u2019origine v\u00e9g\u00e9tale<\/span><\/div>\n<p class=\"suenh-ml\">15ml | 3 \u00e0 4 mois d\u2019utilisation<\/p>\n<h1 class=\"suenh-title\">NOURRISSANT \u2013 R\u00c9CONFORTANT<\/h1>\n<p>Alliance g\u00e9n\u00e9reuse de <strong>mac\u00e9r\u00e2t de calendula dans l\u2019huile de prune<\/strong> et <strong>huile de chia<\/strong>, ce s\u00e9rum apaise, nourrit et prot\u00e8ge les peaux sensibles.<\/p>\n<ul class=\"suenh-list\">\n<li><strong>Apaise<\/strong> gr\u00e2ce au calendula, calmant et r\u00e9parateur<\/li>\n<li><strong>Nourrit intens\u00e9ment<\/strong> avec l\u2019huile de prune riche en antioxydants<\/li>\n<li><strong>Pr\u00e9serve l\u2019hydratation<\/strong> via l\u2019huile de chia, riche en om\u00e9gas 3 &amp; 6<\/li>\n<li><strong>Lutte contre les sensations de tiraillement<\/strong> et redonne souplesse et confort<\/li>\n<\/ul>\n<p>Sa texture onctueuse enveloppe la peau d\u2019un voile soyeux sans fini gras, avec une <strong>note douce et l\u00e9g\u00e8rement amand\u00e9e<\/strong>, signature naturelle de l\u2019huile de prune.<\/p>\n<p class=\"suenh-footnote\"><strong>La totalit\u00e9 de nos huiles v\u00e9g\u00e9tales et plantes sont d\u2019origine fran\u00e7aise et transform\u00e9es dans notre atelier en Occitanie.<\/strong><\/p>\n<\/div>\n","protected":false},"featured_media":3693,"comment_status":"open","ping_status":"closed","template":"elementor_theme","meta":{"site-sidebar-layout":"no-sidebar","site-content-layout":"","ast-site-content-layout":"normal-width-container","site-content-style":"unboxed","site-sidebar-style":"unboxed","ast-global-header-display":"","ast-banner-title-visibility":"","ast-main-header-display":"","ast-hfb-above-header-display":"","ast-hfb-below-header-display":"","ast-hfb-mobile-header-display":"","site-post-title":"","ast-breadcrumbs-content":"","ast-featured-img":"","footer-sml-layout":"","ast-disable-related-posts":"","theme-transparent-header-meta":"default","adv-header-id-meta":"","stick-header-meta":"","header-above-stick-meta":"","header-main-stick-meta":"","header-below-stick-meta":"","astra-migrate-meta-layouts":"set","ast-page-background-enabled":"default","ast-page-background-meta":{"desktop":{"background-color":"var(--ast-global-color-5)","background-image":"","background-repeat":"repeat","background-position":"center center","background-size":"auto","background-attachment":"scroll","background-type":"","background-media":"","overlay-type":"","overlay-color":"","overlay-opacity":"","overlay-gradient":""},"tablet":{"background-color":"","background-image":"","background-repeat":"repeat","background-position":"center center","background-size":"auto","background-attachment":"scroll","background-type":"","background-media":"","overlay-type":"","overlay-color":"","overlay-opacity":"","overlay-gradient":""},"mobile":{"background-color":"","background-image":"","background-repeat":"repeat","background-position":"center center","background-size":"auto","background-attachment":"scroll","background-type":"","background-media":"","overlay-type":"","overlay-color":"","overlay-opacity":"","overlay-gradient":""}},"ast-content-background-meta":{"desktop":{"background-color":"var(--ast-global-color-4)","background-image":"","background-repeat":"repeat","background-position":"center center","background-size":"auto","background-attachment":"scroll","background-type":"","background-media":"","overlay-type":"","overlay-color":"","overlay-opacity":"","overlay-gradient":""},"tablet":{"background-color":"var(--ast-global-color-4)","background-image":"","background-repeat":"repeat","background-position":"center center","background-size":"auto","background-attachment":"scroll","background-type":"","background-media":"","overlay-type":"","overlay-color":"","overlay-opacity":"","overlay-gradient":""},"mobile":{"background-color":"var(--ast-global-color-4)","background-image":"","background-repeat":"repeat","background-position":"center center","background-size":"auto","background-attachment":"scroll","background-type":"","background-media":"","overlay-type":"","overlay-color":"","overlay-opacity":"","overlay-gradient":""}}},"product_brand":[],"product_cat":[68,56,46,20],"product_tag":[],"class_list":{"0":"post-1329","1":"product","2":"type-product","3":"status-publish","4":"has-post-thumbnail","6":"product_cat-nutrition","7":"product_cat-peaux-sensibles","8":"product_cat-serums-visage","9":"product_cat-soins-visages","10":"desktop-align-left","11":"tablet-align-left","12":"mobile-align-left","14":"first","15":"instock","16":"purchasable","17":"product-type-simple"},"yoast_head":"<!-- This site is optimized with the Yoast SEO plugin v27.5 - https:\/\/yoast.com\/product\/yoast-seo-wordpress\/ -->\n<title>S\u00e9rum Riche \u2013 Soin nourrissant | Suenh Cosmetics<\/title>\n<meta name=\"description\" content=\"S\u00e9rum riche au calendula, prune &amp; chia. Nourrit intens\u00e9ment, apaise et r\u00e9pare. Id\u00e9al hiver ou apr\u00e8s-soleil. Texture onctueuse.\" \/>\n<meta name=\"robots\" content=\"index, follow, max-snippet:-1, max-image-preview:large, max-video-preview:-1\" \/>\n<link rel=\"canonical\" href=\"https:\/\/suenhcosmetics.fr\/index.php\/produit\/serum-riche\/\" \/>\n<meta property=\"og:locale\" content=\"fr_FR\" \/>\n<meta property=\"og:type\" content=\"article\" \/>\n<meta property=\"og:title\" content=\"S\u00e9rum Riche \u2013 Soin nourrissant | Suenh Cosmetics\" \/>\n<meta property=\"og:description\" content=\"S\u00e9rum riche au calendula, prune &amp; chia. Nourrit intens\u00e9ment, apaise et r\u00e9pare. Id\u00e9al hiver ou apr\u00e8s-soleil. Texture onctueuse.\" \/>\n<meta property=\"og:url\" content=\"https:\/\/suenhcosmetics.fr\/index.php\/produit\/serum-riche\/\" \/>\n<meta property=\"article:modified_time\" content=\"2026-03-23T13:12:51+00:00\" \/>\n<meta property=\"og:image\" content=\"https:\/\/suenhcosmetics.fr\/wp-content\/uploads\/2025\/01\/Copie-de-Ajouter-un-sous-titre-5.png\" \/>\n\t<meta property=\"og:image:width\" content=\"800\" \/>\n\t<meta property=\"og:image:height\" content=\"800\" \/>\n\t<meta property=\"og:image:type\" content=\"image\/png\" \/>\n<meta name=\"twitter:card\" content=\"summary_large_image\" \/>\n<meta name=\"twitter:label1\" content=\"Dur\u00e9e de lecture estim\u00e9e\" \/>\n\t<meta name=\"twitter:data1\" content=\"3 minutes\" \/>\n<script type=\"application\/ld+json\" class=\"yoast-schema-graph\">{\"@context\":\"https:\\\/\\\/schema.org\",\"@graph\":[{\"@type\":\"WebPage\",\"@id\":\"https:\\\/\\\/suenhcosmetics.fr\\\/index.php\\\/produit\\\/serum-riche\\\/\",\"url\":\"https:\\\/\\\/suenhcosmetics.fr\\\/index.php\\\/produit\\\/serum-riche\\\/\",\"name\":\"S\u00e9rum Riche \u2013 Soin nourrissant | Suenh Cosmetics\",\"isPartOf\":{\"@id\":\"https:\\\/\\\/suenhcosmetics.fr\\\/#website\"},\"primaryImageOfPage\":{\"@id\":\"https:\\\/\\\/suenhcosmetics.fr\\\/index.php\\\/produit\\\/serum-riche\\\/#primaryimage\"},\"image\":{\"@id\":\"https:\\\/\\\/suenhcosmetics.fr\\\/index.php\\\/produit\\\/serum-riche\\\/#primaryimage\"},\"thumbnailUrl\":\"https:\\\/\\\/suenhcosmetics.fr\\\/wp-content\\\/uploads\\\/2025\\\/01\\\/Copie-de-Ajouter-un-sous-titre-5.png\",\"datePublished\":\"2025-01-21T11:05:06+00:00\",\"dateModified\":\"2026-03-23T13:12:51+00:00\",\"description\":\"S\u00e9rum riche au calendula, prune & chia. Nourrit intens\u00e9ment, apaise et r\u00e9pare. Id\u00e9al hiver ou apr\u00e8s-soleil. Texture onctueuse.\",\"breadcrumb\":{\"@id\":\"https:\\\/\\\/suenhcosmetics.fr\\\/index.php\\\/produit\\\/serum-riche\\\/#breadcrumb\"},\"inLanguage\":\"fr-FR\",\"potentialAction\":[{\"@type\":\"ReadAction\",\"target\":[\"https:\\\/\\\/suenhcosmetics.fr\\\/index.php\\\/produit\\\/serum-riche\\\/\"]}]},{\"@type\":\"ImageObject\",\"inLanguage\":\"fr-FR\",\"@id\":\"https:\\\/\\\/suenhcosmetics.fr\\\/index.php\\\/produit\\\/serum-riche\\\/#primaryimage\",\"url\":\"https:\\\/\\\/suenhcosmetics.fr\\\/wp-content\\\/uploads\\\/2025\\\/01\\\/Copie-de-Ajouter-un-sous-titre-5.png\",\"contentUrl\":\"https:\\\/\\\/suenhcosmetics.fr\\\/wp-content\\\/uploads\\\/2025\\\/01\\\/Copie-de-Ajouter-un-sous-titre-5.png\",\"width\":800,\"height\":800},{\"@type\":\"BreadcrumbList\",\"@id\":\"https:\\\/\\\/suenhcosmetics.fr\\\/index.php\\\/produit\\\/serum-riche\\\/#breadcrumb\",\"itemListElement\":[{\"@type\":\"ListItem\",\"position\":1,\"name\":\"Accueil\",\"item\":\"https:\\\/\\\/suenhcosmetics.fr\\\/\"},{\"@type\":\"ListItem\",\"position\":2,\"name\":\"Produits\",\"item\":\"https:\\\/\\\/suenhcosmetics.fr\\\/index.php\\\/shop\\\/\"},{\"@type\":\"ListItem\",\"position\":3,\"name\":\"S\u00e9rum Riche &#8211; Douceur Intense\"}]},{\"@type\":\"WebSite\",\"@id\":\"https:\\\/\\\/suenhcosmetics.fr\\\/#website\",\"url\":\"https:\\\/\\\/suenhcosmetics.fr\\\/\",\"name\":\"\",\"description\":\"\",\"publisher\":{\"@id\":\"https:\\\/\\\/suenhcosmetics.fr\\\/#organization\"},\"potentialAction\":[{\"@type\":\"SearchAction\",\"target\":{\"@type\":\"EntryPoint\",\"urlTemplate\":\"https:\\\/\\\/suenhcosmetics.fr\\\/?s={search_term_string}\"},\"query-input\":{\"@type\":\"PropertyValueSpecification\",\"valueRequired\":true,\"valueName\":\"search_term_string\"}}],\"inLanguage\":\"fr-FR\"},{\"@type\":\"Organization\",\"@id\":\"https:\\\/\\\/suenhcosmetics.fr\\\/#organization\",\"name\":\"SUENH Cosmetics\",\"url\":\"https:\\\/\\\/suenhcosmetics.fr\\\/\",\"logo\":{\"@type\":\"ImageObject\",\"inLanguage\":\"fr-FR\",\"@id\":\"https:\\\/\\\/suenhcosmetics.fr\\\/#\\\/schema\\\/logo\\\/image\\\/\",\"url\":\"https:\\\/\\\/suenhcosmetics.fr\\\/wp-content\\\/uploads\\\/2025\\\/06\\\/cropped-Wispiration-4.png\",\"contentUrl\":\"https:\\\/\\\/suenhcosmetics.fr\\\/wp-content\\\/uploads\\\/2025\\\/06\\\/cropped-Wispiration-4.png\",\"width\":180,\"height\":60,\"caption\":\"SUENH Cosmetics\"},\"image\":{\"@id\":\"https:\\\/\\\/suenhcosmetics.fr\\\/#\\\/schema\\\/logo\\\/image\\\/\"}}]}<\/script>\n<!-- \/ Yoast SEO plugin. -->","yoast_head_json":{"title":"S\u00e9rum Riche \u2013 Soin nourrissant | Suenh Cosmetics","description":"S\u00e9rum riche au calendula, prune & chia. Nourrit intens\u00e9ment, apaise et r\u00e9pare. Id\u00e9al hiver ou apr\u00e8s-soleil. Texture onctueuse.","robots":{"index":"index","follow":"follow","max-snippet":"max-snippet:-1","max-image-preview":"max-image-preview:large","max-video-preview":"max-video-preview:-1"},"canonical":"https:\/\/suenhcosmetics.fr\/index.php\/produit\/serum-riche\/","og_locale":"fr_FR","og_type":"article","og_title":"S\u00e9rum Riche \u2013 Soin nourrissant | Suenh Cosmetics","og_description":"S\u00e9rum riche au calendula, prune & chia. Nourrit intens\u00e9ment, apaise et r\u00e9pare. Id\u00e9al hiver ou apr\u00e8s-soleil. Texture onctueuse.","og_url":"https:\/\/suenhcosmetics.fr\/index.php\/produit\/serum-riche\/","article_modified_time":"2026-03-23T13:12:51+00:00","og_image":[{"width":800,"height":800,"url":"https:\/\/suenhcosmetics.fr\/wp-content\/uploads\/2025\/01\/Copie-de-Ajouter-un-sous-titre-5.png","type":"image\/png"}],"twitter_card":"summary_large_image","twitter_misc":{"Dur\u00e9e de lecture estim\u00e9e":"3 minutes"},"schema":{"@context":"https:\/\/schema.org","@graph":[{"@type":"WebPage","@id":"https:\/\/suenhcosmetics.fr\/index.php\/produit\/serum-riche\/","url":"https:\/\/suenhcosmetics.fr\/index.php\/produit\/serum-riche\/","name":"S\u00e9rum Riche \u2013 Soin nourrissant | Suenh Cosmetics","isPartOf":{"@id":"https:\/\/suenhcosmetics.fr\/#website"},"primaryImageOfPage":{"@id":"https:\/\/suenhcosmetics.fr\/index.php\/produit\/serum-riche\/#primaryimage"},"image":{"@id":"https:\/\/suenhcosmetics.fr\/index.php\/produit\/serum-riche\/#primaryimage"},"thumbnailUrl":"https:\/\/suenhcosmetics.fr\/wp-content\/uploads\/2025\/01\/Copie-de-Ajouter-un-sous-titre-5.png","datePublished":"2025-01-21T11:05:06+00:00","dateModified":"2026-03-23T13:12:51+00:00","description":"S\u00e9rum riche au calendula, prune & chia. Nourrit intens\u00e9ment, apaise et r\u00e9pare. Id\u00e9al hiver ou apr\u00e8s-soleil. Texture onctueuse.","breadcrumb":{"@id":"https:\/\/suenhcosmetics.fr\/index.php\/produit\/serum-riche\/#breadcrumb"},"inLanguage":"fr-FR","potentialAction":[{"@type":"ReadAction","target":["https:\/\/suenhcosmetics.fr\/index.php\/produit\/serum-riche\/"]}]},{"@type":"ImageObject","inLanguage":"fr-FR","@id":"https:\/\/suenhcosmetics.fr\/index.php\/produit\/serum-riche\/#primaryimage","url":"https:\/\/suenhcosmetics.fr\/wp-content\/uploads\/2025\/01\/Copie-de-Ajouter-un-sous-titre-5.png","contentUrl":"https:\/\/suenhcosmetics.fr\/wp-content\/uploads\/2025\/01\/Copie-de-Ajouter-un-sous-titre-5.png","width":800,"height":800},{"@type":"BreadcrumbList","@id":"https:\/\/suenhcosmetics.fr\/index.php\/produit\/serum-riche\/#breadcrumb","itemListElement":[{"@type":"ListItem","position":1,"name":"Accueil","item":"https:\/\/suenhcosmetics.fr\/"},{"@type":"ListItem","position":2,"name":"Produits","item":"https:\/\/suenhcosmetics.fr\/index.php\/shop\/"},{"@type":"ListItem","position":3,"name":"S\u00e9rum Riche &#8211; Douceur Intense"}]},{"@type":"WebSite","@id":"https:\/\/suenhcosmetics.fr\/#website","url":"https:\/\/suenhcosmetics.fr\/","name":"","description":"","publisher":{"@id":"https:\/\/suenhcosmetics.fr\/#organization"},"potentialAction":[{"@type":"SearchAction","target":{"@type":"EntryPoint","urlTemplate":"https:\/\/suenhcosmetics.fr\/?s={search_term_string}"},"query-input":{"@type":"PropertyValueSpecification","valueRequired":true,"valueName":"search_term_string"}}],"inLanguage":"fr-FR"},{"@type":"Organization","@id":"https:\/\/suenhcosmetics.fr\/#organization","name":"SUENH Cosmetics","url":"https:\/\/suenhcosmetics.fr\/","logo":{"@type":"ImageObject","inLanguage":"fr-FR","@id":"https:\/\/suenhcosmetics.fr\/#\/schema\/logo\/image\/","url":"https:\/\/suenhcosmetics.fr\/wp-content\/uploads\/2025\/06\/cropped-Wispiration-4.png","contentUrl":"https:\/\/suenhcosmetics.fr\/wp-content\/uploads\/2025\/06\/cropped-Wispiration-4.png","width":180,"height":60,"caption":"SUENH Cosmetics"},"image":{"@id":"https:\/\/suenhcosmetics.fr\/#\/schema\/logo\/image\/"}}]}},"_links":{"self":[{"href":"https:\/\/suenhcosmetics.fr\/index.php\/wp-json\/wp\/v2\/product\/1329","targetHints":{"allow":["GET"]}}],"collection":[{"href":"https:\/\/suenhcosmetics.fr\/index.php\/wp-json\/wp\/v2\/product"}],"about":[{"href":"https:\/\/suenhcosmetics.fr\/index.php\/wp-json\/wp\/v2\/types\/product"}],"replies":[{"embeddable":true,"href":"https:\/\/suenhcosmetics.fr\/index.php\/wp-json\/wp\/v2\/comments?post=1329"}],"version-history":[{"count":9,"href":"https:\/\/suenhcosmetics.fr\/index.php\/wp-json\/wp\/v2\/product\/1329\/revisions"}],"predecessor-version":[{"id":5110,"href":"https:\/\/suenhcosmetics.fr\/index.php\/wp-json\/wp\/v2\/product\/1329\/revisions\/5110"}],"wp:featuredmedia":[{"embeddable":true,"href":"https:\/\/suenhcosmetics.fr\/index.php\/wp-json\/wp\/v2\/media\/3693"}],"wp:attachment":[{"href":"https:\/\/suenhcosmetics.fr\/index.php\/wp-json\/wp\/v2\/media?parent=1329"}],"wp:term":[{"taxonomy":"product_brand","embeddable":true,"href":"https:\/\/suenhcosmetics.fr\/index.php\/wp-json\/wp\/v2\/product_brand?post=1329"},{"taxonomy":"product_cat","embeddable":true,"href":"https:\/\/suenhcosmetics.fr\/index.php\/wp-json\/wp\/v2\/product_cat?post=1329"},{"taxonomy":"product_tag","embeddable":true,"href":"https:\/\/suenhcosmetics.fr\/index.php\/wp-json\/wp\/v2\/product_tag?post=1329"}],"curies":[{"name":"wp","href":"https:\/\/api.w.org\/{rel}","templated":true}]}}