{"id":3904,"date":"2025-05-22T14:04:09","date_gmt":"2025-05-22T12:04:09","guid":{"rendered":"https:\/\/www.test.suenhcosmetics.fr\/?post_type=product&#038;p=3904"},"modified":"2026-04-06T16:20:56","modified_gmt":"2026-04-06T14:20:56","slug":"duo-hydratation-eclat","status":"publish","type":"product","link":"https:\/\/suenhcosmetics.fr\/index.php\/produit\/duo-hydratation-eclat\/","title":{"rendered":"DUO Hydratation &#038; \u00c9clat"},"content":{"rendered":"\t\t<div data-elementor-type=\"wp-post\" data-elementor-id=\"3904\" class=\"elementor elementor-3904\">\n\t\t\t\t<div class=\"elementor-element elementor-element-b564b5f e-flex e-con-boxed wpr-particle-no wpr-jarallax-no wpr-parallax-no wpr-sticky-section-no wpr-equal-height-no e-con e-parent\" data-id=\"b564b5f\" data-element_type=\"container\" data-e-type=\"container\">\n\t\t\t\t\t<div class=\"e-con-inner\">\n\t\t<div class=\"elementor-element elementor-element-fdfe53a e-con-full e-flex wpr-particle-no wpr-jarallax-no wpr-parallax-no wpr-sticky-section-no wpr-equal-height-no e-con e-child\" data-id=\"fdfe53a\" data-element_type=\"container\" data-e-type=\"container\">\n\t\t\t\t<div class=\"elementor-element elementor-element-ca94c10 elementor-widget__width-initial elementor-widget elementor-widget-text-editor\" data-id=\"ca94c10\" data-element_type=\"widget\" data-e-type=\"widget\" data-widget_type=\"text-editor.default\">\n\t\t\t\t<div class=\"elementor-widget-container\">\n\t\t\t\t\t\t\t\t\t<p>Un soin quotidien minimaliste, efficace, 100% v\u00e9g\u00e9tal.<\/p>\t\t\t\t\t\t\t\t<\/div>\n\t\t\t\t<\/div>\n\t\t\t\t<div class=\"elementor-element elementor-element-84d323f elementor-widget elementor-widget-text-editor\" data-id=\"84d323f\" data-element_type=\"widget\" data-e-type=\"widget\" data-widget_type=\"text-editor.default\">\n\t\t\t\t<div class=\"elementor-widget-container\">\n\t\t\t\t\t\t\t\t\t<p><b>Le S\u00e9rum \u00c9clat<\/b>, compos\u00e9 de synergies d\u2019huiles v\u00e9g\u00e9tales fran\u00e7aises, offre une protection antioxydante tout en renfor\u00e7ant la barri\u00e8re cutan\u00e9e. Sa texture l\u00e9g\u00e8re p\u00e9n\u00e8tre rapidement et laisse un toucher sec agr\u00e9able. Il convient aussi bien en soin de jour qu\u2019en soin de nuit.<br \/><b> Les Lotions Botaniques<\/b>, \u00e0 base d\u2019eau de source et d\u2019hydrolats distill\u00e9s, sont sans alcool ni conservateurs. Chaque plante est s\u00e9lectionn\u00e9e pour son action sp\u00e9cifique : le Calendula calme, le Sureau illumine, l\u2019Achill\u00e9e purifie, la Pomme sauvage tonifie et adoucit.<\/p><p>Ce duo permet d\u2019adapter son soin \u00e0 la saison, au moment de la journ\u00e9e ou \u00e0 l\u2019\u00e9tat de la peau. Il peut \u00eatre utilis\u00e9 en cr\u00e8me quotidienne, en soin express ou en traitement de nuit.<\/p>\t\t\t\t\t\t\t\t<\/div>\n\t\t\t\t<\/div>\n\t\t\t\t<\/div>\n\t\t<div class=\"elementor-element elementor-element-c6b0f96 e-con-full e-flex wpr-particle-no wpr-jarallax-no wpr-parallax-no wpr-sticky-section-no wpr-equal-height-no e-con e-child\" data-id=\"c6b0f96\" data-element_type=\"container\" data-e-type=\"container\">\n\t\t\t\t<div class=\"elementor-element elementor-element-2b2191e elementor-widget__width-initial elementor-widget elementor-widget-image\" data-id=\"2b2191e\" data-element_type=\"widget\" data-e-type=\"widget\" data-widget_type=\"image.default\">\n\t\t\t\t<div class=\"elementor-widget-container\">\n\t\t\t\t\t\t\t\t\t\t\t\t\t\t\t<img fetchpriority=\"high\" decoding=\"async\" width=\"548\" height=\"548\" src=\"https:\/\/suenhcosmetics.fr\/wp-content\/uploads\/2025\/05\/A.jpg\" class=\"attachment-large size-large wp-image-4672\" alt=\"\" srcset=\"https:\/\/suenhcosmetics.fr\/wp-content\/uploads\/2025\/05\/A.jpg 548w, https:\/\/suenhcosmetics.fr\/wp-content\/uploads\/2025\/05\/A-300x300.jpg 300w, https:\/\/suenhcosmetics.fr\/wp-content\/uploads\/2025\/05\/A-150x150.jpg 150w, https:\/\/suenhcosmetics.fr\/wp-content\/uploads\/2025\/05\/A-100x100.jpg 100w\" sizes=\"(max-width: 548px) 100vw, 548px\" \/>\t\t\t\t\t\t\t\t\t\t\t\t\t\t\t<\/div>\n\t\t\t\t<\/div>\n\t\t\t\t<\/div>\n\t\t\t\t\t<\/div>\n\t\t\t\t<\/div>\n\t\t\t\t<\/div>\n\t\t","protected":false},"excerpt":{"rendered":"<div class=\"fiche-produit\">\n<h2>L\u2019alternative 100% v\u00e9g\u00e9tale \u00e0 votre cr\u00e8me<\/h2>\n<h3>S\u00e9rum \u00c9clat &amp; Lotion Botanique au choix<\/h3>\n<p class=\"type-peau\">Toutes peaux \u2013 Nutrition \u2013 Hydratation \u2013 \u00c9clat<\/p>\n<p class=\"description\">Ce duo intelligent associe le <a href=\"https:\/\/www.suenhcosmetics.fr\/index.php\/produit\/serum-eclat\/\"><strong>S\u00e9rum \u00c9clat<\/strong><\/a>, nourrissant et tonifiant, \u00e0 une <strong>lotion hydratante cibl\u00e9e<\/strong> selon votre type de peau.<\/p>\n<p>\ud83d\udca7 <strong><a href=\"https:\/\/www.suenhcosmetics.fr\/index.php\/produit\/serum-eclat\/\">S\u00e9rum \u00c9clat<\/a> :<\/strong> nourrit, prot\u00e8ge, tonifie, r\u00e9g\u00e9n\u00e8re. Texture fine, non grasse.<br \/>\n\ud83c\udf3f <strong>Lotions au choix :<\/strong><br \/>\n<a href=\"https:\/\/www.suenhcosmetics.fr\/index.php\/produit\/lotion-botanique-apaisante-calendula-50-ml\/\">Calendula <\/a>(apaisante, calmante),<br \/>\n<a href=\"https:\/\/www.suenhcosmetics.fr\/index.php\/produit\/lotion-botanique-hydratante-fleur-de-sureau\/\">Sureau<\/a> (\u00e9clat, rougeurs),<br \/>\n<a href=\"https:\/\/www.suenhcosmetics.fr\/index.php\/produit\/lotion-botanique-pomme-sauvage-50-ml\/\">Pomme Sauvage<\/a> (\u00e9clat, tonifiante),<br \/>\n<a href=\"https:\/\/www.suenhcosmetics.fr\/index.php\/produit\/lotion-botanique-achillee-mille-feuilles\/\">Achill\u00e9e<\/a> (purifiante, cicatrisante).<\/p>\n<p><strong>Routine personnalis\u00e9e :<\/strong><br \/>\nQuelques gouttes de s\u00e9rum + lotion = cr\u00e8me sur-mesure, chaque jour.<\/p>\n<p class=\"note\">Un soin brut, sans conservateurs, efficace, 100% actifs de plantes.<\/p>\n<\/div>\n","protected":false},"featured_media":3906,"comment_status":"open","ping_status":"closed","template":"","meta":{"site-sidebar-layout":"default","site-content-layout":"","ast-site-content-layout":"default","site-content-style":"default","site-sidebar-style":"default","ast-global-header-display":"","ast-banner-title-visibility":"","ast-main-header-display":"","ast-hfb-above-header-display":"","ast-hfb-below-header-display":"","ast-hfb-mobile-header-display":"","site-post-title":"","ast-breadcrumbs-content":"","ast-featured-img":"","footer-sml-layout":"","ast-disable-related-posts":"","theme-transparent-header-meta":"default","adv-header-id-meta":"","stick-header-meta":"","header-above-stick-meta":"","header-main-stick-meta":"","header-below-stick-meta":"","astra-migrate-meta-layouts":"set","ast-page-background-enabled":"default","ast-page-background-meta":{"desktop":{"background-color":"var(--ast-global-color-5)","background-image":"","background-repeat":"repeat","background-position":"center center","background-size":"auto","background-attachment":"scroll","background-type":"","background-media":"","overlay-type":"","overlay-color":"","overlay-opacity":"","overlay-gradient":""},"tablet":{"background-color":"","background-image":"","background-repeat":"repeat","background-position":"center center","background-size":"auto","background-attachment":"scroll","background-type":"","background-media":"","overlay-type":"","overlay-color":"","overlay-opacity":"","overlay-gradient":""},"mobile":{"background-color":"","background-image":"","background-repeat":"repeat","background-position":"center center","background-size":"auto","background-attachment":"scroll","background-type":"","background-media":"","overlay-type":"","overlay-color":"","overlay-opacity":"","overlay-gradient":""}},"ast-content-background-meta":{"desktop":{"background-color":"var(--ast-global-color-4)","background-image":"","background-repeat":"repeat","background-position":"center center","background-size":"auto","background-attachment":"scroll","background-type":"","background-media":"","overlay-type":"","overlay-color":"","overlay-opacity":"","overlay-gradient":""},"tablet":{"background-color":"var(--ast-global-color-4)","background-image":"","background-repeat":"repeat","background-position":"center center","background-size":"auto","background-attachment":"scroll","background-type":"","background-media":"","overlay-type":"","overlay-color":"","overlay-opacity":"","overlay-gradient":""},"mobile":{"background-color":"var(--ast-global-color-4)","background-image":"","background-repeat":"repeat","background-position":"center center","background-size":"auto","background-attachment":"scroll","background-type":"","background-media":"","overlay-type":"","overlay-color":"","overlay-opacity":"","overlay-gradient":""}}},"product_brand":[],"product_cat":[53,16,22,20],"product_tag":[],"class_list":{"0":"post-3904","1":"product","2":"type-product","3":"status-publish","4":"has-post-thumbnail","6":"product_cat-deshydratation","7":"product_cat-non-classe","8":"product_cat-packs-routines","9":"product_cat-soins-visages","10":"desktop-align-left","11":"tablet-align-left","12":"mobile-align-left","14":"first","15":"instock","16":"shipping-taxable","17":"purchasable","18":"product-type-variable"},"yoast_head":"<!-- This site is optimized with the Yoast SEO plugin v27.5 - https:\/\/yoast.com\/product\/yoast-seo-wordpress\/ -->\n<title>Duo Hydratation &amp; \u00c9clat \u2013 S\u00e9rum Lotion | Suenh Cosmetics<\/title>\n<meta name=\"description\" content=\"Composez votre cr\u00e8me sur-mesure : s\u00e9rum \u00e9clat + lotion adapt\u00e9e \u00e0 votre peau. Hydratation, nutrition et \u00e9clat au naturel, sans conservateur.\" \/>\n<meta name=\"robots\" content=\"index, follow, max-snippet:-1, max-image-preview:large, max-video-preview:-1\" \/>\n<link rel=\"canonical\" href=\"https:\/\/suenhcosmetics.fr\/index.php\/produit\/duo-hydratation-eclat\/\" \/>\n<meta property=\"og:locale\" content=\"fr_FR\" \/>\n<meta property=\"og:type\" content=\"article\" \/>\n<meta property=\"og:title\" content=\"Duo Hydratation &amp; \u00c9clat \u2013 S\u00e9rum Lotion | Suenh Cosmetics\" \/>\n<meta property=\"og:description\" content=\"Composez votre cr\u00e8me sur-mesure : s\u00e9rum \u00e9clat + lotion adapt\u00e9e \u00e0 votre peau. Hydratation, nutrition et \u00e9clat au naturel, sans conservateur.\" \/>\n<meta property=\"og:url\" content=\"https:\/\/suenhcosmetics.fr\/index.php\/produit\/duo-hydratation-eclat\/\" \/>\n<meta property=\"article:modified_time\" content=\"2026-04-06T14:20:56+00:00\" \/>\n<meta property=\"og:image\" content=\"https:\/\/suenhcosmetics.fr\/wp-content\/uploads\/2025\/05\/40.png\" \/>\n\t<meta property=\"og:image:width\" content=\"800\" \/>\n\t<meta property=\"og:image:height\" content=\"800\" \/>\n\t<meta property=\"og:image:type\" content=\"image\/png\" \/>\n<meta name=\"twitter:card\" content=\"summary_large_image\" \/>\n<meta name=\"twitter:label1\" content=\"Dur\u00e9e de lecture estim\u00e9e\" \/>\n\t<meta name=\"twitter:data1\" content=\"2 minutes\" \/>\n<script type=\"application\/ld+json\" class=\"yoast-schema-graph\">{\"@context\":\"https:\\\/\\\/schema.org\",\"@graph\":[{\"@type\":\"WebPage\",\"@id\":\"https:\\\/\\\/suenhcosmetics.fr\\\/index.php\\\/produit\\\/duo-hydratation-eclat\\\/\",\"url\":\"https:\\\/\\\/suenhcosmetics.fr\\\/index.php\\\/produit\\\/duo-hydratation-eclat\\\/\",\"name\":\"Duo Hydratation & \u00c9clat \u2013 S\u00e9rum Lotion | Suenh Cosmetics\",\"isPartOf\":{\"@id\":\"https:\\\/\\\/suenhcosmetics.fr\\\/#website\"},\"primaryImageOfPage\":{\"@id\":\"https:\\\/\\\/suenhcosmetics.fr\\\/index.php\\\/produit\\\/duo-hydratation-eclat\\\/#primaryimage\"},\"image\":{\"@id\":\"https:\\\/\\\/suenhcosmetics.fr\\\/index.php\\\/produit\\\/duo-hydratation-eclat\\\/#primaryimage\"},\"thumbnailUrl\":\"https:\\\/\\\/suenhcosmetics.fr\\\/wp-content\\\/uploads\\\/2025\\\/05\\\/40.png\",\"datePublished\":\"2025-05-22T12:04:09+00:00\",\"dateModified\":\"2026-04-06T14:20:56+00:00\",\"description\":\"Composez votre cr\u00e8me sur-mesure : s\u00e9rum \u00e9clat + lotion adapt\u00e9e \u00e0 votre peau. Hydratation, nutrition et \u00e9clat au naturel, sans conservateur.\",\"breadcrumb\":{\"@id\":\"https:\\\/\\\/suenhcosmetics.fr\\\/index.php\\\/produit\\\/duo-hydratation-eclat\\\/#breadcrumb\"},\"inLanguage\":\"fr-FR\",\"potentialAction\":[{\"@type\":\"ReadAction\",\"target\":[\"https:\\\/\\\/suenhcosmetics.fr\\\/index.php\\\/produit\\\/duo-hydratation-eclat\\\/\"]}]},{\"@type\":\"ImageObject\",\"inLanguage\":\"fr-FR\",\"@id\":\"https:\\\/\\\/suenhcosmetics.fr\\\/index.php\\\/produit\\\/duo-hydratation-eclat\\\/#primaryimage\",\"url\":\"https:\\\/\\\/suenhcosmetics.fr\\\/wp-content\\\/uploads\\\/2025\\\/05\\\/40.png\",\"contentUrl\":\"https:\\\/\\\/suenhcosmetics.fr\\\/wp-content\\\/uploads\\\/2025\\\/05\\\/40.png\",\"width\":800,\"height\":800},{\"@type\":\"BreadcrumbList\",\"@id\":\"https:\\\/\\\/suenhcosmetics.fr\\\/index.php\\\/produit\\\/duo-hydratation-eclat\\\/#breadcrumb\",\"itemListElement\":[{\"@type\":\"ListItem\",\"position\":1,\"name\":\"Accueil\",\"item\":\"https:\\\/\\\/suenhcosmetics.fr\\\/\"},{\"@type\":\"ListItem\",\"position\":2,\"name\":\"Produits\",\"item\":\"https:\\\/\\\/suenhcosmetics.fr\\\/index.php\\\/shop\\\/\"},{\"@type\":\"ListItem\",\"position\":3,\"name\":\"DUO Hydratation &#038; \u00c9clat\"}]},{\"@type\":\"WebSite\",\"@id\":\"https:\\\/\\\/suenhcosmetics.fr\\\/#website\",\"url\":\"https:\\\/\\\/suenhcosmetics.fr\\\/\",\"name\":\"\",\"description\":\"\",\"publisher\":{\"@id\":\"https:\\\/\\\/suenhcosmetics.fr\\\/#organization\"},\"potentialAction\":[{\"@type\":\"SearchAction\",\"target\":{\"@type\":\"EntryPoint\",\"urlTemplate\":\"https:\\\/\\\/suenhcosmetics.fr\\\/?s={search_term_string}\"},\"query-input\":{\"@type\":\"PropertyValueSpecification\",\"valueRequired\":true,\"valueName\":\"search_term_string\"}}],\"inLanguage\":\"fr-FR\"},{\"@type\":\"Organization\",\"@id\":\"https:\\\/\\\/suenhcosmetics.fr\\\/#organization\",\"name\":\"SUENH Cosmetics\",\"url\":\"https:\\\/\\\/suenhcosmetics.fr\\\/\",\"logo\":{\"@type\":\"ImageObject\",\"inLanguage\":\"fr-FR\",\"@id\":\"https:\\\/\\\/suenhcosmetics.fr\\\/#\\\/schema\\\/logo\\\/image\\\/\",\"url\":\"https:\\\/\\\/suenhcosmetics.fr\\\/wp-content\\\/uploads\\\/2025\\\/06\\\/cropped-Wispiration-4.png\",\"contentUrl\":\"https:\\\/\\\/suenhcosmetics.fr\\\/wp-content\\\/uploads\\\/2025\\\/06\\\/cropped-Wispiration-4.png\",\"width\":180,\"height\":60,\"caption\":\"SUENH Cosmetics\"},\"image\":{\"@id\":\"https:\\\/\\\/suenhcosmetics.fr\\\/#\\\/schema\\\/logo\\\/image\\\/\"}}]}<\/script>\n<!-- \/ Yoast SEO plugin. -->","yoast_head_json":{"title":"Duo Hydratation & \u00c9clat \u2013 S\u00e9rum Lotion | Suenh Cosmetics","description":"Composez votre cr\u00e8me sur-mesure : s\u00e9rum \u00e9clat + lotion adapt\u00e9e \u00e0 votre peau. Hydratation, nutrition et \u00e9clat au naturel, sans conservateur.","robots":{"index":"index","follow":"follow","max-snippet":"max-snippet:-1","max-image-preview":"max-image-preview:large","max-video-preview":"max-video-preview:-1"},"canonical":"https:\/\/suenhcosmetics.fr\/index.php\/produit\/duo-hydratation-eclat\/","og_locale":"fr_FR","og_type":"article","og_title":"Duo Hydratation & \u00c9clat \u2013 S\u00e9rum Lotion | Suenh Cosmetics","og_description":"Composez votre cr\u00e8me sur-mesure : s\u00e9rum \u00e9clat + lotion adapt\u00e9e \u00e0 votre peau. Hydratation, nutrition et \u00e9clat au naturel, sans conservateur.","og_url":"https:\/\/suenhcosmetics.fr\/index.php\/produit\/duo-hydratation-eclat\/","article_modified_time":"2026-04-06T14:20:56+00:00","og_image":[{"width":800,"height":800,"url":"https:\/\/suenhcosmetics.fr\/wp-content\/uploads\/2025\/05\/40.png","type":"image\/png"}],"twitter_card":"summary_large_image","twitter_misc":{"Dur\u00e9e de lecture estim\u00e9e":"2 minutes"},"schema":{"@context":"https:\/\/schema.org","@graph":[{"@type":"WebPage","@id":"https:\/\/suenhcosmetics.fr\/index.php\/produit\/duo-hydratation-eclat\/","url":"https:\/\/suenhcosmetics.fr\/index.php\/produit\/duo-hydratation-eclat\/","name":"Duo Hydratation & \u00c9clat \u2013 S\u00e9rum Lotion | Suenh Cosmetics","isPartOf":{"@id":"https:\/\/suenhcosmetics.fr\/#website"},"primaryImageOfPage":{"@id":"https:\/\/suenhcosmetics.fr\/index.php\/produit\/duo-hydratation-eclat\/#primaryimage"},"image":{"@id":"https:\/\/suenhcosmetics.fr\/index.php\/produit\/duo-hydratation-eclat\/#primaryimage"},"thumbnailUrl":"https:\/\/suenhcosmetics.fr\/wp-content\/uploads\/2025\/05\/40.png","datePublished":"2025-05-22T12:04:09+00:00","dateModified":"2026-04-06T14:20:56+00:00","description":"Composez votre cr\u00e8me sur-mesure : s\u00e9rum \u00e9clat + lotion adapt\u00e9e \u00e0 votre peau. Hydratation, nutrition et \u00e9clat au naturel, sans conservateur.","breadcrumb":{"@id":"https:\/\/suenhcosmetics.fr\/index.php\/produit\/duo-hydratation-eclat\/#breadcrumb"},"inLanguage":"fr-FR","potentialAction":[{"@type":"ReadAction","target":["https:\/\/suenhcosmetics.fr\/index.php\/produit\/duo-hydratation-eclat\/"]}]},{"@type":"ImageObject","inLanguage":"fr-FR","@id":"https:\/\/suenhcosmetics.fr\/index.php\/produit\/duo-hydratation-eclat\/#primaryimage","url":"https:\/\/suenhcosmetics.fr\/wp-content\/uploads\/2025\/05\/40.png","contentUrl":"https:\/\/suenhcosmetics.fr\/wp-content\/uploads\/2025\/05\/40.png","width":800,"height":800},{"@type":"BreadcrumbList","@id":"https:\/\/suenhcosmetics.fr\/index.php\/produit\/duo-hydratation-eclat\/#breadcrumb","itemListElement":[{"@type":"ListItem","position":1,"name":"Accueil","item":"https:\/\/suenhcosmetics.fr\/"},{"@type":"ListItem","position":2,"name":"Produits","item":"https:\/\/suenhcosmetics.fr\/index.php\/shop\/"},{"@type":"ListItem","position":3,"name":"DUO Hydratation &#038; \u00c9clat"}]},{"@type":"WebSite","@id":"https:\/\/suenhcosmetics.fr\/#website","url":"https:\/\/suenhcosmetics.fr\/","name":"","description":"","publisher":{"@id":"https:\/\/suenhcosmetics.fr\/#organization"},"potentialAction":[{"@type":"SearchAction","target":{"@type":"EntryPoint","urlTemplate":"https:\/\/suenhcosmetics.fr\/?s={search_term_string}"},"query-input":{"@type":"PropertyValueSpecification","valueRequired":true,"valueName":"search_term_string"}}],"inLanguage":"fr-FR"},{"@type":"Organization","@id":"https:\/\/suenhcosmetics.fr\/#organization","name":"SUENH Cosmetics","url":"https:\/\/suenhcosmetics.fr\/","logo":{"@type":"ImageObject","inLanguage":"fr-FR","@id":"https:\/\/suenhcosmetics.fr\/#\/schema\/logo\/image\/","url":"https:\/\/suenhcosmetics.fr\/wp-content\/uploads\/2025\/06\/cropped-Wispiration-4.png","contentUrl":"https:\/\/suenhcosmetics.fr\/wp-content\/uploads\/2025\/06\/cropped-Wispiration-4.png","width":180,"height":60,"caption":"SUENH Cosmetics"},"image":{"@id":"https:\/\/suenhcosmetics.fr\/#\/schema\/logo\/image\/"}}]}},"_links":{"self":[{"href":"https:\/\/suenhcosmetics.fr\/index.php\/wp-json\/wp\/v2\/product\/3904","targetHints":{"allow":["GET"]}}],"collection":[{"href":"https:\/\/suenhcosmetics.fr\/index.php\/wp-json\/wp\/v2\/product"}],"about":[{"href":"https:\/\/suenhcosmetics.fr\/index.php\/wp-json\/wp\/v2\/types\/product"}],"replies":[{"embeddable":true,"href":"https:\/\/suenhcosmetics.fr\/index.php\/wp-json\/wp\/v2\/comments?post=3904"}],"version-history":[{"count":42,"href":"https:\/\/suenhcosmetics.fr\/index.php\/wp-json\/wp\/v2\/product\/3904\/revisions"}],"predecessor-version":[{"id":4682,"href":"https:\/\/suenhcosmetics.fr\/index.php\/wp-json\/wp\/v2\/product\/3904\/revisions\/4682"}],"wp:featuredmedia":[{"embeddable":true,"href":"https:\/\/suenhcosmetics.fr\/index.php\/wp-json\/wp\/v2\/media\/3906"}],"wp:attachment":[{"href":"https:\/\/suenhcosmetics.fr\/index.php\/wp-json\/wp\/v2\/media?parent=3904"}],"wp:term":[{"taxonomy":"product_brand","embeddable":true,"href":"https:\/\/suenhcosmetics.fr\/index.php\/wp-json\/wp\/v2\/product_brand?post=3904"},{"taxonomy":"product_cat","embeddable":true,"href":"https:\/\/suenhcosmetics.fr\/index.php\/wp-json\/wp\/v2\/product_cat?post=3904"},{"taxonomy":"product_tag","embeddable":true,"href":"https:\/\/suenhcosmetics.fr\/index.php\/wp-json\/wp\/v2\/product_tag?post=3904"}],"curies":[{"name":"wp","href":"https:\/\/api.w.org\/{rel}","templated":true}]}}