{"id":950,"date":"2022-09-05T11:13:00","date_gmt":"2022-09-05T09:13:00","guid":{"rendered":"https:\/\/www.test.suenhcosmetics.fr\/?post_type=product&#038;p=950"},"modified":"2025-06-03T22:54:40","modified_gmt":"2025-06-03T20:54:40","slug":"savon-infuse-a-la-fleur-de-calendula-et-avoine-avec-lien-100-gr","status":"publish","type":"product","link":"https:\/\/suenhcosmetics.fr\/index.php\/produit\/savon-infuse-a-la-fleur-de-calendula-et-avoine-avec-lien-100-gr\/","title":{"rendered":"Savon infus\u00e9 | Calendula &#038; Avoine"},"content":{"rendered":"\t\t<div data-elementor-type=\"wp-post\" data-elementor-id=\"950\" class=\"elementor elementor-950\">\n\t\t\t\t<div class=\"elementor-element elementor-element-31c18ea e-flex e-con-boxed wpr-particle-no wpr-jarallax-no wpr-parallax-no wpr-sticky-section-no wpr-equal-height-no e-con e-parent\" data-id=\"31c18ea\" data-element_type=\"container\" data-e-type=\"container\">\n\t\t\t\t\t<div class=\"e-con-inner\">\n\t\t<div class=\"elementor-element elementor-element-40feb70 e-con-full e-flex wpr-particle-no wpr-jarallax-no wpr-parallax-no wpr-sticky-section-no wpr-equal-height-no e-con e-child\" data-id=\"40feb70\" data-element_type=\"container\" data-e-type=\"container\">\n\t\t\t\t<div class=\"elementor-element elementor-element-4de7a39 elementor-widget__width-initial elementor-widget-mobile__width-initial elementor-widget elementor-widget-eael-adv-accordion\" data-id=\"4de7a39\" data-element_type=\"widget\" data-e-type=\"widget\" data-widget_type=\"eael-adv-accordion.default\">\n\t\t\t\t<div class=\"elementor-widget-container\">\n\t\t\t\t\t            <div class=\"eael-adv-accordion\" id=\"eael-adv-accordion-4de7a39\" data-scroll-on-click=\"no\" data-scroll-speed=\"300\" data-accordion-id=\"4de7a39\" data-accordion-type=\"accordion\" data-toogle-speed=\"300\">\n            <div class=\"eael-accordion-list\">\n\t\t\t\t\t<div id=\"un-soin-artisanal-et-vivant\" class=\"elementor-tab-title eael-accordion-header\" tabindex=\"0\" data-tab=\"1\" aria-controls=\"elementor-tab-content-8161\"><span class=\"eael-advanced-accordion-icon-closed\"><svg aria-hidden=\"true\" class=\"fa-accordion-icon e-font-icon-svg e-fas-plus\" viewBox=\"0 0 448 512\" xmlns=\"http:\/\/www.w3.org\/2000\/svg\"><path d=\"M416 208H272V64c0-17.67-14.33-32-32-32h-32c-17.67 0-32 14.33-32 32v144H32c-17.67 0-32 14.33-32 32v32c0 17.67 14.33 32 32 32h144v144c0 17.67 14.33 32 32 32h32c17.67 0 32-14.33 32-32V304h144c17.67 0 32-14.33 32-32v-32c0-17.67-14.33-32-32-32z\"><\/path><\/svg><\/span><span class=\"eael-advanced-accordion-icon-opened\"><svg aria-hidden=\"true\" class=\"fa-accordion-icon e-font-icon-svg e-fas-minus\" viewBox=\"0 0 448 512\" xmlns=\"http:\/\/www.w3.org\/2000\/svg\"><path d=\"M416 208H32c-17.67 0-32 14.33-32 32v32c0 17.67 14.33 32 32 32h384c17.67 0 32-14.33 32-32v-32c0-17.67-14.33-32-32-32z\"><\/path><\/svg><\/span><span class=\"eael-accordion-tab-title\">Un soin artisanal et vivant<\/span><svg aria-hidden=\"true\" class=\"fa-toggle e-font-icon-svg e-fas-angle-right\" viewBox=\"0 0 256 512\" xmlns=\"http:\/\/www.w3.org\/2000\/svg\"><path d=\"M224.3 273l-136 136c-9.4 9.4-24.6 9.4-33.9 0l-22.6-22.6c-9.4-9.4-9.4-24.6 0-33.9l96.4-96.4-96.4-96.4c-9.4-9.4-9.4-24.6 0-33.9L54.3 103c9.4-9.4 24.6-9.4 33.9 0l136 136c9.5 9.4 9.5 24.6.1 34z\"><\/path><\/svg><\/div><div id=\"elementor-tab-content-8161\" class=\"eael-accordion-content clearfix\" data-tab=\"1\" aria-labelledby=\"un-soin-artisanal-et-vivant\"><p>Chaque savon est fabriqu\u00e9 \u00e0 la main dans notre atelier en Occitanie, avec un mac\u00e9r\u00e2t de fleurs fra\u00eeches de Calendula dans des huiles v\u00e9g\u00e9tales biologiques.<br \/>Surnomm\u00e9 <strong>souci des jardins,<\/strong> le Calendula est une plante solaire, riche en \u03b2-carot\u00e8ne, qui aide \u00e0 r\u00e9parer, apaiser et prot\u00e9ger la peau.<br \/>Confectionn\u00e9 \u00e0 la main, formes irr\u00e9guli\u00e8res, imperfections, trous sont parties int\u00e9grantes de chaque savon.<br \/>Chaque pi\u00e8ce est unique, chaque d\u00e9faut en est le charmant t\u00e9moin.<br \/>Existe en 2 versions:<br \/><strong><span style=\"text-decoration: underline\">Version sur corde:<\/span><\/strong> Pratique! passer le lien autour du poignet et il ne glissera plus de vos mains sous la douche.<br \/>Suspendez le ensuite pour qu&rsquo;il s\u00e8che!<br \/><span style=\"text-decoration: underline\"><strong>Version \u00e0 poser:<\/strong><\/span> toujours sur un porte savon trou\u00e9 et \u00e0 l&rsquo;\u00e9cart des \u00e9claboussures.<br \/><strong>Conseils d\u2019utilisation<\/strong><br \/>\u2022 Appliquez sur peau humide.<br \/>\u2022 Faites mousser, massez l\u2019ensemble du corps puis rincez \u00e0 l\u2019eau claire.<br \/>\u2022 \u00c9vitez le contact avec les yeux. En cas de projection, rincez abondamment \u00e0 l\u2019eau claire.<br \/>\ud83e\uddfc <strong>Astuce<\/strong> : d\u00e9posez-le sur un porte-savon bien drain\u00e9 pour prolonger sa dur\u00e9e de vie. Sa richesse en surgras le rend plus tendre que les savons industriels.<\/p><\/div>\n\t\t\t\t\t<\/div><div class=\"eael-accordion-list\">\n\t\t\t\t\t<div id=\"pourquoi-ce-savon-est-unique-\" class=\"elementor-tab-title eael-accordion-header\" tabindex=\"0\" data-tab=\"2\" aria-controls=\"elementor-tab-content-8162\"><span class=\"eael-advanced-accordion-icon-closed\"><svg aria-hidden=\"true\" class=\"fa-accordion-icon e-font-icon-svg e-fas-plus\" viewBox=\"0 0 448 512\" xmlns=\"http:\/\/www.w3.org\/2000\/svg\"><path d=\"M416 208H272V64c0-17.67-14.33-32-32-32h-32c-17.67 0-32 14.33-32 32v144H32c-17.67 0-32 14.33-32 32v32c0 17.67 14.33 32 32 32h144v144c0 17.67 14.33 32 32 32h32c17.67 0 32-14.33 32-32V304h144c17.67 0 32-14.33 32-32v-32c0-17.67-14.33-32-32-32z\"><\/path><\/svg><\/span><span class=\"eael-advanced-accordion-icon-opened\"><svg aria-hidden=\"true\" class=\"fa-accordion-icon e-font-icon-svg e-fas-minus\" viewBox=\"0 0 448 512\" xmlns=\"http:\/\/www.w3.org\/2000\/svg\"><path d=\"M416 208H32c-17.67 0-32 14.33-32 32v32c0 17.67 14.33 32 32 32h384c17.67 0 32-14.33 32-32v-32c0-17.67-14.33-32-32-32z\"><\/path><\/svg><\/span><span class=\"eael-accordion-tab-title\">Pourquoi ce savon est unique ?<\/span><svg aria-hidden=\"true\" class=\"fa-toggle e-font-icon-svg e-fas-angle-right\" viewBox=\"0 0 256 512\" xmlns=\"http:\/\/www.w3.org\/2000\/svg\"><path d=\"M224.3 273l-136 136c-9.4 9.4-24.6 9.4-33.9 0l-22.6-22.6c-9.4-9.4-9.4-24.6 0-33.9l96.4-96.4-96.4-96.4c-9.4-9.4-9.4-24.6 0-33.9L54.3 103c9.4-9.4 24.6-9.4 33.9 0l136 136c9.5 9.4 9.5 24.6.1 34z\"><\/path><\/svg><\/div><div id=\"elementor-tab-content-8162\" class=\"eael-accordion-content clearfix\" data-tab=\"2\" aria-labelledby=\"pourquoi-ce-savon-est-unique-\"><p>Chez SU\u00c8NH, nous croyons qu\u2019un bon soin commence par des ingr\u00e9dients vrais.<\/p><ul><li><strong>Mac\u00e9r\u00e2t de Calendula maison<\/strong> : Nos fleurs sont cultiv\u00e9es sans intrants, cueillies \u00e0 la main, puis lentement infus\u00e9es dans des huiles v\u00e9g\u00e9tales fran\u00e7aises pour en extraire toute leur richesse apaisante et r\u00e9paratrice.<\/li><li><strong>Hydrolat de Calendula au lieu de l\u2019eau<\/strong> : Nous rempla\u00e7ons l\u2019eau habituellement utilis\u00e9e dans les savons par notre propre hydrolat de Calendula, distill\u00e9 artisanalement. Ce choix permet d\u2019enrichir chaque savon des bienfaits subtils de la plante dans sa forme la plus pure et active.<\/li><li><strong>Une plante enti\u00e8re, valoris\u00e9e sous toutes ses formes<\/strong> : P\u00e9tales visibles pour l\u2019esth\u00e9tique, hydrolat pour la base aqueuse, et mac\u00e9r\u00e2t pour les lipides \u2014 le Calendula est ici exploit\u00e9 dans son int\u00e9gralit\u00e9. Chaque savon est un concentr\u00e9 d\u2019actifs botaniques, pour un soin complet et vivant.<\/li><li><strong>Saponification \u00e0 froid<\/strong> : Un proc\u00e9d\u00e9 respectueux qui conserve les propri\u00e9t\u00e9s des ingr\u00e9dients, produit naturellement de la glyc\u00e9rine, et assure un savon doux, riche et nourrissant.<\/li><li><strong>Sans parfum ajout\u00e9<\/strong> : Son odeur discr\u00e8te provient uniquement des mati\u00e8res premi\u00e8res v\u00e9g\u00e9tales.<\/li><\/ul><\/div>\n\t\t\t\t\t<\/div><div class=\"eael-accordion-list\">\n\t\t\t\t\t<div id=\"engagements-de-la-marque\" class=\"elementor-tab-title eael-accordion-header\" tabindex=\"0\" data-tab=\"3\" aria-controls=\"elementor-tab-content-8163\"><span class=\"eael-advanced-accordion-icon-closed\"><svg aria-hidden=\"true\" class=\"fa-accordion-icon e-font-icon-svg e-fas-plus\" viewBox=\"0 0 448 512\" xmlns=\"http:\/\/www.w3.org\/2000\/svg\"><path d=\"M416 208H272V64c0-17.67-14.33-32-32-32h-32c-17.67 0-32 14.33-32 32v144H32c-17.67 0-32 14.33-32 32v32c0 17.67 14.33 32 32 32h144v144c0 17.67 14.33 32 32 32h32c17.67 0 32-14.33 32-32V304h144c17.67 0 32-14.33 32-32v-32c0-17.67-14.33-32-32-32z\"><\/path><\/svg><\/span><span class=\"eael-advanced-accordion-icon-opened\"><svg aria-hidden=\"true\" class=\"fa-accordion-icon e-font-icon-svg e-fas-minus\" viewBox=\"0 0 448 512\" xmlns=\"http:\/\/www.w3.org\/2000\/svg\"><path d=\"M416 208H32c-17.67 0-32 14.33-32 32v32c0 17.67 14.33 32 32 32h384c17.67 0 32-14.33 32-32v-32c0-17.67-14.33-32-32-32z\"><\/path><\/svg><\/span><span class=\"eael-accordion-tab-title\">Engagements de la marque<\/span><svg aria-hidden=\"true\" class=\"fa-toggle e-font-icon-svg e-fas-angle-right\" viewBox=\"0 0 256 512\" xmlns=\"http:\/\/www.w3.org\/2000\/svg\"><path d=\"M224.3 273l-136 136c-9.4 9.4-24.6 9.4-33.9 0l-22.6-22.6c-9.4-9.4-9.4-24.6 0-33.9l96.4-96.4-96.4-96.4c-9.4-9.4-9.4-24.6 0-33.9L54.3 103c9.4-9.4 24.6-9.4 33.9 0l136 136c9.5 9.4 9.5 24.6.1 34z\"><\/path><\/svg><\/div><div id=\"elementor-tab-content-8163\" class=\"eael-accordion-content clearfix\" data-tab=\"3\" aria-labelledby=\"engagements-de-la-marque\"><ul><li><strong>Ingr\u00e9dients bio:<\/strong> Nos plantes cultiv\u00e9es \u00e0 la main, localement et toutes nos mati\u00e8res premi\u00e8res sont issus de l\u2019agriculture biologique.\u00a0<\/li><li><strong style=\"font-size: 16px\">Fabrication artisanale<\/strong><span style=\"font-size: 16px\"> : Petites s\u00e9ries, fabrication \u00e0 la main dans notre atelier.<\/span><\/li><li><strong style=\"font-size: 16px\">Formule minimaliste<\/strong><span style=\"font-size: 16px\"> : Sans parfum, sans colorants, sans huiles essentielles.<\/span><\/li><li><strong style=\"font-size: 16px\">\u00c9coresponsabilit\u00e9<\/strong><span style=\"font-size: 16px\"> : Savon solide, z\u00e9ro d\u00e9chet, \u00e9tiquette imprim\u00e9e localement.<\/span><\/li><\/ul><\/div>\n\t\t\t\t\t<\/div><\/div>\t\t\t\t<\/div>\n\t\t\t\t<\/div>\n\t\t\t\t<\/div>\n\t\t<div class=\"elementor-element elementor-element-477cfd7 e-con-full e-flex wpr-particle-no wpr-jarallax-no wpr-parallax-no wpr-sticky-section-no wpr-equal-height-no e-con e-child\" data-id=\"477cfd7\" data-element_type=\"container\" data-e-type=\"container\">\n\t\t\t\t<div class=\"elementor-element elementor-element-7d447ae elementor-widget__width-initial elementor-widget elementor-widget-image\" data-id=\"7d447ae\" data-element_type=\"widget\" data-e-type=\"widget\" data-widget_type=\"image.default\">\n\t\t\t\t<div class=\"elementor-widget-container\">\n\t\t\t\t\t\t\t\t\t\t\t\t\t\t\t<img fetchpriority=\"high\" decoding=\"async\" width=\"800\" height=\"800\" src=\"https:\/\/suenhcosmetics.fr\/wp-content\/uploads\/2025\/03\/IMG_3165-2-e1744030603863.jpg\" class=\"attachment-large size-large wp-image-362\" alt=\"\" srcset=\"https:\/\/suenhcosmetics.fr\/wp-content\/uploads\/2025\/03\/IMG_3165-2-e1744030603863.jpg 800w, https:\/\/suenhcosmetics.fr\/wp-content\/uploads\/2025\/03\/IMG_3165-2-e1744030603863-300x300.jpg 300w, https:\/\/suenhcosmetics.fr\/wp-content\/uploads\/2025\/03\/IMG_3165-2-e1744030603863-150x150.jpg 150w, https:\/\/suenhcosmetics.fr\/wp-content\/uploads\/2025\/03\/IMG_3165-2-e1744030603863-768x768.jpg 768w, https:\/\/suenhcosmetics.fr\/wp-content\/uploads\/2025\/03\/IMG_3165-2-e1744030603863-600x600.jpg 600w, https:\/\/suenhcosmetics.fr\/wp-content\/uploads\/2025\/03\/IMG_3165-2-e1744030603863-100x100.jpg 100w\" sizes=\"(max-width: 800px) 100vw, 800px\" \/>\t\t\t\t\t\t\t\t\t\t\t\t\t\t\t<\/div>\n\t\t\t\t<\/div>\n\t\t\t\t<\/div>\n\t\t\t\t\t<\/div>\n\t\t\t\t<\/div>\n\t\t\t\t<\/div>\n\t\t","protected":false},"excerpt":{"rendered":"<div class=\"suenh-product-box\">\n<div class=\"suenh-tags\"><span class=\"suenh-tag\">Peaux sensibles &amp; d\u00e9licates<\/span><br \/>\n<span class=\"suenh-tag\">100% d\u2019origine v\u00e9g\u00e9tale<\/span><br \/>\n<span class=\"suenh-tag\">Fabriqu\u00e9 en Occitanie<\/span><\/div>\n<p class=\"suenh-ml\">100 g | 1 \u00e0 2 mois d\u2019utilisation<\/p>\n<h3 class=\"suenh-title\">APAISE \u2013 ADOUCIT \u2013 EMBELLIT<\/h3>\n<p>Infus\u00e9 au <strong>calendula<\/strong> et \u00e0 <strong>l\u2019avoine<\/strong>, ce savon artisanal nettoie en douceur et calme les peaux sensibles, r\u00e9actives ou sujettes aux rougeurs.<\/p>\n<ul class=\"suenh-list\">\n<li><strong>Apaise<\/strong> gr\u00e2ce au calendula anti-inflammatoire<\/li>\n<li><strong>Adoucit<\/strong> et prot\u00e8ge avec l\u2019avoine<\/li>\n<li><strong>Sans parfum ajout\u00e9<\/strong>, odeur naturelle<\/li>\n<li><strong>Saponification \u00e0 froid<\/strong>, surgras nourrissant<\/li>\n<\/ul>\n<p>P\u00e9tales visibles, mousse douce, id\u00e9al en version suspendue.<\/p>\n<p class=\"suenh-footnote\"><strong>Fleurs de calendula cultiv\u00e9es \u00e0 la main et transform\u00e9es avec soin dans notre atelier en Occitanie.<\/strong><\/p>\n<\/div>\n","protected":false},"featured_media":3748,"comment_status":"open","ping_status":"closed","template":"","meta":{"site-sidebar-layout":"no-sidebar","site-content-layout":"","ast-site-content-layout":"normal-width-container","site-content-style":"unboxed","site-sidebar-style":"unboxed","ast-global-header-display":"","ast-banner-title-visibility":"","ast-main-header-display":"","ast-hfb-above-header-display":"","ast-hfb-below-header-display":"","ast-hfb-mobile-header-display":"","site-post-title":"","ast-breadcrumbs-content":"","ast-featured-img":"","footer-sml-layout":"","ast-disable-related-posts":"","theme-transparent-header-meta":"default","adv-header-id-meta":"","stick-header-meta":"","header-above-stick-meta":"","header-main-stick-meta":"","header-below-stick-meta":"","astra-migrate-meta-layouts":"set","ast-page-background-enabled":"default","ast-page-background-meta":{"desktop":{"background-color":"var(--ast-global-color-5)","background-image":"","background-repeat":"repeat","background-position":"center center","background-size":"auto","background-attachment":"scroll","background-type":"","background-media":"","overlay-type":"","overlay-color":"","overlay-opacity":"","overlay-gradient":""},"tablet":{"background-color":"","background-image":"","background-repeat":"repeat","background-position":"center center","background-size":"auto","background-attachment":"scroll","background-type":"","background-media":"","overlay-type":"","overlay-color":"","overlay-opacity":"","overlay-gradient":""},"mobile":{"background-color":"","background-image":"","background-repeat":"repeat","background-position":"center center","background-size":"auto","background-attachment":"scroll","background-type":"","background-media":"","overlay-type":"","overlay-color":"","overlay-opacity":"","overlay-gradient":""}},"ast-content-background-meta":{"desktop":{"background-color":"var(--ast-global-color-4)","background-image":"","background-repeat":"repeat","background-position":"center center","background-size":"auto","background-attachment":"scroll","background-type":"","background-media":"","overlay-type":"","overlay-color":"","overlay-opacity":"","overlay-gradient":""},"tablet":{"background-color":"var(--ast-global-color-4)","background-image":"","background-repeat":"repeat","background-position":"center center","background-size":"auto","background-attachment":"scroll","background-type":"","background-media":"","overlay-type":"","overlay-color":"","overlay-opacity":"","overlay-gradient":""},"mobile":{"background-color":"var(--ast-global-color-4)","background-image":"","background-repeat":"repeat","background-position":"center center","background-size":"auto","background-attachment":"scroll","background-type":"","background-media":"","overlay-type":"","overlay-color":"","overlay-opacity":"","overlay-gradient":""}}},"product_brand":[],"product_cat":[52,21],"product_tag":[],"class_list":{"0":"post-950","1":"product","2":"type-product","3":"status-publish","4":"has-post-thumbnail","6":"product_cat-nettoyants-corps-cheveux","7":"product_cat-soins-corps","8":"desktop-align-left","9":"tablet-align-left","10":"mobile-align-left","12":"first","13":"instock","14":"purchasable","15":"product-type-variable"},"yoast_head":"<!-- This site is optimized with the Yoast SEO plugin v27.5 - https:\/\/yoast.com\/product\/yoast-seo-wordpress\/ -->\n<title>Savon Calendula | Peaux sensibles | Suenh Cosmetics<\/title>\n<meta name=\"description\" content=\"Savon doux au calendula, id\u00e9al pour les peaux sensibles. Saponification \u00e0 froid, sans parfum, 100% v\u00e9g\u00e9tal et fait main en Occitanie.\" \/>\n<meta name=\"robots\" content=\"index, follow, max-snippet:-1, max-image-preview:large, max-video-preview:-1\" \/>\n<link rel=\"canonical\" href=\"https:\/\/suenhcosmetics.fr\/index.php\/produit\/savon-infuse-a-la-fleur-de-calendula-et-avoine-avec-lien-100-gr\/\" \/>\n<meta property=\"og:locale\" content=\"fr_FR\" \/>\n<meta property=\"og:type\" content=\"article\" \/>\n<meta property=\"og:title\" content=\"Savon Calendula | Peaux sensibles | Suenh Cosmetics\" \/>\n<meta property=\"og:description\" content=\"Savon doux au calendula, id\u00e9al pour les peaux sensibles. Saponification \u00e0 froid, sans parfum, 100% v\u00e9g\u00e9tal et fait main en Occitanie.\" \/>\n<meta property=\"og:url\" content=\"https:\/\/suenhcosmetics.fr\/index.php\/produit\/savon-infuse-a-la-fleur-de-calendula-et-avoine-avec-lien-100-gr\/\" \/>\n<meta property=\"article:modified_time\" content=\"2025-06-03T20:54:40+00:00\" \/>\n<meta property=\"og:image\" content=\"https:\/\/suenhcosmetics.fr\/wp-content\/uploads\/2025\/04\/7-3.png\" \/>\n\t<meta property=\"og:image:width\" content=\"800\" \/>\n\t<meta property=\"og:image:height\" content=\"800\" \/>\n\t<meta property=\"og:image:type\" content=\"image\/png\" \/>\n<meta name=\"twitter:card\" content=\"summary_large_image\" \/>\n<meta name=\"twitter:label1\" content=\"Dur\u00e9e de lecture estim\u00e9e\" \/>\n\t<meta name=\"twitter:data1\" content=\"3 minutes\" \/>\n<script type=\"application\/ld+json\" class=\"yoast-schema-graph\">{\"@context\":\"https:\\\/\\\/schema.org\",\"@graph\":[{\"@type\":\"WebPage\",\"@id\":\"https:\\\/\\\/suenhcosmetics.fr\\\/index.php\\\/produit\\\/savon-infuse-a-la-fleur-de-calendula-et-avoine-avec-lien-100-gr\\\/\",\"url\":\"https:\\\/\\\/suenhcosmetics.fr\\\/index.php\\\/produit\\\/savon-infuse-a-la-fleur-de-calendula-et-avoine-avec-lien-100-gr\\\/\",\"name\":\"Savon Calendula | Peaux sensibles | Suenh Cosmetics\",\"isPartOf\":{\"@id\":\"https:\\\/\\\/suenhcosmetics.fr\\\/#website\"},\"primaryImageOfPage\":{\"@id\":\"https:\\\/\\\/suenhcosmetics.fr\\\/index.php\\\/produit\\\/savon-infuse-a-la-fleur-de-calendula-et-avoine-avec-lien-100-gr\\\/#primaryimage\"},\"image\":{\"@id\":\"https:\\\/\\\/suenhcosmetics.fr\\\/index.php\\\/produit\\\/savon-infuse-a-la-fleur-de-calendula-et-avoine-avec-lien-100-gr\\\/#primaryimage\"},\"thumbnailUrl\":\"https:\\\/\\\/suenhcosmetics.fr\\\/wp-content\\\/uploads\\\/2025\\\/04\\\/7-3.png\",\"datePublished\":\"2022-09-05T09:13:00+00:00\",\"dateModified\":\"2025-06-03T20:54:40+00:00\",\"description\":\"Savon doux au calendula, id\u00e9al pour les peaux sensibles. Saponification \u00e0 froid, sans parfum, 100% v\u00e9g\u00e9tal et fait main en Occitanie.\",\"breadcrumb\":{\"@id\":\"https:\\\/\\\/suenhcosmetics.fr\\\/index.php\\\/produit\\\/savon-infuse-a-la-fleur-de-calendula-et-avoine-avec-lien-100-gr\\\/#breadcrumb\"},\"inLanguage\":\"fr-FR\",\"potentialAction\":[{\"@type\":\"ReadAction\",\"target\":[\"https:\\\/\\\/suenhcosmetics.fr\\\/index.php\\\/produit\\\/savon-infuse-a-la-fleur-de-calendula-et-avoine-avec-lien-100-gr\\\/\"]}]},{\"@type\":\"ImageObject\",\"inLanguage\":\"fr-FR\",\"@id\":\"https:\\\/\\\/suenhcosmetics.fr\\\/index.php\\\/produit\\\/savon-infuse-a-la-fleur-de-calendula-et-avoine-avec-lien-100-gr\\\/#primaryimage\",\"url\":\"https:\\\/\\\/suenhcosmetics.fr\\\/wp-content\\\/uploads\\\/2025\\\/04\\\/7-3.png\",\"contentUrl\":\"https:\\\/\\\/suenhcosmetics.fr\\\/wp-content\\\/uploads\\\/2025\\\/04\\\/7-3.png\",\"width\":800,\"height\":800},{\"@type\":\"BreadcrumbList\",\"@id\":\"https:\\\/\\\/suenhcosmetics.fr\\\/index.php\\\/produit\\\/savon-infuse-a-la-fleur-de-calendula-et-avoine-avec-lien-100-gr\\\/#breadcrumb\",\"itemListElement\":[{\"@type\":\"ListItem\",\"position\":1,\"name\":\"Accueil\",\"item\":\"https:\\\/\\\/suenhcosmetics.fr\\\/\"},{\"@type\":\"ListItem\",\"position\":2,\"name\":\"Produits\",\"item\":\"https:\\\/\\\/suenhcosmetics.fr\\\/index.php\\\/shop\\\/\"},{\"@type\":\"ListItem\",\"position\":3,\"name\":\"Savon infus\u00e9 | Calendula &#038; Avoine\"}]},{\"@type\":\"WebSite\",\"@id\":\"https:\\\/\\\/suenhcosmetics.fr\\\/#website\",\"url\":\"https:\\\/\\\/suenhcosmetics.fr\\\/\",\"name\":\"\",\"description\":\"\",\"publisher\":{\"@id\":\"https:\\\/\\\/suenhcosmetics.fr\\\/#organization\"},\"potentialAction\":[{\"@type\":\"SearchAction\",\"target\":{\"@type\":\"EntryPoint\",\"urlTemplate\":\"https:\\\/\\\/suenhcosmetics.fr\\\/?s={search_term_string}\"},\"query-input\":{\"@type\":\"PropertyValueSpecification\",\"valueRequired\":true,\"valueName\":\"search_term_string\"}}],\"inLanguage\":\"fr-FR\"},{\"@type\":\"Organization\",\"@id\":\"https:\\\/\\\/suenhcosmetics.fr\\\/#organization\",\"name\":\"SUENH Cosmetics\",\"url\":\"https:\\\/\\\/suenhcosmetics.fr\\\/\",\"logo\":{\"@type\":\"ImageObject\",\"inLanguage\":\"fr-FR\",\"@id\":\"https:\\\/\\\/suenhcosmetics.fr\\\/#\\\/schema\\\/logo\\\/image\\\/\",\"url\":\"https:\\\/\\\/suenhcosmetics.fr\\\/wp-content\\\/uploads\\\/2025\\\/06\\\/cropped-Wispiration-4.png\",\"contentUrl\":\"https:\\\/\\\/suenhcosmetics.fr\\\/wp-content\\\/uploads\\\/2025\\\/06\\\/cropped-Wispiration-4.png\",\"width\":180,\"height\":60,\"caption\":\"SUENH Cosmetics\"},\"image\":{\"@id\":\"https:\\\/\\\/suenhcosmetics.fr\\\/#\\\/schema\\\/logo\\\/image\\\/\"}}]}<\/script>\n<!-- \/ Yoast SEO plugin. -->","yoast_head_json":{"title":"Savon Calendula | Peaux sensibles | Suenh Cosmetics","description":"Savon doux au calendula, id\u00e9al pour les peaux sensibles. Saponification \u00e0 froid, sans parfum, 100% v\u00e9g\u00e9tal et fait main en Occitanie.","robots":{"index":"index","follow":"follow","max-snippet":"max-snippet:-1","max-image-preview":"max-image-preview:large","max-video-preview":"max-video-preview:-1"},"canonical":"https:\/\/suenhcosmetics.fr\/index.php\/produit\/savon-infuse-a-la-fleur-de-calendula-et-avoine-avec-lien-100-gr\/","og_locale":"fr_FR","og_type":"article","og_title":"Savon Calendula | Peaux sensibles | Suenh Cosmetics","og_description":"Savon doux au calendula, id\u00e9al pour les peaux sensibles. Saponification \u00e0 froid, sans parfum, 100% v\u00e9g\u00e9tal et fait main en Occitanie.","og_url":"https:\/\/suenhcosmetics.fr\/index.php\/produit\/savon-infuse-a-la-fleur-de-calendula-et-avoine-avec-lien-100-gr\/","article_modified_time":"2025-06-03T20:54:40+00:00","og_image":[{"width":800,"height":800,"url":"https:\/\/suenhcosmetics.fr\/wp-content\/uploads\/2025\/04\/7-3.png","type":"image\/png"}],"twitter_card":"summary_large_image","twitter_misc":{"Dur\u00e9e de lecture estim\u00e9e":"3 minutes"},"schema":{"@context":"https:\/\/schema.org","@graph":[{"@type":"WebPage","@id":"https:\/\/suenhcosmetics.fr\/index.php\/produit\/savon-infuse-a-la-fleur-de-calendula-et-avoine-avec-lien-100-gr\/","url":"https:\/\/suenhcosmetics.fr\/index.php\/produit\/savon-infuse-a-la-fleur-de-calendula-et-avoine-avec-lien-100-gr\/","name":"Savon Calendula | Peaux sensibles | Suenh Cosmetics","isPartOf":{"@id":"https:\/\/suenhcosmetics.fr\/#website"},"primaryImageOfPage":{"@id":"https:\/\/suenhcosmetics.fr\/index.php\/produit\/savon-infuse-a-la-fleur-de-calendula-et-avoine-avec-lien-100-gr\/#primaryimage"},"image":{"@id":"https:\/\/suenhcosmetics.fr\/index.php\/produit\/savon-infuse-a-la-fleur-de-calendula-et-avoine-avec-lien-100-gr\/#primaryimage"},"thumbnailUrl":"https:\/\/suenhcosmetics.fr\/wp-content\/uploads\/2025\/04\/7-3.png","datePublished":"2022-09-05T09:13:00+00:00","dateModified":"2025-06-03T20:54:40+00:00","description":"Savon doux au calendula, id\u00e9al pour les peaux sensibles. Saponification \u00e0 froid, sans parfum, 100% v\u00e9g\u00e9tal et fait main en Occitanie.","breadcrumb":{"@id":"https:\/\/suenhcosmetics.fr\/index.php\/produit\/savon-infuse-a-la-fleur-de-calendula-et-avoine-avec-lien-100-gr\/#breadcrumb"},"inLanguage":"fr-FR","potentialAction":[{"@type":"ReadAction","target":["https:\/\/suenhcosmetics.fr\/index.php\/produit\/savon-infuse-a-la-fleur-de-calendula-et-avoine-avec-lien-100-gr\/"]}]},{"@type":"ImageObject","inLanguage":"fr-FR","@id":"https:\/\/suenhcosmetics.fr\/index.php\/produit\/savon-infuse-a-la-fleur-de-calendula-et-avoine-avec-lien-100-gr\/#primaryimage","url":"https:\/\/suenhcosmetics.fr\/wp-content\/uploads\/2025\/04\/7-3.png","contentUrl":"https:\/\/suenhcosmetics.fr\/wp-content\/uploads\/2025\/04\/7-3.png","width":800,"height":800},{"@type":"BreadcrumbList","@id":"https:\/\/suenhcosmetics.fr\/index.php\/produit\/savon-infuse-a-la-fleur-de-calendula-et-avoine-avec-lien-100-gr\/#breadcrumb","itemListElement":[{"@type":"ListItem","position":1,"name":"Accueil","item":"https:\/\/suenhcosmetics.fr\/"},{"@type":"ListItem","position":2,"name":"Produits","item":"https:\/\/suenhcosmetics.fr\/index.php\/shop\/"},{"@type":"ListItem","position":3,"name":"Savon infus\u00e9 | Calendula &#038; Avoine"}]},{"@type":"WebSite","@id":"https:\/\/suenhcosmetics.fr\/#website","url":"https:\/\/suenhcosmetics.fr\/","name":"","description":"","publisher":{"@id":"https:\/\/suenhcosmetics.fr\/#organization"},"potentialAction":[{"@type":"SearchAction","target":{"@type":"EntryPoint","urlTemplate":"https:\/\/suenhcosmetics.fr\/?s={search_term_string}"},"query-input":{"@type":"PropertyValueSpecification","valueRequired":true,"valueName":"search_term_string"}}],"inLanguage":"fr-FR"},{"@type":"Organization","@id":"https:\/\/suenhcosmetics.fr\/#organization","name":"SUENH Cosmetics","url":"https:\/\/suenhcosmetics.fr\/","logo":{"@type":"ImageObject","inLanguage":"fr-FR","@id":"https:\/\/suenhcosmetics.fr\/#\/schema\/logo\/image\/","url":"https:\/\/suenhcosmetics.fr\/wp-content\/uploads\/2025\/06\/cropped-Wispiration-4.png","contentUrl":"https:\/\/suenhcosmetics.fr\/wp-content\/uploads\/2025\/06\/cropped-Wispiration-4.png","width":180,"height":60,"caption":"SUENH Cosmetics"},"image":{"@id":"https:\/\/suenhcosmetics.fr\/#\/schema\/logo\/image\/"}}]}},"_links":{"self":[{"href":"https:\/\/suenhcosmetics.fr\/index.php\/wp-json\/wp\/v2\/product\/950","targetHints":{"allow":["GET"]}}],"collection":[{"href":"https:\/\/suenhcosmetics.fr\/index.php\/wp-json\/wp\/v2\/product"}],"about":[{"href":"https:\/\/suenhcosmetics.fr\/index.php\/wp-json\/wp\/v2\/types\/product"}],"replies":[{"embeddable":true,"href":"https:\/\/suenhcosmetics.fr\/index.php\/wp-json\/wp\/v2\/comments?post=950"}],"version-history":[{"count":10,"href":"https:\/\/suenhcosmetics.fr\/index.php\/wp-json\/wp\/v2\/product\/950\/revisions"}],"predecessor-version":[{"id":4929,"href":"https:\/\/suenhcosmetics.fr\/index.php\/wp-json\/wp\/v2\/product\/950\/revisions\/4929"}],"wp:featuredmedia":[{"embeddable":true,"href":"https:\/\/suenhcosmetics.fr\/index.php\/wp-json\/wp\/v2\/media\/3748"}],"wp:attachment":[{"href":"https:\/\/suenhcosmetics.fr\/index.php\/wp-json\/wp\/v2\/media?parent=950"}],"wp:term":[{"taxonomy":"product_brand","embeddable":true,"href":"https:\/\/suenhcosmetics.fr\/index.php\/wp-json\/wp\/v2\/product_brand?post=950"},{"taxonomy":"product_cat","embeddable":true,"href":"https:\/\/suenhcosmetics.fr\/index.php\/wp-json\/wp\/v2\/product_cat?post=950"},{"taxonomy":"product_tag","embeddable":true,"href":"https:\/\/suenhcosmetics.fr\/index.php\/wp-json\/wp\/v2\/product_tag?post=950"}],"curies":[{"name":"wp","href":"https:\/\/api.w.org\/{rel}","templated":true}]}}