{"id":970,"date":"2022-09-05T11:37:23","date_gmt":"2022-09-05T09:37:23","guid":{"rendered":"https:\/\/www.test.suenhcosmetics.fr\/?post_type=product&#038;p=970"},"modified":"2025-06-03T22:47:26","modified_gmt":"2025-06-03T20:47:26","slug":"savon-infuse-a-la-fleur-de-sureau-avec-lien-100-gr","status":"publish","type":"product","link":"https:\/\/suenhcosmetics.fr\/index.php\/produit\/savon-infuse-a-la-fleur-de-sureau-avec-lien-100-gr\/","title":{"rendered":"Savon infus\u00e9 | Fleur de Sureau"},"content":{"rendered":"\t\t<div data-elementor-type=\"wp-post\" data-elementor-id=\"970\" class=\"elementor elementor-970\">\n\t\t\t\t<div class=\"elementor-element elementor-element-fbb8265 e-flex e-con-boxed wpr-particle-no wpr-jarallax-no wpr-parallax-no wpr-sticky-section-no wpr-equal-height-no e-con e-parent\" data-id=\"fbb8265\" data-element_type=\"container\" data-e-type=\"container\">\n\t\t\t\t\t<div class=\"e-con-inner\">\n\t\t<div class=\"elementor-element elementor-element-1c2c0e4 e-con-full e-flex wpr-particle-no wpr-jarallax-no wpr-parallax-no wpr-sticky-section-no wpr-equal-height-no e-con e-child\" data-id=\"1c2c0e4\" data-element_type=\"container\" data-e-type=\"container\">\n\t\t\t\t<div class=\"elementor-element elementor-element-5c234ae elementor-widget__width-initial elementor-widget-mobile__width-initial elementor-widget elementor-widget-eael-adv-accordion\" data-id=\"5c234ae\" data-element_type=\"widget\" data-e-type=\"widget\" data-widget_type=\"eael-adv-accordion.default\">\n\t\t\t\t<div class=\"elementor-widget-container\">\n\t\t\t\t\t            <div class=\"eael-adv-accordion\" id=\"eael-adv-accordion-5c234ae\" data-scroll-on-click=\"no\" data-scroll-speed=\"300\" data-accordion-id=\"5c234ae\" data-accordion-type=\"accordion\" data-toogle-speed=\"300\">\n            <div class=\"eael-accordion-list\">\n\t\t\t\t\t<div id=\"un-soin-artisanal-et-vivant\" class=\"elementor-tab-title eael-accordion-header\" tabindex=\"0\" data-tab=\"1\" aria-controls=\"elementor-tab-content-9661\"><span class=\"eael-advanced-accordion-icon-closed\"><svg aria-hidden=\"true\" class=\"fa-accordion-icon e-font-icon-svg e-fas-plus\" viewBox=\"0 0 448 512\" xmlns=\"http:\/\/www.w3.org\/2000\/svg\"><path d=\"M416 208H272V64c0-17.67-14.33-32-32-32h-32c-17.67 0-32 14.33-32 32v144H32c-17.67 0-32 14.33-32 32v32c0 17.67 14.33 32 32 32h144v144c0 17.67 14.33 32 32 32h32c17.67 0 32-14.33 32-32V304h144c17.67 0 32-14.33 32-32v-32c0-17.67-14.33-32-32-32z\"><\/path><\/svg><\/span><span class=\"eael-advanced-accordion-icon-opened\"><svg aria-hidden=\"true\" class=\"fa-accordion-icon e-font-icon-svg e-fas-minus\" viewBox=\"0 0 448 512\" xmlns=\"http:\/\/www.w3.org\/2000\/svg\"><path d=\"M416 208H32c-17.67 0-32 14.33-32 32v32c0 17.67 14.33 32 32 32h384c17.67 0 32-14.33 32-32v-32c0-17.67-14.33-32-32-32z\"><\/path><\/svg><\/span><span class=\"eael-accordion-tab-title\">Un soin artisanal et vivant<\/span><svg aria-hidden=\"true\" class=\"fa-toggle e-font-icon-svg e-fas-angle-right\" viewBox=\"0 0 256 512\" xmlns=\"http:\/\/www.w3.org\/2000\/svg\"><path d=\"M224.3 273l-136 136c-9.4 9.4-24.6 9.4-33.9 0l-22.6-22.6c-9.4-9.4-9.4-24.6 0-33.9l96.4-96.4-96.4-96.4c-9.4-9.4-9.4-24.6 0-33.9L54.3 103c9.4-9.4 24.6-9.4 33.9 0l136 136c9.5 9.4 9.5 24.6.1 34z\"><\/path><\/svg><\/div><div id=\"elementor-tab-content-9661\" class=\"eael-accordion-content clearfix\" data-tab=\"1\" aria-labelledby=\"un-soin-artisanal-et-vivant\"><p>Chaque savon est fabriqu\u00e9 \u00e0 la main dans notre atelier en Occitanie, avec un mac\u00e9r\u00e2t de fleurs fra\u00eeches de sureau dans des huiles v\u00e9g\u00e9tales biologiques.<\/p><p>Le Sureau noir, <em>Sambucus nigra<\/em>, est une plante sauvage dont les fleurs et les baies sont riches en vitamines (C, B2, B9) et en antioxydants naturels. En cosm\u00e9tique, on l\u2019appr\u00e9cie pour ses propri\u00e9t\u00e9s hydratantes, apaisantes et tonifiantes.<\/p><p>Confectionn\u00e9 \u00e0 la main, formes irr\u00e9guli\u00e8res, imperfections, trous sont parties int\u00e9grantes de chaque savon.<br \/><strong>Chaque pi\u00e8ce est unique<\/strong>, chaque \u00ab\u00a0d\u00e9faut\u00a0\u00bb en est le charmant t\u00e9moin.<br \/>Existe en 2 versions:<br \/><strong><span style=\"text-decoration: underline\">Version sur corde:<\/span><\/strong> Pratique! passer le lien autour du poignet et il ne glissera plus de vos mains sous la douche.<br \/>Suspendez le ensuite pour qu&rsquo;il s\u00e8che!<br \/><span style=\"text-decoration: underline\"><strong>Version \u00e0 poser:<\/strong><\/span> toujours sur un porte savon trou\u00e9 et \u00e0 l&rsquo;\u00e9cart des \u00e9claboussures.<\/p><p><strong>Conseils d\u2019utilisation<\/strong><br \/>\u2022 Appliquez sur peau humide.<br \/>\u2022 Faites mousser, massez l\u2019ensemble du corps puis rincez \u00e0 l\u2019eau claire.<br \/>\u2022 \u00c9vitez le contact avec les yeux. En cas de projection, rincez abondamment \u00e0 l\u2019eau.<br \/>\ud83e\udee7 <strong>Astuce<\/strong> : pour prolonger sa dur\u00e9e de vie, suspendez-le entre deux utilisations ou utilisez un porte-savon bien drain\u00e9.<\/p><\/div>\n\t\t\t\t\t<\/div><div class=\"eael-accordion-list\">\n\t\t\t\t\t<div id=\"pourquoi-ce-savon-est-unique-\" class=\"elementor-tab-title eael-accordion-header\" tabindex=\"0\" data-tab=\"2\" aria-controls=\"elementor-tab-content-9662\"><span class=\"eael-advanced-accordion-icon-closed\"><svg aria-hidden=\"true\" class=\"fa-accordion-icon e-font-icon-svg e-fas-plus\" viewBox=\"0 0 448 512\" xmlns=\"http:\/\/www.w3.org\/2000\/svg\"><path d=\"M416 208H272V64c0-17.67-14.33-32-32-32h-32c-17.67 0-32 14.33-32 32v144H32c-17.67 0-32 14.33-32 32v32c0 17.67 14.33 32 32 32h144v144c0 17.67 14.33 32 32 32h32c17.67 0 32-14.33 32-32V304h144c17.67 0 32-14.33 32-32v-32c0-17.67-14.33-32-32-32z\"><\/path><\/svg><\/span><span class=\"eael-advanced-accordion-icon-opened\"><svg aria-hidden=\"true\" class=\"fa-accordion-icon e-font-icon-svg e-fas-minus\" viewBox=\"0 0 448 512\" xmlns=\"http:\/\/www.w3.org\/2000\/svg\"><path d=\"M416 208H32c-17.67 0-32 14.33-32 32v32c0 17.67 14.33 32 32 32h384c17.67 0 32-14.33 32-32v-32c0-17.67-14.33-32-32-32z\"><\/path><\/svg><\/span><span class=\"eael-accordion-tab-title\">Pourquoi ce savon est unique ?<\/span><svg aria-hidden=\"true\" class=\"fa-toggle e-font-icon-svg e-fas-angle-right\" viewBox=\"0 0 256 512\" xmlns=\"http:\/\/www.w3.org\/2000\/svg\"><path d=\"M224.3 273l-136 136c-9.4 9.4-24.6 9.4-33.9 0l-22.6-22.6c-9.4-9.4-9.4-24.6 0-33.9l96.4-96.4-96.4-96.4c-9.4-9.4-9.4-24.6 0-33.9L54.3 103c9.4-9.4 24.6-9.4 33.9 0l136 136c9.5 9.4 9.5 24.6.1 34z\"><\/path><\/svg><\/div><div id=\"elementor-tab-content-9662\" class=\"eael-accordion-content clearfix\" data-tab=\"2\" aria-labelledby=\"pourquoi-ce-savon-est-unique-\"><p>Chez <strong>SU\u00c8NH<\/strong>, nous croyons qu\u2019un bon soin commence par des plantes enti\u00e8res et vivantes.<\/p><ul><li><strong>Mac\u00e9r\u00e2t de fleurs de sureau maison<\/strong> : cueillies \u00e0 la main, sans aucun intrant, nos fleurs sont lentement infus\u00e9es dans des huiles v\u00e9g\u00e9tales bio pour en extraire tous leurs bienfaits.<br \/>\u2022 <strong>Hydrolat maison en remplacement de l\u2019eau<\/strong> : nous utilisons notre propre hydrolat de sureau comme base aqueuse pour enrichir chaque savon des principes actifs subtils et b\u00e9n\u00e9fiques de la plante.<br \/>\u2022 <strong>Une plante utilis\u00e9e dans sa globalit\u00e9<\/strong> : mac\u00e9r\u00e2t pour la phase huileuse, hydrolat pour la phase aqueuse \u2013 chaque savon concentre la quintessence du sureau.<br \/>\u2022 <strong>Saponification \u00e0 froid<\/strong> : un proc\u00e9d\u00e9 respectueux qui conserve les propri\u00e9t\u00e9s des ingr\u00e9dients, produit naturellement de la glyc\u00e9rine, et offre un savon doux, nourrissant et vivant.<br \/>\u2022 <strong>Parfum naturel sans allerg\u00e8ne<\/strong> : Son odeur v\u00e9g\u00e9tale subtile est garantie sans allerg\u00e8ne.<\/li><\/ul><\/div>\n\t\t\t\t\t<\/div><div class=\"eael-accordion-list\">\n\t\t\t\t\t<div id=\"engagements-de-la-marque\" class=\"elementor-tab-title eael-accordion-header\" tabindex=\"0\" data-tab=\"3\" aria-controls=\"elementor-tab-content-9663\"><span class=\"eael-advanced-accordion-icon-closed\"><svg aria-hidden=\"true\" class=\"fa-accordion-icon e-font-icon-svg e-fas-plus\" viewBox=\"0 0 448 512\" xmlns=\"http:\/\/www.w3.org\/2000\/svg\"><path d=\"M416 208H272V64c0-17.67-14.33-32-32-32h-32c-17.67 0-32 14.33-32 32v144H32c-17.67 0-32 14.33-32 32v32c0 17.67 14.33 32 32 32h144v144c0 17.67 14.33 32 32 32h32c17.67 0 32-14.33 32-32V304h144c17.67 0 32-14.33 32-32v-32c0-17.67-14.33-32-32-32z\"><\/path><\/svg><\/span><span class=\"eael-advanced-accordion-icon-opened\"><svg aria-hidden=\"true\" class=\"fa-accordion-icon e-font-icon-svg e-fas-minus\" viewBox=\"0 0 448 512\" xmlns=\"http:\/\/www.w3.org\/2000\/svg\"><path d=\"M416 208H32c-17.67 0-32 14.33-32 32v32c0 17.67 14.33 32 32 32h384c17.67 0 32-14.33 32-32v-32c0-17.67-14.33-32-32-32z\"><\/path><\/svg><\/span><span class=\"eael-accordion-tab-title\">Engagements de la marque<\/span><svg aria-hidden=\"true\" class=\"fa-toggle e-font-icon-svg e-fas-angle-right\" viewBox=\"0 0 256 512\" xmlns=\"http:\/\/www.w3.org\/2000\/svg\"><path d=\"M224.3 273l-136 136c-9.4 9.4-24.6 9.4-33.9 0l-22.6-22.6c-9.4-9.4-9.4-24.6 0-33.9l96.4-96.4-96.4-96.4c-9.4-9.4-9.4-24.6 0-33.9L54.3 103c9.4-9.4 24.6-9.4 33.9 0l136 136c9.5 9.4 9.5 24.6.1 34z\"><\/path><\/svg><\/div><div id=\"elementor-tab-content-9663\" class=\"eael-accordion-content clearfix\" data-tab=\"3\" aria-labelledby=\"engagements-de-la-marque\"><p><strong>Ingr\u00e9dients fran\u00e7ais ou europ\u00e9ens bio et de confiance<\/strong> : Nos plantes sont cultiv\u00e9es \u00e0 la main, nos huiles vierges sont press\u00e9es \u00e0 froid, nos apiculteurs sont nos voisins.<br \/>\u2022 <strong>Formule minimaliste et 100 % naturelle<\/strong> : Sans conservateurs, sans huiles essentielles.<br \/>\u2022 <strong>Fabrication artisanale<\/strong> : Pr\u00e9par\u00e9 en petites s\u00e9ries dans notre atelier en Occitanie, avec patience et exigence.<br \/>\u2022 <strong>\u00c9coresponsabilit\u00e9<\/strong> : Etiquettes et boites imprim\u00e9es localement, z\u00e9ro superflu, z\u00e9ro greenwashing.<\/p><\/div>\n\t\t\t\t\t<\/div><\/div>\t\t\t\t<\/div>\n\t\t\t\t<\/div>\n\t\t\t\t<\/div>\n\t\t<div class=\"elementor-element elementor-element-3b69cbe e-con-full e-flex wpr-particle-no wpr-jarallax-no wpr-parallax-no wpr-sticky-section-no wpr-equal-height-no e-con e-child\" data-id=\"3b69cbe\" data-element_type=\"container\" data-e-type=\"container\">\n\t\t\t\t<div class=\"elementor-element elementor-element-53e00f6 elementor-widget__width-initial elementor-widget elementor-widget-image\" data-id=\"53e00f6\" data-element_type=\"widget\" data-e-type=\"widget\" data-widget_type=\"image.default\">\n\t\t\t\t<div class=\"elementor-widget-container\">\n\t\t\t\t\t\t\t\t\t\t\t\t\t\t\t<img fetchpriority=\"high\" decoding=\"async\" width=\"1024\" height=\"1024\" src=\"https:\/\/suenhcosmetics.fr\/wp-content\/uploads\/2023\/07\/IMG_7294-carre-1024x1024.jpg\" class=\"attachment-large size-large wp-image-2118\" alt=\"\" srcset=\"https:\/\/suenhcosmetics.fr\/wp-content\/uploads\/2023\/07\/IMG_7294-carre-1024x1024.jpg 1024w, https:\/\/suenhcosmetics.fr\/wp-content\/uploads\/2023\/07\/IMG_7294-carre-300x300.jpg 300w, https:\/\/suenhcosmetics.fr\/wp-content\/uploads\/2023\/07\/IMG_7294-carre-150x150.jpg 150w, https:\/\/suenhcosmetics.fr\/wp-content\/uploads\/2023\/07\/IMG_7294-carre-768x768.jpg 768w, https:\/\/suenhcosmetics.fr\/wp-content\/uploads\/2023\/07\/IMG_7294-carre-600x600.jpg 600w, https:\/\/suenhcosmetics.fr\/wp-content\/uploads\/2023\/07\/IMG_7294-carre-100x100.jpg 100w, https:\/\/suenhcosmetics.fr\/wp-content\/uploads\/2023\/07\/IMG_7294-carre.jpg 800w\" sizes=\"(max-width: 1024px) 100vw, 1024px\" \/>\t\t\t\t\t\t\t\t\t\t\t\t\t\t\t<\/div>\n\t\t\t\t<\/div>\n\t\t\t\t<\/div>\n\t\t\t\t\t<\/div>\n\t\t\t\t<\/div>\n\t\t\t\t<\/div>\n\t\t","protected":false},"excerpt":{"rendered":"<div class=\"suenh-product-box\">\n<div class=\"suenh-tags\"><span class=\"suenh-tag\">Peaux normales \u00e0 s\u00e8ches<\/span><br \/>\n<span class=\"suenh-tag\">100% d\u2019origine v\u00e9g\u00e9tale<\/span><br \/>\n<span class=\"suenh-tag\">Fabriqu\u00e9 en Occitanie<\/span><\/div>\n<p class=\"suenh-ml\">100 g | 1 \u00e0 2 mois d\u2019utilisation<\/p>\n<h1 class=\"suenh-title\">HYDRATE \u2013 ADOUCIT \u2013 REVITALISE<\/h1>\n<p>Un savon artisanal \u00e0 la <strong>fleur de Sureau<\/strong>, fabriqu\u00e9 \u00e0 la main avec des huiles bio et infusions maison. Nettoie en douceur tout en hydratant et illuminant la peau.<\/p>\n<ul class=\"suenh-list\">\n<li><strong>Hydrate<\/strong> et adoucit avec le sureau<\/li>\n<li><strong>Revitalise<\/strong> les peaux ternes<\/li>\n<li><strong>Nettoie sans agresser<\/strong> la peau<\/li>\n<li><strong>Parfum v\u00e9g\u00e9tal<\/strong> sans allerg\u00e8ne<\/li>\n<\/ul>\n<p>Disponible en version suspendue pour prolonger sa dur\u00e9e de vie.<\/p>\n<p class=\"suenh-footnote\"><strong>Fabriqu\u00e9 en saponification \u00e0 froid dans notre atelier en Occitanie, \u00e0 partir de fleurs fra\u00eeches de sureau infus\u00e9es maison.<\/strong><\/p>\n<\/div>\n","protected":false},"featured_media":3746,"comment_status":"open","ping_status":"closed","template":"","meta":{"site-sidebar-layout":"default","site-content-layout":"","ast-site-content-layout":"default","site-content-style":"default","site-sidebar-style":"default","ast-global-header-display":"","ast-banner-title-visibility":"","ast-main-header-display":"","ast-hfb-above-header-display":"","ast-hfb-below-header-display":"","ast-hfb-mobile-header-display":"","site-post-title":"","ast-breadcrumbs-content":"","ast-featured-img":"","footer-sml-layout":"","ast-disable-related-posts":"","theme-transparent-header-meta":"default","adv-header-id-meta":"","stick-header-meta":"","header-above-stick-meta":"","header-main-stick-meta":"","header-below-stick-meta":"","astra-migrate-meta-layouts":"set","ast-page-background-enabled":"default","ast-page-background-meta":{"desktop":{"background-color":"var(--ast-global-color-5)","background-image":"","background-repeat":"repeat","background-position":"center center","background-size":"auto","background-attachment":"scroll","background-type":"","background-media":"","overlay-type":"","overlay-color":"","overlay-opacity":"","overlay-gradient":""},"tablet":{"background-color":"","background-image":"","background-repeat":"repeat","background-position":"center center","background-size":"auto","background-attachment":"scroll","background-type":"","background-media":"","overlay-type":"","overlay-color":"","overlay-opacity":"","overlay-gradient":""},"mobile":{"background-color":"","background-image":"","background-repeat":"repeat","background-position":"center center","background-size":"auto","background-attachment":"scroll","background-type":"","background-media":"","overlay-type":"","overlay-color":"","overlay-opacity":"","overlay-gradient":""}},"ast-content-background-meta":{"desktop":{"background-color":"var(--ast-global-color-4)","background-image":"","background-repeat":"repeat","background-position":"center center","background-size":"auto","background-attachment":"scroll","background-type":"","background-media":"","overlay-type":"","overlay-color":"","overlay-opacity":"","overlay-gradient":""},"tablet":{"background-color":"var(--ast-global-color-4)","background-image":"","background-repeat":"repeat","background-position":"center center","background-size":"auto","background-attachment":"scroll","background-type":"","background-media":"","overlay-type":"","overlay-color":"","overlay-opacity":"","overlay-gradient":""},"mobile":{"background-color":"var(--ast-global-color-4)","background-image":"","background-repeat":"repeat","background-position":"center center","background-size":"auto","background-attachment":"scroll","background-type":"","background-media":"","overlay-type":"","overlay-color":"","overlay-opacity":"","overlay-gradient":""}}},"product_brand":[],"product_cat":[52,21],"product_tag":[],"class_list":{"0":"post-970","1":"product","2":"type-product","3":"status-publish","4":"has-post-thumbnail","6":"product_cat-nettoyants-corps-cheveux","7":"product_cat-soins-corps","8":"desktop-align-left","9":"tablet-align-left","10":"mobile-align-left","12":"first","13":"instock","14":"purchasable","15":"product-type-variable"},"yoast_head":"<!-- This site is optimized with the Yoast SEO plugin v27.5 - https:\/\/yoast.com\/product\/yoast-seo-wordpress\/ -->\n<title>Savon Solide Sureau \u2013 Hydratant et revitalisant | Suenh Cosmetics<\/title>\n<meta name=\"description\" content=\"Savon solide naturel artisanal \u00e0 la fleur de sureau. Hydrate, adoucit et redonne de l\u2019\u00e9clat \u00e0 la peau. Saponification \u00e0 froid.\" \/>\n<meta name=\"robots\" content=\"index, follow, max-snippet:-1, max-image-preview:large, max-video-preview:-1\" \/>\n<link rel=\"canonical\" href=\"https:\/\/suenhcosmetics.fr\/index.php\/produit\/savon-infuse-a-la-fleur-de-sureau-avec-lien-100-gr\/\" \/>\n<meta property=\"og:locale\" content=\"fr_FR\" \/>\n<meta property=\"og:type\" content=\"article\" \/>\n<meta property=\"og:title\" content=\"Savon Solide Sureau \u2013 Hydratant et revitalisant | Suenh Cosmetics\" \/>\n<meta property=\"og:description\" content=\"Savon solide naturel artisanal \u00e0 la fleur de sureau. Hydrate, adoucit et redonne de l\u2019\u00e9clat \u00e0 la peau. Saponification \u00e0 froid.\" \/>\n<meta property=\"og:url\" content=\"https:\/\/suenhcosmetics.fr\/index.php\/produit\/savon-infuse-a-la-fleur-de-sureau-avec-lien-100-gr\/\" \/>\n<meta property=\"article:modified_time\" content=\"2025-06-03T20:47:26+00:00\" \/>\n<meta property=\"og:image\" content=\"https:\/\/suenhcosmetics.fr\/wp-content\/uploads\/2025\/04\/5-3.png\" \/>\n\t<meta property=\"og:image:width\" content=\"800\" \/>\n\t<meta property=\"og:image:height\" content=\"800\" \/>\n\t<meta property=\"og:image:type\" content=\"image\/png\" \/>\n<meta name=\"twitter:card\" content=\"summary_large_image\" \/>\n<meta name=\"twitter:label1\" content=\"Dur\u00e9e de lecture estim\u00e9e\" \/>\n\t<meta name=\"twitter:data1\" content=\"3 minutes\" \/>\n<script type=\"application\/ld+json\" class=\"yoast-schema-graph\">{\"@context\":\"https:\\\/\\\/schema.org\",\"@graph\":[{\"@type\":\"WebPage\",\"@id\":\"https:\\\/\\\/suenhcosmetics.fr\\\/index.php\\\/produit\\\/savon-infuse-a-la-fleur-de-sureau-avec-lien-100-gr\\\/\",\"url\":\"https:\\\/\\\/suenhcosmetics.fr\\\/index.php\\\/produit\\\/savon-infuse-a-la-fleur-de-sureau-avec-lien-100-gr\\\/\",\"name\":\"Savon Solide Sureau \u2013 Hydratant et revitalisant | Suenh Cosmetics\",\"isPartOf\":{\"@id\":\"https:\\\/\\\/suenhcosmetics.fr\\\/#website\"},\"primaryImageOfPage\":{\"@id\":\"https:\\\/\\\/suenhcosmetics.fr\\\/index.php\\\/produit\\\/savon-infuse-a-la-fleur-de-sureau-avec-lien-100-gr\\\/#primaryimage\"},\"image\":{\"@id\":\"https:\\\/\\\/suenhcosmetics.fr\\\/index.php\\\/produit\\\/savon-infuse-a-la-fleur-de-sureau-avec-lien-100-gr\\\/#primaryimage\"},\"thumbnailUrl\":\"https:\\\/\\\/suenhcosmetics.fr\\\/wp-content\\\/uploads\\\/2025\\\/04\\\/5-3.png\",\"datePublished\":\"2022-09-05T09:37:23+00:00\",\"dateModified\":\"2025-06-03T20:47:26+00:00\",\"description\":\"Savon solide naturel artisanal \u00e0 la fleur de sureau. Hydrate, adoucit et redonne de l\u2019\u00e9clat \u00e0 la peau. Saponification \u00e0 froid.\",\"breadcrumb\":{\"@id\":\"https:\\\/\\\/suenhcosmetics.fr\\\/index.php\\\/produit\\\/savon-infuse-a-la-fleur-de-sureau-avec-lien-100-gr\\\/#breadcrumb\"},\"inLanguage\":\"fr-FR\",\"potentialAction\":[{\"@type\":\"ReadAction\",\"target\":[\"https:\\\/\\\/suenhcosmetics.fr\\\/index.php\\\/produit\\\/savon-infuse-a-la-fleur-de-sureau-avec-lien-100-gr\\\/\"]}]},{\"@type\":\"ImageObject\",\"inLanguage\":\"fr-FR\",\"@id\":\"https:\\\/\\\/suenhcosmetics.fr\\\/index.php\\\/produit\\\/savon-infuse-a-la-fleur-de-sureau-avec-lien-100-gr\\\/#primaryimage\",\"url\":\"https:\\\/\\\/suenhcosmetics.fr\\\/wp-content\\\/uploads\\\/2025\\\/04\\\/5-3.png\",\"contentUrl\":\"https:\\\/\\\/suenhcosmetics.fr\\\/wp-content\\\/uploads\\\/2025\\\/04\\\/5-3.png\",\"width\":800,\"height\":800},{\"@type\":\"BreadcrumbList\",\"@id\":\"https:\\\/\\\/suenhcosmetics.fr\\\/index.php\\\/produit\\\/savon-infuse-a-la-fleur-de-sureau-avec-lien-100-gr\\\/#breadcrumb\",\"itemListElement\":[{\"@type\":\"ListItem\",\"position\":1,\"name\":\"Accueil\",\"item\":\"https:\\\/\\\/suenhcosmetics.fr\\\/\"},{\"@type\":\"ListItem\",\"position\":2,\"name\":\"Produits\",\"item\":\"https:\\\/\\\/suenhcosmetics.fr\\\/index.php\\\/shop\\\/\"},{\"@type\":\"ListItem\",\"position\":3,\"name\":\"Savon infus\u00e9 | Fleur de Sureau\"}]},{\"@type\":\"WebSite\",\"@id\":\"https:\\\/\\\/suenhcosmetics.fr\\\/#website\",\"url\":\"https:\\\/\\\/suenhcosmetics.fr\\\/\",\"name\":\"\",\"description\":\"\",\"publisher\":{\"@id\":\"https:\\\/\\\/suenhcosmetics.fr\\\/#organization\"},\"potentialAction\":[{\"@type\":\"SearchAction\",\"target\":{\"@type\":\"EntryPoint\",\"urlTemplate\":\"https:\\\/\\\/suenhcosmetics.fr\\\/?s={search_term_string}\"},\"query-input\":{\"@type\":\"PropertyValueSpecification\",\"valueRequired\":true,\"valueName\":\"search_term_string\"}}],\"inLanguage\":\"fr-FR\"},{\"@type\":\"Organization\",\"@id\":\"https:\\\/\\\/suenhcosmetics.fr\\\/#organization\",\"name\":\"SUENH Cosmetics\",\"url\":\"https:\\\/\\\/suenhcosmetics.fr\\\/\",\"logo\":{\"@type\":\"ImageObject\",\"inLanguage\":\"fr-FR\",\"@id\":\"https:\\\/\\\/suenhcosmetics.fr\\\/#\\\/schema\\\/logo\\\/image\\\/\",\"url\":\"https:\\\/\\\/suenhcosmetics.fr\\\/wp-content\\\/uploads\\\/2025\\\/06\\\/cropped-Wispiration-4.png\",\"contentUrl\":\"https:\\\/\\\/suenhcosmetics.fr\\\/wp-content\\\/uploads\\\/2025\\\/06\\\/cropped-Wispiration-4.png\",\"width\":180,\"height\":60,\"caption\":\"SUENH Cosmetics\"},\"image\":{\"@id\":\"https:\\\/\\\/suenhcosmetics.fr\\\/#\\\/schema\\\/logo\\\/image\\\/\"}}]}<\/script>\n<!-- \/ Yoast SEO plugin. -->","yoast_head_json":{"title":"Savon Solide Sureau \u2013 Hydratant et revitalisant | Suenh Cosmetics","description":"Savon solide naturel artisanal \u00e0 la fleur de sureau. Hydrate, adoucit et redonne de l\u2019\u00e9clat \u00e0 la peau. Saponification \u00e0 froid.","robots":{"index":"index","follow":"follow","max-snippet":"max-snippet:-1","max-image-preview":"max-image-preview:large","max-video-preview":"max-video-preview:-1"},"canonical":"https:\/\/suenhcosmetics.fr\/index.php\/produit\/savon-infuse-a-la-fleur-de-sureau-avec-lien-100-gr\/","og_locale":"fr_FR","og_type":"article","og_title":"Savon Solide Sureau \u2013 Hydratant et revitalisant | Suenh Cosmetics","og_description":"Savon solide naturel artisanal \u00e0 la fleur de sureau. Hydrate, adoucit et redonne de l\u2019\u00e9clat \u00e0 la peau. Saponification \u00e0 froid.","og_url":"https:\/\/suenhcosmetics.fr\/index.php\/produit\/savon-infuse-a-la-fleur-de-sureau-avec-lien-100-gr\/","article_modified_time":"2025-06-03T20:47:26+00:00","og_image":[{"width":800,"height":800,"url":"https:\/\/suenhcosmetics.fr\/wp-content\/uploads\/2025\/04\/5-3.png","type":"image\/png"}],"twitter_card":"summary_large_image","twitter_misc":{"Dur\u00e9e de lecture estim\u00e9e":"3 minutes"},"schema":{"@context":"https:\/\/schema.org","@graph":[{"@type":"WebPage","@id":"https:\/\/suenhcosmetics.fr\/index.php\/produit\/savon-infuse-a-la-fleur-de-sureau-avec-lien-100-gr\/","url":"https:\/\/suenhcosmetics.fr\/index.php\/produit\/savon-infuse-a-la-fleur-de-sureau-avec-lien-100-gr\/","name":"Savon Solide Sureau \u2013 Hydratant et revitalisant | Suenh Cosmetics","isPartOf":{"@id":"https:\/\/suenhcosmetics.fr\/#website"},"primaryImageOfPage":{"@id":"https:\/\/suenhcosmetics.fr\/index.php\/produit\/savon-infuse-a-la-fleur-de-sureau-avec-lien-100-gr\/#primaryimage"},"image":{"@id":"https:\/\/suenhcosmetics.fr\/index.php\/produit\/savon-infuse-a-la-fleur-de-sureau-avec-lien-100-gr\/#primaryimage"},"thumbnailUrl":"https:\/\/suenhcosmetics.fr\/wp-content\/uploads\/2025\/04\/5-3.png","datePublished":"2022-09-05T09:37:23+00:00","dateModified":"2025-06-03T20:47:26+00:00","description":"Savon solide naturel artisanal \u00e0 la fleur de sureau. Hydrate, adoucit et redonne de l\u2019\u00e9clat \u00e0 la peau. Saponification \u00e0 froid.","breadcrumb":{"@id":"https:\/\/suenhcosmetics.fr\/index.php\/produit\/savon-infuse-a-la-fleur-de-sureau-avec-lien-100-gr\/#breadcrumb"},"inLanguage":"fr-FR","potentialAction":[{"@type":"ReadAction","target":["https:\/\/suenhcosmetics.fr\/index.php\/produit\/savon-infuse-a-la-fleur-de-sureau-avec-lien-100-gr\/"]}]},{"@type":"ImageObject","inLanguage":"fr-FR","@id":"https:\/\/suenhcosmetics.fr\/index.php\/produit\/savon-infuse-a-la-fleur-de-sureau-avec-lien-100-gr\/#primaryimage","url":"https:\/\/suenhcosmetics.fr\/wp-content\/uploads\/2025\/04\/5-3.png","contentUrl":"https:\/\/suenhcosmetics.fr\/wp-content\/uploads\/2025\/04\/5-3.png","width":800,"height":800},{"@type":"BreadcrumbList","@id":"https:\/\/suenhcosmetics.fr\/index.php\/produit\/savon-infuse-a-la-fleur-de-sureau-avec-lien-100-gr\/#breadcrumb","itemListElement":[{"@type":"ListItem","position":1,"name":"Accueil","item":"https:\/\/suenhcosmetics.fr\/"},{"@type":"ListItem","position":2,"name":"Produits","item":"https:\/\/suenhcosmetics.fr\/index.php\/shop\/"},{"@type":"ListItem","position":3,"name":"Savon infus\u00e9 | Fleur de Sureau"}]},{"@type":"WebSite","@id":"https:\/\/suenhcosmetics.fr\/#website","url":"https:\/\/suenhcosmetics.fr\/","name":"","description":"","publisher":{"@id":"https:\/\/suenhcosmetics.fr\/#organization"},"potentialAction":[{"@type":"SearchAction","target":{"@type":"EntryPoint","urlTemplate":"https:\/\/suenhcosmetics.fr\/?s={search_term_string}"},"query-input":{"@type":"PropertyValueSpecification","valueRequired":true,"valueName":"search_term_string"}}],"inLanguage":"fr-FR"},{"@type":"Organization","@id":"https:\/\/suenhcosmetics.fr\/#organization","name":"SUENH Cosmetics","url":"https:\/\/suenhcosmetics.fr\/","logo":{"@type":"ImageObject","inLanguage":"fr-FR","@id":"https:\/\/suenhcosmetics.fr\/#\/schema\/logo\/image\/","url":"https:\/\/suenhcosmetics.fr\/wp-content\/uploads\/2025\/06\/cropped-Wispiration-4.png","contentUrl":"https:\/\/suenhcosmetics.fr\/wp-content\/uploads\/2025\/06\/cropped-Wispiration-4.png","width":180,"height":60,"caption":"SUENH Cosmetics"},"image":{"@id":"https:\/\/suenhcosmetics.fr\/#\/schema\/logo\/image\/"}}]}},"_links":{"self":[{"href":"https:\/\/suenhcosmetics.fr\/index.php\/wp-json\/wp\/v2\/product\/970","targetHints":{"allow":["GET"]}}],"collection":[{"href":"https:\/\/suenhcosmetics.fr\/index.php\/wp-json\/wp\/v2\/product"}],"about":[{"href":"https:\/\/suenhcosmetics.fr\/index.php\/wp-json\/wp\/v2\/types\/product"}],"replies":[{"embeddable":true,"href":"https:\/\/suenhcosmetics.fr\/index.php\/wp-json\/wp\/v2\/comments?post=970"}],"version-history":[{"count":5,"href":"https:\/\/suenhcosmetics.fr\/index.php\/wp-json\/wp\/v2\/product\/970\/revisions"}],"predecessor-version":[{"id":4922,"href":"https:\/\/suenhcosmetics.fr\/index.php\/wp-json\/wp\/v2\/product\/970\/revisions\/4922"}],"wp:featuredmedia":[{"embeddable":true,"href":"https:\/\/suenhcosmetics.fr\/index.php\/wp-json\/wp\/v2\/media\/3746"}],"wp:attachment":[{"href":"https:\/\/suenhcosmetics.fr\/index.php\/wp-json\/wp\/v2\/media?parent=970"}],"wp:term":[{"taxonomy":"product_brand","embeddable":true,"href":"https:\/\/suenhcosmetics.fr\/index.php\/wp-json\/wp\/v2\/product_brand?post=970"},{"taxonomy":"product_cat","embeddable":true,"href":"https:\/\/suenhcosmetics.fr\/index.php\/wp-json\/wp\/v2\/product_cat?post=970"},{"taxonomy":"product_tag","embeddable":true,"href":"https:\/\/suenhcosmetics.fr\/index.php\/wp-json\/wp\/v2\/product_tag?post=970"}],"curies":[{"name":"wp","href":"https:\/\/api.w.org\/{rel}","templated":true}]}}